{"id":2911,"date":"2017-07-23T15:19:35","date_gmt":"2017-07-23T13:19:35","guid":{"rendered":"http:\/\/www.ludovi.ca\/fondationmdm\/?page_id=2911\/"},"modified":"2026-04-13T17:09:59","modified_gmt":"2026-04-13T15:09:59","slug":"list-of-awarded-prix","status":"publish","type":"page","link":"https:\/\/www.fondationmdm.com\/en\/list-of-awarded-prix\/","title":{"rendered":"List of awarded prix"},"content":{"rendered":"<p><div class=\"fusion-fullwidth fullwidth-box fusion-builder-row-1 nonhundred-percent-fullwidth non-hundred-percent-height-scrolling fusion-equal-height-columns\" style=\"--awb-background-position:left top;--awb-border-sizes-top:0px;--awb-border-sizes-bottom:0px;--awb-border-sizes-left:0px;--awb-border-sizes-right:0px;--awb-border-radius-top-left:0px;--awb-border-radius-top-right:0px;--awb-border-radius-bottom-right:0px;--awb-border-radius-bottom-left:0px;--awb-padding-top:0px;--awb-padding-right:0px;--awb-padding-bottom:0px;--awb-padding-left:0px;--awb-margin-top:50px;\" ><div class=\"fusion-builder-row fusion-row\"><div class=\"fusion-layout-column fusion_builder_column fusion-builder-column-0 fusion_builder_column_1_6 1_6 fusion-one-sixth fusion-column-first\" style=\"--awb-padding-right:0px;--awb-padding-left:0px;--awb-bg-image:url(&#039;https:\/\/www.fondationmdm.com\/wp-content\/uploads\/segnaposto-progetti5-1.gif&#039;);--awb-bg-position:center center;--awb-bg-size:cover;\" data-motion-effects=\"[{&quot;type&quot;:&quot;&quot;,&quot;scroll_type&quot;:&quot;transition&quot;,&quot;scroll_direction&quot;:&quot;up&quot;,&quot;transition_speed&quot;:&quot;1&quot;,&quot;fade_type&quot;:&quot;in&quot;,&quot;scale_type&quot;:&quot;up&quot;,&quot;initial_scale&quot;:&quot;1&quot;,&quot;max_scale&quot;:&quot;1.5&quot;,&quot;min_scale&quot;:&quot;0.5&quot;,&quot;initial_rotate&quot;:&quot;0&quot;,&quot;end_rotate&quot;:&quot;30&quot;,&quot;initial_blur&quot;:&quot;0&quot;,&quot;end_blur&quot;:&quot;3&quot;,&quot;start_element&quot;:&quot;top&quot;,&quot;start_viewport&quot;:&quot;bottom&quot;,&quot;end_element&quot;:&quot;bottom&quot;,&quot;end_viewport&quot;:&quot;top&quot;,&quot;mouse_effect&quot;:&quot;track&quot;,&quot;mouse_effect_direction&quot;:&quot;opposite&quot;,&quot;mouse_effect_speed&quot;:&quot;2&quot;,&quot;infinite_animation&quot;:&quot;float&quot;,&quot;infinite_animation_speed&quot;:&quot;2&quot;}]\" data-scroll-devices=\"small-visibility,medium-visibility,large-visibility\"><div class=\"fusion-column-wrapper fusion-column-has-shadow fusion-flex-column-wrapper-legacy\" data-bg-url=\"https:\/\/www.fondationmdm.com\/wp-content\/uploads\/segnaposto-progetti5-1.gif\"><div class=\"fusion-align-block\"><a class=\"fusion-button button-flat button-medium button-custom fusion-button-default button-1 fusion-button-span-yes bottom-align\" style=\"--button_accent_color:#ffffff;--button_accent_hover_color:#ffffff;--button_border_hover_color:#ffffff;--button_border_width-top:0px;--button_border_width-right:0px;--button_border_width-bottom:0px;--button_border_width-left:0px;--button-border-radius-top-left:0px;--button-border-radius-top-right:0px;--button-border-radius-bottom-right:0px;--button-border-radius-bottom-left:0px;--button_gradient_top_color:rgba(0,19,67,0.7);--button_gradient_bottom_color:rgba(0,19,67,0.7);--button_gradient_top_color_hover:#2d69b6;--button_gradient_bottom_color_hover:#2d69b6;\" target=\"_self\"><span class=\"fusion-button-text\">Marion Sergent<\/span><\/a><\/div><div class=\"fusion-clearfix\"><\/div><\/div><\/div><div class=\"fusion-layout-column fusion_builder_column fusion-builder-column-1 fusion_builder_column_5_6 5_6 fusion-five-sixth fusion-column-last\" style=\"--awb-padding-top:0px;--awb-padding-right:0px;--awb-padding-bottom:0px;--awb-padding-left:0px;--awb-bg-blend:overlay;--awb-bg-repeat:repeat;\" data-motion-effects=\"[{&quot;type&quot;:&quot;&quot;,&quot;scroll_type&quot;:&quot;transition&quot;,&quot;scroll_direction&quot;:&quot;up&quot;,&quot;transition_speed&quot;:&quot;1&quot;,&quot;fade_type&quot;:&quot;in&quot;,&quot;scale_type&quot;:&quot;up&quot;,&quot;initial_scale&quot;:&quot;1&quot;,&quot;max_scale&quot;:&quot;1.5&quot;,&quot;min_scale&quot;:&quot;0.5&quot;,&quot;initial_rotate&quot;:&quot;0&quot;,&quot;end_rotate&quot;:&quot;30&quot;,&quot;initial_blur&quot;:&quot;0&quot;,&quot;end_blur&quot;:&quot;3&quot;,&quot;start_element&quot;:&quot;top&quot;,&quot;start_viewport&quot;:&quot;bottom&quot;,&quot;end_element&quot;:&quot;bottom&quot;,&quot;end_viewport&quot;:&quot;top&quot;,&quot;mouse_effect&quot;:&quot;track&quot;,&quot;mouse_effect_direction&quot;:&quot;opposite&quot;,&quot;mouse_effect_speed&quot;:&quot;2&quot;,&quot;infinite_animation&quot;:&quot;float&quot;,&quot;infinite_animation_speed&quot;:&quot;2&quot;}]\" data-scroll-devices=\"small-visibility,medium-visibility,large-visibility\"><div class=\"fusion-column-wrapper fusion-column-has-shadow fusion-flex-column-wrapper-legacy\"><div class=\"fusion-text fusion-text-1\"><div class=\"tabella-borse\">\n<table>\n<thead>\n<tr>\n<th><strong class=\"grasso\">2026<\/strong><\/th>\n<th>\n<p style=\"text-align: center;\">Henry Valensi (1883-1960), un modernisme m\u00e9diterran\u00e9en<\/p>\n<\/th>\n<th style=\"text-align: left;\">Nationality:<b> France<\/b><strong class=\"grasso\"><br \/>\n<\/strong>Category: History of modern art<\/th>\n<\/tr>\n<\/thead>\n<tbody>\n<tr>\n<td colspan=\"3\" align=\"left\">Research in progress<\/td>\n<\/tr>\n<\/tbody>\n<\/table>\n<\/div>\n<\/div><div class=\"fusion-clearfix\"><\/div><\/div><\/div><\/div><\/div><div class=\"fusion-fullwidth fullwidth-box fusion-builder-row-2 nonhundred-percent-fullwidth non-hundred-percent-height-scrolling fusion-equal-height-columns\" style=\"--awb-background-position:left top;--awb-border-sizes-top:0px;--awb-border-sizes-bottom:0px;--awb-border-sizes-left:0px;--awb-border-sizes-right:0px;--awb-border-radius-top-left:0px;--awb-border-radius-top-right:0px;--awb-border-radius-bottom-right:0px;--awb-border-radius-bottom-left:0px;--awb-padding-top:0px;--awb-padding-right:0px;--awb-padding-bottom:0px;--awb-padding-left:0px;--awb-margin-top:50px;\" ><div class=\"fusion-builder-row fusion-row\"><div class=\"fusion-layout-column fusion_builder_column fusion-builder-column-2 fusion_builder_column_1_6 1_6 fusion-one-sixth fusion-column-first\" style=\"--awb-padding-right:0px;--awb-padding-left:0px;--awb-bg-image:url(&#039;https:\/\/www.fondationmdm.com\/wp-content\/uploads\/segnaposto-progetti5-1.gif&#039;);--awb-bg-position:center center;--awb-bg-size:cover;\" data-motion-effects=\"[{&quot;type&quot;:&quot;&quot;,&quot;scroll_type&quot;:&quot;transition&quot;,&quot;scroll_direction&quot;:&quot;up&quot;,&quot;transition_speed&quot;:&quot;1&quot;,&quot;fade_type&quot;:&quot;in&quot;,&quot;scale_type&quot;:&quot;up&quot;,&quot;initial_scale&quot;:&quot;1&quot;,&quot;max_scale&quot;:&quot;1.5&quot;,&quot;min_scale&quot;:&quot;0.5&quot;,&quot;initial_rotate&quot;:&quot;0&quot;,&quot;end_rotate&quot;:&quot;30&quot;,&quot;initial_blur&quot;:&quot;0&quot;,&quot;end_blur&quot;:&quot;3&quot;,&quot;start_element&quot;:&quot;top&quot;,&quot;start_viewport&quot;:&quot;bottom&quot;,&quot;end_element&quot;:&quot;bottom&quot;,&quot;end_viewport&quot;:&quot;top&quot;,&quot;mouse_effect&quot;:&quot;track&quot;,&quot;mouse_effect_direction&quot;:&quot;opposite&quot;,&quot;mouse_effect_speed&quot;:&quot;2&quot;,&quot;infinite_animation&quot;:&quot;float&quot;,&quot;infinite_animation_speed&quot;:&quot;2&quot;}]\" data-scroll-devices=\"small-visibility,medium-visibility,large-visibility\"><div class=\"fusion-column-wrapper fusion-column-has-shadow fusion-flex-column-wrapper-legacy\" data-bg-url=\"https:\/\/www.fondationmdm.com\/wp-content\/uploads\/segnaposto-progetti5-1.gif\"><div class=\"fusion-align-block\"><a class=\"fusion-button button-flat button-medium button-custom fusion-button-default button-2 fusion-button-span-yes bottom-align\" style=\"--button_accent_color:#ffffff;--button_accent_hover_color:#ffffff;--button_border_hover_color:#ffffff;--button_border_width-top:0px;--button_border_width-right:0px;--button_border_width-bottom:0px;--button_border_width-left:0px;--button-border-radius-top-left:0px;--button-border-radius-top-right:0px;--button-border-radius-bottom-right:0px;--button-border-radius-bottom-left:0px;--button_gradient_top_color:rgba(0,19,67,0.7);--button_gradient_bottom_color:rgba(0,19,67,0.7);--button_gradient_top_color_hover:#2d69b6;--button_gradient_bottom_color_hover:#2d69b6;\" target=\"_self\"><span class=\"fusion-button-text\">Fran\u00e7ois Pacha Miran<\/span><\/a><\/div><div class=\"fusion-clearfix\"><\/div><\/div><\/div><div class=\"fusion-layout-column fusion_builder_column fusion-builder-column-3 fusion_builder_column_5_6 5_6 fusion-five-sixth fusion-column-last\" style=\"--awb-padding-top:0px;--awb-padding-right:0px;--awb-padding-bottom:0px;--awb-padding-left:0px;--awb-bg-blend:overlay;--awb-bg-repeat:repeat;\" data-motion-effects=\"[{&quot;type&quot;:&quot;&quot;,&quot;scroll_type&quot;:&quot;transition&quot;,&quot;scroll_direction&quot;:&quot;up&quot;,&quot;transition_speed&quot;:&quot;1&quot;,&quot;fade_type&quot;:&quot;in&quot;,&quot;scale_type&quot;:&quot;up&quot;,&quot;initial_scale&quot;:&quot;1&quot;,&quot;max_scale&quot;:&quot;1.5&quot;,&quot;min_scale&quot;:&quot;0.5&quot;,&quot;initial_rotate&quot;:&quot;0&quot;,&quot;end_rotate&quot;:&quot;30&quot;,&quot;initial_blur&quot;:&quot;0&quot;,&quot;end_blur&quot;:&quot;3&quot;,&quot;start_element&quot;:&quot;top&quot;,&quot;start_viewport&quot;:&quot;bottom&quot;,&quot;end_element&quot;:&quot;bottom&quot;,&quot;end_viewport&quot;:&quot;top&quot;,&quot;mouse_effect&quot;:&quot;track&quot;,&quot;mouse_effect_direction&quot;:&quot;opposite&quot;,&quot;mouse_effect_speed&quot;:&quot;2&quot;,&quot;infinite_animation&quot;:&quot;float&quot;,&quot;infinite_animation_speed&quot;:&quot;2&quot;}]\" data-scroll-devices=\"small-visibility,medium-visibility,large-visibility\"><div class=\"fusion-column-wrapper fusion-column-has-shadow fusion-flex-column-wrapper-legacy\"><div class=\"fusion-text fusion-text-2\"><div class=\"tabella-borse\">\n<table>\n<thead>\n<tr>\n<th><strong class=\"grasso\">2025<\/strong><\/th>\n<th>L\u2019art du livre enlumin\u00e9 au Levant chr\u00e9tien : Chypre, Le Caire, J\u00e9rusalem (Xe \u2013 XIIIe si\u00e8cle)<\/th>\n<th style=\"text-align: left;\">Nationality:<b> France<\/b><strong class=\"grasso\"><br \/>\n<\/strong>Category: History of Eastern Medieval Art<\/th>\n<\/tr>\n<\/thead>\n<tbody>\n<tr>\n<td colspan=\"3\" align=\"left\">Research in progress<\/td>\n<\/tr>\n<\/tbody>\n<\/table>\n<\/div>\n<\/div><div class=\"fusion-clearfix\"><\/div><\/div><\/div><\/div><\/div><div class=\"fusion-fullwidth fullwidth-box fusion-builder-row-3 nonhundred-percent-fullwidth non-hundred-percent-height-scrolling fusion-equal-height-columns\" style=\"--awb-background-position:left top;--awb-border-sizes-top:0px;--awb-border-sizes-bottom:0px;--awb-border-sizes-left:0px;--awb-border-sizes-right:0px;--awb-border-radius-top-left:0px;--awb-border-radius-top-right:0px;--awb-border-radius-bottom-right:0px;--awb-border-radius-bottom-left:0px;--awb-padding-top:0px;--awb-padding-right:0px;--awb-padding-bottom:0px;--awb-padding-left:0px;--awb-margin-top:50px;\" ><div class=\"fusion-builder-row fusion-row\"><div class=\"fusion-layout-column fusion_builder_column fusion-builder-column-4 fusion_builder_column_1_6 1_6 fusion-one-sixth fusion-column-first fusion-column-inner-bg-wrapper\" style=\"--awb-padding-right:0px;--awb-padding-left:0px;--awb-inner-bg-image:url(&#039;https:\/\/www.fondationmdm.com\/wp-content\/uploads\/Serrani-crop.jpg&#039;);--awb-inner-bg-position:center top;--awb-inner-bg-size:cover;\" data-motion-effects=\"[{&quot;type&quot;:&quot;&quot;,&quot;scroll_type&quot;:&quot;transition&quot;,&quot;scroll_direction&quot;:&quot;up&quot;,&quot;transition_speed&quot;:&quot;1&quot;,&quot;fade_type&quot;:&quot;in&quot;,&quot;scale_type&quot;:&quot;up&quot;,&quot;initial_scale&quot;:&quot;1&quot;,&quot;max_scale&quot;:&quot;1.5&quot;,&quot;min_scale&quot;:&quot;0.5&quot;,&quot;initial_rotate&quot;:&quot;0&quot;,&quot;end_rotate&quot;:&quot;30&quot;,&quot;initial_blur&quot;:&quot;0&quot;,&quot;end_blur&quot;:&quot;3&quot;,&quot;start_element&quot;:&quot;top&quot;,&quot;start_viewport&quot;:&quot;bottom&quot;,&quot;end_element&quot;:&quot;bottom&quot;,&quot;end_viewport&quot;:&quot;top&quot;,&quot;mouse_effect&quot;:&quot;track&quot;,&quot;mouse_effect_direction&quot;:&quot;opposite&quot;,&quot;mouse_effect_speed&quot;:&quot;2&quot;,&quot;infinite_animation&quot;:&quot;float&quot;,&quot;infinite_animation_speed&quot;:&quot;2&quot;}]\" data-scroll-devices=\"small-visibility,medium-visibility,large-visibility\"><span class=\"fusion-column-inner-bg hover-type-none\"><a class=\"fusion-column-anchor\" href=\"https:\/\/www.fondationmdm.com\/en\/alessandro-serrani\/\"><span class=\"fusion-column-inner-bg-image\"><\/span><\/a><\/span><div class=\"fusion-column-wrapper fusion-column-has-shadow fusion-flex-column-wrapper-legacy\" data-bg-url=\"https:\/\/www.fondationmdm.com\/wp-content\/uploads\/Serrani-crop.jpg\"><div class=\"fusion-align-block\"><a class=\"fusion-button button-flat button-medium button-custom fusion-button-default button-3 fusion-button-span-yes bottom-align\" style=\"--button_accent_color:#ffffff;--button_accent_hover_color:#ffffff;--button_border_hover_color:#ffffff;--button_border_width-top:0px;--button_border_width-right:0px;--button_border_width-bottom:0px;--button_border_width-left:0px;--button-border-radius-top-left:0px;--button-border-radius-top-right:0px;--button-border-radius-bottom-right:0px;--button-border-radius-bottom-left:0px;--button_gradient_top_color:rgba(0,19,67,0.7);--button_gradient_bottom_color:rgba(0,19,67,0.7);--button_gradient_top_color_hover:#2d69b6;--button_gradient_bottom_color_hover:#2d69b6;\" target=\"_self\"><span class=\"fusion-button-text\">Alessandro Serrani<\/span><\/a><\/div><div class=\"fusion-clearfix\"><\/div><\/div><\/div><div class=\"fusion-layout-column fusion_builder_column fusion-builder-column-5 fusion_builder_column_5_6 5_6 fusion-five-sixth fusion-column-last fusion-column-inner-bg-wrapper\" style=\"--awb-padding-top:0px;--awb-padding-right:0px;--awb-padding-bottom:0px;--awb-padding-left:0px;--awb-inner-bg-blend:overlay;--awb-inner-bg-repeat:repeat;\" data-motion-effects=\"[{&quot;type&quot;:&quot;&quot;,&quot;scroll_type&quot;:&quot;transition&quot;,&quot;scroll_direction&quot;:&quot;up&quot;,&quot;transition_speed&quot;:&quot;1&quot;,&quot;fade_type&quot;:&quot;in&quot;,&quot;scale_type&quot;:&quot;up&quot;,&quot;initial_scale&quot;:&quot;1&quot;,&quot;max_scale&quot;:&quot;1.5&quot;,&quot;min_scale&quot;:&quot;0.5&quot;,&quot;initial_rotate&quot;:&quot;0&quot;,&quot;end_rotate&quot;:&quot;30&quot;,&quot;initial_blur&quot;:&quot;0&quot;,&quot;end_blur&quot;:&quot;3&quot;,&quot;start_element&quot;:&quot;top&quot;,&quot;start_viewport&quot;:&quot;bottom&quot;,&quot;end_element&quot;:&quot;bottom&quot;,&quot;end_viewport&quot;:&quot;top&quot;,&quot;mouse_effect&quot;:&quot;track&quot;,&quot;mouse_effect_direction&quot;:&quot;opposite&quot;,&quot;mouse_effect_speed&quot;:&quot;2&quot;,&quot;infinite_animation&quot;:&quot;float&quot;,&quot;infinite_animation_speed&quot;:&quot;2&quot;}]\" data-scroll-devices=\"small-visibility,medium-visibility,large-visibility\"><span class=\"fusion-column-inner-bg hover-type-none\"><a class=\"fusion-column-anchor\" href=\"https:\/\/www.fondationmdm.com\/en\/alessandro-serrani\/\"><span class=\"fusion-column-inner-bg-image\"><\/span><\/a><\/span><div class=\"fusion-column-wrapper fusion-column-has-shadow fusion-flex-column-wrapper-legacy\"><div class=\"fusion-text fusion-text-3\"><div class=\"tabella-borse\">\n<table>\n<thead>\n<tr>\n<th><strong class=\"grasso\">2024<\/strong><\/th>\n<th>Carlo Crivelli\u2019s polyptychs along the Marches coast: philology and graphic reconstructions<\/th>\n<th style=\"text-align: left;\">Nationality:<b> Italy<\/b><strong class=\"grasso\"><br \/>\n<\/strong>Category: Art history Italian renaissance<\/th>\n<\/tr>\n<\/thead>\n<tbody>\n<tr>\n<td colspan=\"3\" align=\"left\"><span style=\"background-color: transparent;\">Giunto nella Marca di Ancona, Carlo Crivelli (1430\/1435 &#8211; 1494\/1495) individu\u00f2 dapprima nella citt\u00e0 di Fermo e poi quella di Ascoli Piceno i poli per la diffusione della sua arte. [&#8230;]<\/span><\/td>\n<\/tr>\n<\/tbody>\n<\/table>\n<\/div>\n<\/div><div class=\"fusion-clearfix\"><\/div><\/div><\/div><\/div><\/div><div class=\"fusion-fullwidth fullwidth-box fusion-builder-row-4 nonhundred-percent-fullwidth non-hundred-percent-height-scrolling fusion-equal-height-columns\" style=\"--awb-background-position:left top;--awb-border-sizes-top:0px;--awb-border-sizes-bottom:0px;--awb-border-sizes-left:0px;--awb-border-sizes-right:0px;--awb-border-radius-top-left:0px;--awb-border-radius-top-right:0px;--awb-border-radius-bottom-right:0px;--awb-border-radius-bottom-left:0px;--awb-padding-top:0px;--awb-padding-right:0px;--awb-padding-bottom:0px;--awb-padding-left:0px;--awb-margin-top:50px;\" ><div class=\"fusion-builder-row fusion-row\"><div class=\"fusion-layout-column fusion_builder_column fusion-builder-column-6 fusion_builder_column_1_6 1_6 fusion-one-sixth fusion-column-first fusion-column-inner-bg-wrapper\" style=\"--awb-padding-right:0px;--awb-padding-left:0px;--awb-inner-bg-image:url(&#039;https:\/\/www.fondationmdm.com\/wp-content\/uploads\/Nadine-Atallah.png&#039;);--awb-inner-bg-position:center center;--awb-inner-bg-size:cover;\" data-motion-effects=\"[{&quot;type&quot;:&quot;&quot;,&quot;scroll_type&quot;:&quot;transition&quot;,&quot;scroll_direction&quot;:&quot;up&quot;,&quot;transition_speed&quot;:&quot;1&quot;,&quot;fade_type&quot;:&quot;in&quot;,&quot;scale_type&quot;:&quot;up&quot;,&quot;initial_scale&quot;:&quot;1&quot;,&quot;max_scale&quot;:&quot;1.5&quot;,&quot;min_scale&quot;:&quot;0.5&quot;,&quot;initial_rotate&quot;:&quot;0&quot;,&quot;end_rotate&quot;:&quot;30&quot;,&quot;initial_blur&quot;:&quot;0&quot;,&quot;end_blur&quot;:&quot;3&quot;,&quot;start_element&quot;:&quot;top&quot;,&quot;start_viewport&quot;:&quot;bottom&quot;,&quot;end_element&quot;:&quot;bottom&quot;,&quot;end_viewport&quot;:&quot;top&quot;,&quot;mouse_effect&quot;:&quot;track&quot;,&quot;mouse_effect_direction&quot;:&quot;opposite&quot;,&quot;mouse_effect_speed&quot;:&quot;2&quot;,&quot;infinite_animation&quot;:&quot;float&quot;,&quot;infinite_animation_speed&quot;:&quot;2&quot;}]\" data-scroll-devices=\"small-visibility,medium-visibility,large-visibility\"><span class=\"fusion-column-inner-bg hover-type-none\"><a class=\"fusion-column-anchor\" href=\"https:\/\/www.fondationmdm.com\/en\/nadine-atallah\/\"><span class=\"fusion-column-inner-bg-image\"><\/span><\/a><\/span><div class=\"fusion-column-wrapper fusion-column-has-shadow fusion-flex-column-wrapper-legacy\" data-bg-url=\"https:\/\/www.fondationmdm.com\/wp-content\/uploads\/Nadine-Atallah.png\"><div class=\"fusion-align-block\"><a class=\"fusion-button button-flat button-medium button-custom fusion-button-default button-4 fusion-button-span-yes bottom-align\" style=\"--button_accent_color:#ffffff;--button_accent_hover_color:#ffffff;--button_border_hover_color:#ffffff;--button_border_width-top:0px;--button_border_width-right:0px;--button_border_width-bottom:0px;--button_border_width-left:0px;--button-border-radius-top-left:0px;--button-border-radius-top-right:0px;--button-border-radius-bottom-right:0px;--button-border-radius-bottom-left:0px;--button_gradient_top_color:rgba(0,19,67,0.7);--button_gradient_bottom_color:rgba(0,19,67,0.7);--button_gradient_top_color_hover:#2d69b6;--button_gradient_bottom_color_hover:#2d69b6;\" target=\"_self\"><span class=\"fusion-button-text\">Nadine ATaLlah<\/span><\/a><\/div><div class=\"fusion-clearfix\"><\/div><\/div><\/div><div class=\"fusion-layout-column fusion_builder_column fusion-builder-column-7 fusion_builder_column_5_6 5_6 fusion-five-sixth fusion-column-last fusion-column-inner-bg-wrapper\" style=\"--awb-padding-top:0px;--awb-padding-right:0px;--awb-padding-bottom:0px;--awb-padding-left:0px;--awb-inner-bg-blend:overlay;--awb-inner-bg-repeat:repeat;\" data-motion-effects=\"[{&quot;type&quot;:&quot;&quot;,&quot;scroll_type&quot;:&quot;transition&quot;,&quot;scroll_direction&quot;:&quot;up&quot;,&quot;transition_speed&quot;:&quot;1&quot;,&quot;fade_type&quot;:&quot;in&quot;,&quot;scale_type&quot;:&quot;up&quot;,&quot;initial_scale&quot;:&quot;1&quot;,&quot;max_scale&quot;:&quot;1.5&quot;,&quot;min_scale&quot;:&quot;0.5&quot;,&quot;initial_rotate&quot;:&quot;0&quot;,&quot;end_rotate&quot;:&quot;30&quot;,&quot;initial_blur&quot;:&quot;0&quot;,&quot;end_blur&quot;:&quot;3&quot;,&quot;start_element&quot;:&quot;top&quot;,&quot;start_viewport&quot;:&quot;bottom&quot;,&quot;end_element&quot;:&quot;bottom&quot;,&quot;end_viewport&quot;:&quot;top&quot;,&quot;mouse_effect&quot;:&quot;track&quot;,&quot;mouse_effect_direction&quot;:&quot;opposite&quot;,&quot;mouse_effect_speed&quot;:&quot;2&quot;,&quot;infinite_animation&quot;:&quot;float&quot;,&quot;infinite_animation_speed&quot;:&quot;2&quot;}]\" data-scroll-devices=\"small-visibility,medium-visibility,large-visibility\"><span class=\"fusion-column-inner-bg hover-type-none\"><a class=\"fusion-column-anchor\" href=\"https:\/\/www.fondationmdm.com\/en\/nadine-atallah\/\"><span class=\"fusion-column-inner-bg-image\"><\/span><\/a><\/span><div class=\"fusion-column-wrapper fusion-column-has-shadow fusion-flex-column-wrapper-legacy\"><div class=\"fusion-text fusion-text-4\"><div class=\"tabella-borse\">\n<table>\n<thead>\n<tr>\n<th><strong class=\"grasso\">2023<\/strong><\/th>\n<th><b> Les all\u00e9geances contradictoires d\u2019Inji Efflatoun (1924-1989). Trajectoire d\u2019une artiste militante \u00e0 travers l\u2019\u00c9gypte du XXe si\u00e8cle<\/b><\/th>\n<th style=\"text-align: left;\">Nationality:<b> France Egypte<\/b><strong class=\"grasso\"><br \/>\n<\/strong>Category: <strong class=\"grasso\"> History of modern art<\/strong><\/th>\n<\/tr>\n<\/thead>\n<tbody>\n<tr>\n<td colspan=\"3\" align=\"left\">Il s\u2019agit d\u2019une \u00e9tude monographique sur Inji Efflatoun (1924-1989), artiste-peintre et militante f\u00e9ministe et communiste \u00e9gyptienne, r\u00e9alis\u00e9e \u00e0 travers une approche qui associe histoire de l&#8217;art et histoire culturelle et sociale. [&#8230;]<\/td>\n<\/tr>\n<\/tbody>\n<\/table>\n<\/div>\n<\/div><div class=\"fusion-clearfix\"><\/div><\/div><\/div><\/div><\/div><div class=\"fusion-fullwidth fullwidth-box fusion-builder-row-5 nonhundred-percent-fullwidth non-hundred-percent-height-scrolling fusion-equal-height-columns\" style=\"--awb-background-position:left top;--awb-border-sizes-top:0px;--awb-border-sizes-bottom:0px;--awb-border-sizes-left:0px;--awb-border-sizes-right:0px;--awb-border-radius-top-left:0px;--awb-border-radius-top-right:0px;--awb-border-radius-bottom-right:0px;--awb-border-radius-bottom-left:0px;--awb-padding-top:0px;--awb-padding-right:0px;--awb-padding-bottom:0px;--awb-padding-left:0px;--awb-margin-top:50px;\" ><div class=\"fusion-builder-row fusion-row\"><div class=\"fusion-layout-column fusion_builder_column fusion-builder-column-8 fusion_builder_column_1_6 1_6 fusion-one-sixth fusion-column-first fusion-column-inner-bg-wrapper\" style=\"--awb-padding-right:0px;--awb-padding-left:0px;--awb-inner-bg-image:url(&#039;https:\/\/www.fondationmdm.com\/wp-content\/uploads\/2022-prix-ibrahim-1-e1697703690956.jpg&#039;);--awb-inner-bg-position:center center;--awb-inner-bg-size:contain;\" data-motion-effects=\"[{&quot;type&quot;:&quot;&quot;,&quot;scroll_type&quot;:&quot;transition&quot;,&quot;scroll_direction&quot;:&quot;up&quot;,&quot;transition_speed&quot;:&quot;1&quot;,&quot;fade_type&quot;:&quot;in&quot;,&quot;scale_type&quot;:&quot;up&quot;,&quot;initial_scale&quot;:&quot;1&quot;,&quot;max_scale&quot;:&quot;1.5&quot;,&quot;min_scale&quot;:&quot;0.5&quot;,&quot;initial_rotate&quot;:&quot;0&quot;,&quot;end_rotate&quot;:&quot;30&quot;,&quot;initial_blur&quot;:&quot;0&quot;,&quot;end_blur&quot;:&quot;3&quot;,&quot;start_element&quot;:&quot;top&quot;,&quot;start_viewport&quot;:&quot;bottom&quot;,&quot;end_element&quot;:&quot;bottom&quot;,&quot;end_viewport&quot;:&quot;top&quot;,&quot;mouse_effect&quot;:&quot;track&quot;,&quot;mouse_effect_direction&quot;:&quot;opposite&quot;,&quot;mouse_effect_speed&quot;:&quot;2&quot;,&quot;infinite_animation&quot;:&quot;float&quot;,&quot;infinite_animation_speed&quot;:&quot;2&quot;}]\" data-scroll-devices=\"small-visibility,medium-visibility,large-visibility\"><span class=\"fusion-column-inner-bg hover-type-none\"><a class=\"fusion-column-anchor\" href=\"https:\/\/www.fondationmdm.com\/en\/mohamed-ibrahim\/\"><span class=\"fusion-column-inner-bg-image\"><\/span><\/a><\/span><div class=\"fusion-column-wrapper fusion-column-has-shadow fusion-flex-column-wrapper-legacy\" data-bg-url=\"https:\/\/www.fondationmdm.com\/wp-content\/uploads\/2022-prix-ibrahim-1-e1697703690956.jpg\"><div class=\"fusion-align-block\"><a class=\"fusion-button button-flat button-medium button-custom fusion-button-default button-5 fusion-button-span-yes bottom-align\" style=\"--button_accent_color:#ffffff;--button_accent_hover_color:#ffffff;--button_border_hover_color:#ffffff;--button_border_width-top:0px;--button_border_width-right:0px;--button_border_width-bottom:0px;--button_border_width-left:0px;--button-border-radius-top-left:0px;--button-border-radius-top-right:0px;--button-border-radius-bottom-right:0px;--button-border-radius-bottom-left:0px;--button_gradient_top_color:rgba(0,19,67,0.7);--button_gradient_bottom_color:rgba(0,19,67,0.7);--button_gradient_top_color_hover:#2d69b6;--button_gradient_bottom_color_hover:#2d69b6;\" target=\"_self\"><span class=\"fusion-button-text\">MOHAMED IBRAHIM <\/span><\/a><\/div><div class=\"fusion-clearfix\"><\/div><\/div><\/div><div class=\"fusion-layout-column fusion_builder_column fusion-builder-column-9 fusion_builder_column_5_6 5_6 fusion-five-sixth fusion-column-last fusion-column-inner-bg-wrapper\" style=\"--awb-padding-top:0px;--awb-padding-right:0px;--awb-padding-bottom:0px;--awb-padding-left:0px;--awb-inner-bg-repeat:repeat;\" data-motion-effects=\"[{&quot;type&quot;:&quot;&quot;,&quot;scroll_type&quot;:&quot;transition&quot;,&quot;scroll_direction&quot;:&quot;up&quot;,&quot;transition_speed&quot;:&quot;1&quot;,&quot;fade_type&quot;:&quot;in&quot;,&quot;scale_type&quot;:&quot;up&quot;,&quot;initial_scale&quot;:&quot;1&quot;,&quot;max_scale&quot;:&quot;1.5&quot;,&quot;min_scale&quot;:&quot;0.5&quot;,&quot;initial_rotate&quot;:&quot;0&quot;,&quot;end_rotate&quot;:&quot;30&quot;,&quot;initial_blur&quot;:&quot;0&quot;,&quot;end_blur&quot;:&quot;3&quot;,&quot;start_element&quot;:&quot;top&quot;,&quot;start_viewport&quot;:&quot;bottom&quot;,&quot;end_element&quot;:&quot;bottom&quot;,&quot;end_viewport&quot;:&quot;top&quot;,&quot;mouse_effect&quot;:&quot;track&quot;,&quot;mouse_effect_direction&quot;:&quot;opposite&quot;,&quot;mouse_effect_speed&quot;:&quot;2&quot;,&quot;infinite_animation&quot;:&quot;float&quot;,&quot;infinite_animation_speed&quot;:&quot;2&quot;}]\" data-scroll-devices=\"small-visibility,medium-visibility,large-visibility\"><span class=\"fusion-column-inner-bg hover-type-none\"><a class=\"fusion-column-anchor\" href=\"https:\/\/www.fondationmdm.com\/en\/mohamed-ibrahim\/\"><span class=\"fusion-column-inner-bg-image\"><\/span><\/a><\/span><div class=\"fusion-column-wrapper fusion-column-has-shadow fusion-flex-column-wrapper-legacy\"><div class=\"fusion-text fusion-text-5\"><div class=\"tabella-borse\">\n<table>\n<thead>\n<tr>\n<th>2022<\/th>\n<th><strong><em>Mamluk chivalry through military painted manuscripts<\/em><\/strong><\/th>\n<th style=\"text-align: left;\">Nationality: <b>Egypt<\/b><strong class=\"grasso\"><br \/>\n<\/strong>Category:<b> Islamic archeology<\/b><\/th>\n<\/tr>\n<\/thead>\n<tbody>\n<tr>\n<td colspan=\"3\" align=\"left\">This research deals with a study of several military Mamluk manuscripts decorated with paintings. The Mamluk period witnessed remarkable achievements in all the majors of arts and manuscripts. This study brought new results that reveal for the first time much about Chivalry books and their content; and it traces various copies in international libraries and museums. The results are articulated in two parts. <span style=\"font-family: inherit; font-size: inherit;\">[&#8230;]<\/span><\/td>\n<\/tr>\n<\/tbody>\n<\/table>\n<\/div>\n<\/div><div class=\"fusion-clearfix\"><\/div><\/div><\/div><\/div><\/div><div class=\"fusion-fullwidth fullwidth-box fusion-builder-row-6 nonhundred-percent-fullwidth non-hundred-percent-height-scrolling fusion-equal-height-columns\" style=\"--awb-background-position:left top;--awb-border-sizes-top:0px;--awb-border-sizes-bottom:0px;--awb-border-sizes-left:0px;--awb-border-sizes-right:0px;--awb-border-radius-top-left:0px;--awb-border-radius-top-right:0px;--awb-border-radius-bottom-right:0px;--awb-border-radius-bottom-left:0px;--awb-padding-top:0px;--awb-padding-right:0px;--awb-padding-bottom:0px;--awb-padding-left:0px;--awb-margin-top:50px;\" ><div class=\"fusion-builder-row fusion-row\"><div class=\"fusion-layout-column fusion_builder_column fusion-builder-column-10 fusion_builder_column_1_6 1_6 fusion-one-sixth fusion-column-first fusion-column-inner-bg-wrapper\" style=\"--awb-padding-right:0px;--awb-padding-left:0px;--awb-inner-bg-image:url(&#039;https:\/\/www.fondationmdm.com\/wp-content\/uploads\/GEOFFREY-MEYER-FERNANDEZ-300x300.jpg&#039;);--awb-inner-bg-position:center center;--awb-inner-bg-size:cover;\"><span class=\"fusion-column-inner-bg hover-type-none\"><a class=\"fusion-column-anchor\" href=\"https:\/\/www.fondationmdm.com\/en\/geoffrey-meyer-fernandez\/\"><span class=\"fusion-column-inner-bg-image\"><\/span><\/a><\/span><div class=\"fusion-column-wrapper fusion-column-has-shadow fusion-flex-column-wrapper-legacy\" data-bg-url=\"https:\/\/www.fondationmdm.com\/wp-content\/uploads\/GEOFFREY-MEYER-FERNANDEZ-300x300.jpg\"><div class=\"fusion-align-block\"><a class=\"fusion-button button-flat button-medium button-custom fusion-button-default button-6 fusion-button-span-yes bottom-align\" style=\"--button_accent_color:#ffffff;--button_accent_hover_color:#ffffff;--button_border_hover_color:#ffffff;--button_border_width-top:0px;--button_border_width-right:0px;--button_border_width-bottom:0px;--button_border_width-left:0px;--button-border-radius-top-left:0px;--button-border-radius-top-right:0px;--button-border-radius-bottom-right:0px;--button-border-radius-bottom-left:0px;--button_gradient_top_color:rgba(0,19,67,0.7);--button_gradient_bottom_color:rgba(0,19,67,0.7);--button_gradient_top_color_hover:#2d69b6;--button_gradient_bottom_color_hover:#2d69b6;\" target=\"_self\"><span class=\"fusion-button-text\">GEOFFREY MEYER-FERNANDEZ<\/span><\/a><\/div><div class=\"fusion-clearfix\"><\/div><\/div><\/div><div class=\"fusion-layout-column fusion_builder_column fusion-builder-column-11 fusion_builder_column_5_6 5_6 fusion-five-sixth fusion-column-last fusion-column-inner-bg-wrapper\" style=\"--awb-padding-top:0px;--awb-padding-right:0px;--awb-padding-bottom:0px;--awb-padding-left:0px;--awb-inner-bg-blend:overlay;--awb-inner-bg-repeat:repeat;\"><span class=\"fusion-column-inner-bg hover-type-none\"><a class=\"fusion-column-anchor\" href=\"geoffrey-meyer-fernandez\"><span class=\"fusion-column-inner-bg-image\"><\/span><\/a><\/span><div class=\"fusion-column-wrapper fusion-flex-column-wrapper-legacy\"><div class=\"fusion-text fusion-text-6\"><div class=\"tabella-borse\">\n<table>\n<thead>\n<tr>\n<th><strong class=\"grasso\">2020<\/strong><\/th>\n<th><em>Between\u00a0 Orient and Occident : three churches painted by Greek families in Crete, in Cyprus and Rhodes (XIVe-XVe si\u00e8cle)<\/em><\/th>\n<th style=\"text-align: left;\">Nationality: <strong class=\"grasso\">France<br \/>\n<\/strong>Category: <strong class=\"grasso\">History of medieval art<\/strong><\/th>\n<\/tr>\n<\/thead>\n<tbody>\n<tr>\n<td colspan=\"3\" align=\"left\">La recherche a pour but d\u2019une part d\u2019appr\u00e9hender la mani\u00e8re dont les commanditaires ont utilis\u00e9 l\u2019image religieuse pour exprimer leur pi\u00e9t\u00e9, leurs valeurs et leurs identit\u00e9s sociales et culturelles, et d\u2019autre part de mettre en \u00e9vidence des \u00e9changes artistiques qui ont eu cours en M\u00e9diterran\u00e9e entre la fin du Moyen \u00c2ge et le d\u00e9but des temps modernes. [&#8230;]<\/td>\n<\/tr>\n<\/tbody>\n<\/table>\n<\/div>\n<\/div><div class=\"fusion-clearfix\"><\/div><\/div><\/div><\/div><\/div><div class=\"fusion-fullwidth fullwidth-box fusion-builder-row-7 nonhundred-percent-fullwidth non-hundred-percent-height-scrolling fusion-equal-height-columns\" style=\"--awb-background-position:left top;--awb-border-sizes-top:0px;--awb-border-sizes-bottom:0px;--awb-border-sizes-left:0px;--awb-border-sizes-right:0px;--awb-border-radius-top-left:0px;--awb-border-radius-top-right:0px;--awb-border-radius-bottom-right:0px;--awb-border-radius-bottom-left:0px;--awb-padding-top:0px;--awb-padding-right:0px;--awb-padding-bottom:0px;--awb-padding-left:0px;--awb-margin-top:50px;\" ><div class=\"fusion-builder-row fusion-row\"><div class=\"fusion-layout-column fusion_builder_column fusion-builder-column-12 fusion_builder_column_1_6 1_6 fusion-one-sixth fusion-column-first fusion-column-inner-bg-wrapper\" style=\"--awb-padding-right:0px;--awb-padding-left:0px;--awb-inner-bg-image:url(&#039;https:\/\/www.fondationmdm.com\/wp-content\/uploads\/Sceau-Camiros-1-e1604920317322.jpg&#039;);--awb-inner-bg-position:center bottom;--awb-inner-bg-blend:overlay;--awb-inner-bg-size:cover;\"><span class=\"fusion-column-inner-bg hover-type-none\"><a class=\"fusion-column-anchor\" href=\"claire-camberlein\"><span class=\"fusion-column-inner-bg-image\"><\/span><\/a><\/span><div class=\"fusion-column-wrapper fusion-flex-column-wrapper-legacy\" data-bg-url=\"https:\/\/www.fondationmdm.com\/wp-content\/uploads\/Sceau-Camiros-1-e1604920317322.jpg\"><div class=\"fusion-align-block\"><a class=\"fusion-button button-flat button-medium button-custom fusion-button-default button-7 fusion-button-span-yes bottom-align\" style=\"--button_accent_color:#ffffff;--button_accent_hover_color:#ffffff;--button_border_hover_color:#ffffff;--button_gradient_top_color:rgba(0,19,67,0.7);--button_gradient_bottom_color:rgba(0,19,67,0.7);--button_gradient_top_color_hover:#2d69b6;--button_gradient_bottom_color_hover:#2d69b6;\" target=\"_self\"><span class=\"fusion-button-text\">CLAIRE CAMBERLEIN<\/span><\/a><\/div><div class=\"fusion-clearfix\"><\/div><\/div><\/div><div class=\"fusion-layout-column fusion_builder_column fusion-builder-column-13 fusion_builder_column_5_6 5_6 fusion-five-sixth fusion-column-last fusion-column-inner-bg-wrapper\" style=\"--awb-padding-top:0px;--awb-padding-right:0px;--awb-padding-bottom:0px;--awb-padding-left:0px;--awb-inner-bg-blend:overlay;--awb-inner-bg-repeat:repeat;\"><span class=\"fusion-column-inner-bg hover-type-none\"><a class=\"fusion-column-anchor\" href=\"claire-camberlein\"><span class=\"fusion-column-inner-bg-image\"><\/span><\/a><\/span><div class=\"fusion-column-wrapper fusion-flex-column-wrapper-legacy\"><div class=\"fusion-text fusion-text-7\"><div class=\"tabella-borse\">\n<table>\n<thead>\n<tr>\n<th><strong class=\"grasso\">2019<\/strong><\/th>\n<th><em>R\u00e9utiliser le pass\u00e9 dans l&#8217;Antiquit\u00e9 grecque. \u00c9tude des ph\u00e9nom\u00e8nes m\u00e9moriels \u00e0 Rhodes et dans le Dod\u00e9can\u00e8se entre le XVe et le Ve avant J.-C. <\/em><\/th>\n<th style=\"text-align: left;\">Nationality: <strong class=\"grasso\">France<br \/>\n<\/strong>Category: <strong class=\"grasso\">History of art in antiquity<\/strong><\/th>\n<\/tr>\n<\/thead>\n<tbody>\n<tr>\n<td colspan=\"3\" align=\"left\">La recherche porte sur l\u2019impact de la m\u00e9moire sur la construction identitaire des soci\u00e9t\u00e9s, gr\u00e2ce \u00e0 l\u2019analyse des diff\u00e9rentes formes de r\u00e9utilisation du pass\u00e9.<\/td>\n<\/tr>\n<\/tbody>\n<\/table>\n<\/div>\n<\/div><div class=\"fusion-clearfix\"><\/div><\/div><\/div><\/div><\/div><div class=\"fusion-fullwidth fullwidth-box fusion-builder-row-8 nonhundred-percent-fullwidth non-hundred-percent-height-scrolling fusion-equal-height-columns\" style=\"--awb-background-position:left top;--awb-border-sizes-top:0px;--awb-border-sizes-bottom:0px;--awb-border-sizes-left:0px;--awb-border-sizes-right:0px;--awb-border-radius-top-left:0px;--awb-border-radius-top-right:0px;--awb-border-radius-bottom-right:0px;--awb-border-radius-bottom-left:0px;--awb-padding-top:0px;--awb-padding-right:0px;--awb-padding-bottom:0px;--awb-padding-left:0px;--awb-margin-top:50px;\" ><div class=\"fusion-builder-row fusion-row\"><div class=\"fusion-layout-column fusion_builder_column fusion-builder-column-14 fusion_builder_column_1_6 1_6 fusion-one-sixth fusion-column-first fusion-column-inner-bg-wrapper\" style=\"--awb-padding-right:0px;--awb-padding-left:0px;--awb-inner-bg-image:url(&#039;https:\/\/www.fondationmdm.com\/wp-content\/uploads\/img-24-300x275.png&#039;);--awb-inner-bg-position:center center;--awb-inner-bg-blend:overlay;--awb-inner-bg-size:cover;\"><span class=\"fusion-column-inner-bg hover-type-none\"><a class=\"fusion-column-anchor\" href=\"elie-essa-kas-hanna\"><span class=\"fusion-column-inner-bg-image\"><\/span><\/a><\/span><div class=\"fusion-column-wrapper fusion-flex-column-wrapper-legacy\" data-bg-url=\"https:\/\/www.fondationmdm.com\/wp-content\/uploads\/img-24-300x275.png\"><div class=\"fusion-align-block\"><a class=\"fusion-button button-flat button-medium button-custom fusion-button-default button-8 fusion-button-span-yes bottom-align\" style=\"--button_accent_color:#ffffff;--button_accent_hover_color:#ffffff;--button_border_hover_color:#ffffff;--button_border_width-top:0px;--button_border_width-right:0px;--button_border_width-bottom:0px;--button_border_width-left:0px;--button-border-radius-top-left:0px;--button-border-radius-top-right:0px;--button-border-radius-bottom-right:0px;--button-border-radius-bottom-left:0px;--button_gradient_top_color:rgba(0,19,67,0.7);--button_gradient_bottom_color:rgba(0,19,67,0.7);--button_gradient_top_color_hover:#2d69b6;--button_gradient_bottom_color_hover:#2d69b6;\" target=\"_self\" href=\"elie-essa-kas-hanna\"><span class=\"fusion-button-text\">ELIE ESSA KAS HANNA<\/span><\/a><\/div><div class=\"fusion-clearfix\"><\/div><\/div><\/div><div class=\"fusion-layout-column fusion_builder_column fusion-builder-column-15 fusion_builder_column_5_6 5_6 fusion-five-sixth fusion-column-last fusion-column-inner-bg-wrapper\" style=\"--awb-padding-top:0px;--awb-padding-right:0px;--awb-padding-bottom:0px;--awb-padding-left:0px;--awb-inner-bg-blend:overlay;--awb-inner-bg-repeat:repeat;\"><span class=\"fusion-column-inner-bg hover-type-none\"><a class=\"fusion-column-anchor\" href=\"elie-essa-kas-hanna\"><span class=\"fusion-column-inner-bg-image\"><\/span><\/a><\/span><div class=\"fusion-column-wrapper fusion-flex-column-wrapper-legacy\"><div class=\"fusion-text fusion-text-8\"><div class=\"tabella-borse\">\n<table>\n<thead>\n<tr>\n<th><strong class=\"grasso\">2018<\/strong><\/th>\n<th><em>Les monast\u00e8res dans les \u00eeles mineures de Provence et des archipels ligure et toscan de l\u2019Antiquit\u00e9 tardive au Moyen \u00e2ge<\/em><\/th>\n<th style=\"text-align: left;\">Nationality: <strong class=\"grasso\">Syria<\/strong><br \/>\nCategory: <strong class=\"grasso\">History <\/strong><\/th>\n<\/tr>\n<\/thead>\n<tbody>\n<tr>\n<td colspan=\"3\" align=\"left\">La recherche est centr\u00e9e sur les monast\u00e8res et petites installations chr\u00e9tiennes pr\u00e9sents dans les \u00eeles mineures de Provence, Ligurie et Toscane entre le V\u00b0 et le XII\u00b0 si\u00e8cle. Les vestiges du monachisme insulaire sont nombreux en M\u00e9diterran\u00e9e occidentale\u00a0: ils sont r\u00e9partis depuis les c\u00f4tes de l\u2019Italie m\u00e9ridionale jusqu\u2019\u00e0 celles de la P\u00e9ninsule ib\u00e9rique. [&#8230;]<\/td>\n<\/tr>\n<\/tbody>\n<\/table>\n<\/div>\n<\/div><div class=\"fusion-clearfix\"><\/div><\/div><\/div><\/div><\/div><div class=\"fusion-fullwidth fullwidth-box fusion-builder-row-9 nonhundred-percent-fullwidth non-hundred-percent-height-scrolling fusion-equal-height-columns\" style=\"--awb-background-position:left top;--awb-border-sizes-top:0px;--awb-border-sizes-bottom:0px;--awb-border-sizes-left:0px;--awb-border-sizes-right:0px;--awb-border-radius-top-left:0px;--awb-border-radius-top-right:0px;--awb-border-radius-bottom-right:0px;--awb-border-radius-bottom-left:0px;--awb-padding-top:0px;--awb-padding-right:0px;--awb-padding-bottom:0px;--awb-padding-left:0px;--awb-margin-top:50px;\" ><div class=\"fusion-builder-row fusion-row\"><div class=\"fusion-layout-column fusion_builder_column fusion-builder-column-16 fusion_builder_column_1_6 1_6 fusion-one-sixth fusion-column-first fusion-column-inner-bg-wrapper\" style=\"--awb-padding-right:0px;--awb-padding-left:0px;--awb-inner-bg-image:url(&#039;https:\/\/www.fondationmdm.com\/wp-content\/uploads\/Portrait-S.Z-003-300x289.jpg&#039;);--awb-inner-bg-position:center center;--awb-inner-bg-blend:overlay;--awb-inner-bg-size:cover;\"><span class=\"fusion-column-inner-bg hover-type-none\"><a class=\"fusion-column-anchor\" href=\"mathieu-beaud\"><span class=\"fusion-column-inner-bg-image\"><\/span><\/a><\/span><div class=\"fusion-column-wrapper fusion-flex-column-wrapper-legacy\" data-bg-url=\"https:\/\/www.fondationmdm.com\/wp-content\/uploads\/Portrait-S.Z-003-300x289.jpg\"><div class=\"fusion-align-block\"><a class=\"fusion-button button-flat button-medium button-custom fusion-button-default button-9 fusion-button-span-yes bottom-align\" style=\"--button_accent_color:#ffffff;--button_accent_hover_color:#ffffff;--button_border_hover_color:#ffffff;--button_border_width-top:0px;--button_border_width-right:0px;--button_border_width-bottom:0px;--button_border_width-left:0px;--button-border-radius-top-left:0px;--button-border-radius-top-right:0px;--button-border-radius-bottom-right:0px;--button-border-radius-bottom-left:0px;--button_gradient_top_color:rgba(0,19,67,0.7);--button_gradient_bottom_color:rgba(0,19,67,0.7);--button_gradient_top_color_hover:#2d69b6;--button_gradient_bottom_color_hover:#2d69b6;\" target=\"_self\" href=\"mathieu-beaud\"><span class=\"fusion-button-text\">MATHIEU BEAUD<\/span><\/a><\/div><div class=\"fusion-clearfix\"><\/div><\/div><\/div><div class=\"fusion-layout-column fusion_builder_column fusion-builder-column-17 fusion_builder_column_5_6 5_6 fusion-five-sixth fusion-column-last fusion-column-inner-bg-wrapper\" style=\"--awb-padding-top:0px;--awb-padding-right:0px;--awb-padding-bottom:0px;--awb-padding-left:0px;--awb-inner-bg-blend:overlay;--awb-inner-bg-repeat:repeat;\"><span class=\"fusion-column-inner-bg hover-type-none\"><a class=\"fusion-column-anchor\" href=\"mathieu-beaud\"><span class=\"fusion-column-inner-bg-image\"><\/span><\/a><\/span><div class=\"fusion-column-wrapper fusion-flex-column-wrapper-legacy\"><div class=\"fusion-text fusion-text-9\"><div class=\"tabella-borse\">\n<table>\n<thead>\n<tr>\n<th><strong class=\"grasso\">2017<\/strong><\/th>\n<th><em>Iconographie et sc\u00e9nographie urbaine : \u00ab culture visuelle \u00bb et \u00ab religion civique \u00bb \u00e0 V\u00e9rone au XIIe si\u00e8cle<\/em><\/th>\n<th style=\"text-align: left;\">Nationality: <strong class=\"grasso\">France<\/strong><br \/>\nCategory: <strong class=\"grasso\">History <\/strong><\/th>\n<\/tr>\n<\/thead>\n<tbody>\n<tr>\n<td colspan=\"3\" align=\"left\">Ce projet porte sur un type de portail d\u2019\u00e9glise particulier, le protiro, \u00e0 savoir un portail distyle sur animaux stylophores abrit\u00e9 sous une canop\u00e9e. Apparus \u00e0 Mod\u00e8ne \u00e0 la fin du XIe si\u00e8cle, les protiri se diffusent dans la plaine du P\u00f4 jusqu\u2019au milieu du XIIIe si\u00e8cle dans les villes de la r\u00e9gion qui choisissent cette structure d\u00e9corative pour orner l\u2019entr\u00e9e de leurs \u00e9difices de culte les plus importants [&#8230;]<\/td>\n<\/tr>\n<\/tbody>\n<\/table>\n<\/div>\n<\/div><div class=\"fusion-clearfix\"><\/div><\/div><\/div><\/div><\/div><div class=\"fusion-fullwidth fullwidth-box fusion-builder-row-10 nonhundred-percent-fullwidth non-hundred-percent-height-scrolling fusion-equal-height-columns\" style=\"--awb-background-position:left top;--awb-border-sizes-top:0px;--awb-border-sizes-bottom:0px;--awb-border-sizes-left:0px;--awb-border-sizes-right:0px;--awb-border-radius-top-left:0px;--awb-border-radius-top-right:0px;--awb-border-radius-bottom-right:0px;--awb-border-radius-bottom-left:0px;--awb-padding-top:0px;--awb-padding-right:0px;--awb-padding-bottom:0px;--awb-padding-left:0px;--awb-margin-top:50px;\" ><div class=\"fusion-builder-row fusion-row\"><div class=\"fusion-layout-column fusion_builder_column fusion-builder-column-18 fusion_builder_column_1_6 1_6 fusion-one-sixth fusion-column-first fusion-column-inner-bg-wrapper\" style=\"--awb-padding-right:0px;--awb-padding-left:0px;--awb-inner-bg-image:url(&#039;https:\/\/www.fondationmdm.com\/wp-content\/uploads\/2016-DOMINIQUE-BARCAT.gif&#039;);--awb-inner-bg-position:center center;--awb-inner-bg-blend:overlay;--awb-inner-bg-size:cover;\"><span class=\"fusion-column-inner-bg hover-type-none\"><a class=\"fusion-column-anchor\" href=\"dominique-barcat\"><span class=\"fusion-column-inner-bg-image\"><\/span><\/a><\/span><div class=\"fusion-column-wrapper fusion-flex-column-wrapper-legacy\" data-bg-url=\"https:\/\/www.fondationmdm.com\/wp-content\/uploads\/2016-DOMINIQUE-BARCAT.gif\"><div class=\"fusion-align-block\"><a class=\"fusion-button button-flat button-medium button-custom fusion-button-default button-10 fusion-button-span-yes bottom-align\" style=\"--button_accent_color:#ffffff;--button_accent_hover_color:#ffffff;--button_border_hover_color:#ffffff;--button_border_width-top:0px;--button_border_width-right:0px;--button_border_width-bottom:0px;--button_border_width-left:0px;--button-border-radius-top-left:0px;--button-border-radius-top-right:0px;--button-border-radius-bottom-right:0px;--button-border-radius-bottom-left:0px;--button_gradient_top_color:rgba(0,19,67,0.7);--button_gradient_bottom_color:rgba(0,19,67,0.7);--button_gradient_top_color_hover:#2d69b6;--button_gradient_bottom_color_hover:#2d69b6;\" target=\"_self\" href=\"dominique-barcat\"><span class=\"fusion-button-text\">DOMINIQUE BARCAT<\/span><\/a><\/div><div class=\"fusion-clearfix\"><\/div><\/div><\/div><div class=\"fusion-layout-column fusion_builder_column fusion-builder-column-19 fusion_builder_column_5_6 5_6 fusion-five-sixth fusion-column-last fusion-column-inner-bg-wrapper\" style=\"--awb-padding-top:0px;--awb-padding-right:0px;--awb-padding-bottom:0px;--awb-padding-left:0px;--awb-inner-bg-blend:overlay;--awb-inner-bg-repeat:repeat;\"><span class=\"fusion-column-inner-bg hover-type-none\"><a class=\"fusion-column-anchor\" href=\"dominique-barcat\"><span class=\"fusion-column-inner-bg-image\"><\/span><\/a><\/span><div class=\"fusion-column-wrapper fusion-flex-column-wrapper-legacy\"><div class=\"fusion-text fusion-text-10\"><div class=\"tabella-borse\">\n<table>\n<thead>\n<tr>\n<th><strong class=\"grasso\">2016<\/strong><\/th>\n<th><em><span style=\"color: #ffffff;\">L\u2019Egypte dans la M\u00e9diterran\u00e9e au 1er mill\u00e9naire avant JC : re-\u00e9valuer la place de l\u2019Egypte dans l\u2019histoire m\u00e9diterran\u00e9enne \u00e0 travers l\u2019arch\u00e9ologie des milieux littoraux et insulaires<\/span><\/em><\/th>\n<th style=\"text-align: left;\">Nationality: <strong class=\"grasso\">France<br \/>\n<\/strong>Category:<strong class=\"grasso\"> History of art in antiquity<br \/>\n<\/strong><\/th>\n<\/tr>\n<\/thead>\n<tbody>\n<tr>\n<td colspan=\"3\" align=\"left\">Un des points de d\u00e9part de mes r\u00e9flexions r\u00e9side dans la constatation partag\u00e9e par plusieurs sp\u00e9cialistes de l\u2019absence de l\u2019\u00c9gypte dans l\u2019Histoire de la M\u00e9diterran\u00e9e antique, alors m\u00eame que le sujet a suscit\u00e9, au niveau international, un regain d\u2019int\u00e9r\u00eat remarquable ces quinze derni\u00e8res ann\u00e9es.\u00a0 [&#8230;]<\/td>\n<\/tr>\n<\/tbody>\n<\/table>\n<\/div>\n<\/div><div class=\"fusion-clearfix\"><\/div><\/div><\/div><\/div><\/div><div class=\"fusion-fullwidth fullwidth-box fusion-builder-row-11 nonhundred-percent-fullwidth non-hundred-percent-height-scrolling fusion-equal-height-columns\" style=\"--awb-background-position:left top;--awb-border-sizes-top:0px;--awb-border-sizes-bottom:0px;--awb-border-sizes-left:0px;--awb-border-sizes-right:0px;--awb-border-radius-top-left:0px;--awb-border-radius-top-right:0px;--awb-border-radius-bottom-right:0px;--awb-border-radius-bottom-left:0px;--awb-padding-top:0px;--awb-padding-right:0px;--awb-padding-bottom:0px;--awb-padding-left:0px;--awb-margin-top:50px;\" ><div class=\"fusion-builder-row fusion-row\"><div class=\"fusion-layout-column fusion_builder_column fusion-builder-column-20 fusion_builder_column_1_6 1_6 fusion-one-sixth fusion-column-first fusion-column-inner-bg-wrapper\" style=\"--awb-padding-right:0px;--awb-padding-left:0px;--awb-inner-bg-image:url(&#039;https:\/\/www.fondationmdm.com\/wp-content\/uploads\/2015-Joana-Barreto.jpg&#039;);--awb-inner-bg-position:center bottom;--awb-inner-bg-blend:overlay;--awb-inner-bg-size:cover;\"><span class=\"fusion-column-inner-bg hover-type-none\"><a class=\"fusion-column-anchor\" href=\"joana-barreto\"><span class=\"fusion-column-inner-bg-image\"><\/span><\/a><\/span><div class=\"fusion-column-wrapper fusion-flex-column-wrapper-legacy\" data-bg-url=\"https:\/\/www.fondationmdm.com\/wp-content\/uploads\/2015-Joana-Barreto.jpg\"><div class=\"fusion-align-block\"><a class=\"fusion-button button-flat button-medium button-custom fusion-button-default button-11 fusion-button-span-yes bottom-align\" style=\"--button_accent_color:#ffffff;--button_accent_hover_color:#ffffff;--button_border_hover_color:#ffffff;--button_border_width-top:0px;--button_border_width-right:0px;--button_border_width-bottom:0px;--button_border_width-left:0px;--button-border-radius-top-left:0px;--button-border-radius-top-right:0px;--button-border-radius-bottom-right:0px;--button-border-radius-bottom-left:0px;--button_gradient_top_color:rgba(0,19,67,0.7);--button_gradient_bottom_color:rgba(0,19,67,0.7);--button_gradient_top_color_hover:#2d69b6;--button_gradient_bottom_color_hover:#2d69b6;\" target=\"_self\" href=\"joana-barreto\"><span class=\"fusion-button-text\">JOANA BARRETO<\/span><\/a><\/div><div class=\"fusion-clearfix\"><\/div><\/div><\/div><div class=\"fusion-layout-column fusion_builder_column fusion-builder-column-21 fusion_builder_column_5_6 5_6 fusion-five-sixth fusion-column-last fusion-column-inner-bg-wrapper\" style=\"--awb-padding-top:0px;--awb-padding-right:0px;--awb-padding-bottom:0px;--awb-padding-left:0px;--awb-inner-bg-blend:overlay;--awb-inner-bg-repeat:repeat;\"><span class=\"fusion-column-inner-bg hover-type-none\"><a class=\"fusion-column-anchor\" href=\"joana-barreto\"><span class=\"fusion-column-inner-bg-image\"><\/span><\/a><\/span><div class=\"fusion-column-wrapper fusion-flex-column-wrapper-legacy\"><div class=\"fusion-text fusion-text-11\"><div class=\"tabella-borse\">\n<table>\n<thead>\n<tr>\n<th><strong class=\"grasso\">2015<\/strong><\/th>\n<th><em>Naples, carrefour artistique entre Occident, Afrique et Orient au XV\u00e8me si\u00e8cle<\/em><\/th>\n<th style=\"text-align: left;\">Nationality: <strong class=\"grasso\">France<\/strong><br \/>\nCategory: <strong class=\"grasso\"> History<\/strong><\/th>\n<\/tr>\n<\/thead>\n<tbody>\n<tr>\n<td colspan=\"3\" align=\"left\">Apr\u00e8s avoir replac\u00e9 lors de ma th\u00e8se la dynastie aragonaise de Naples dans son contexte italien et europ\u00e9en, j\u2019ai souhait\u00e9 ouvrir les fronti\u00e8res et changer d\u2019\u00e9chelle d\u2019analyse. Caract\u00e9ris\u00e9e comme porte vers l\u2019Afrique et ouverture vers l\u2019imaginaire oriental par Edward Sa\u00efd, Naples s\u2019inscrit aux marges d\u2019une [&#8230;]<\/td>\n<\/tr>\n<\/tbody>\n<\/table>\n<\/div>\n<\/div><div class=\"fusion-clearfix\"><\/div><\/div><\/div><\/div><\/div><div class=\"fusion-fullwidth fullwidth-box fusion-builder-row-12 nonhundred-percent-fullwidth non-hundred-percent-height-scrolling fusion-equal-height-columns\" style=\"--awb-background-position:left top;--awb-border-sizes-top:0px;--awb-border-sizes-bottom:0px;--awb-border-sizes-left:0px;--awb-border-sizes-right:0px;--awb-border-radius-top-left:0px;--awb-border-radius-top-right:0px;--awb-border-radius-bottom-right:0px;--awb-border-radius-bottom-left:0px;--awb-padding-top:0px;--awb-padding-right:0px;--awb-padding-bottom:0px;--awb-padding-left:0px;--awb-margin-top:50px;\" ><div class=\"fusion-builder-row fusion-row\"><div class=\"fusion-layout-column fusion_builder_column fusion-builder-column-22 fusion_builder_column_1_6 1_6 fusion-one-sixth fusion-column-first fusion-column-inner-bg-wrapper\" style=\"--awb-padding-right:0px;--awb-padding-left:0px;--awb-inner-bg-image:url(&#039;https:\/\/www.fondationmdm.com\/wp-content\/uploads\/2014-Allegra-Iafrate.jpg&#039;);--awb-inner-bg-position:center center;--awb-inner-bg-blend:overlay;--awb-inner-bg-size:cover;\"><span class=\"fusion-column-inner-bg hover-type-none\"><a class=\"fusion-column-anchor\" href=\"allegra-iafrate\"><span class=\"fusion-column-inner-bg-image\"><\/span><\/a><\/span><div class=\"fusion-column-wrapper fusion-flex-column-wrapper-legacy\" data-bg-url=\"https:\/\/www.fondationmdm.com\/wp-content\/uploads\/2014-Allegra-Iafrate.jpg\"><div class=\"fusion-align-block\"><a class=\"fusion-button button-flat button-medium button-custom fusion-button-default button-12 fusion-button-span-yes bottom-align\" style=\"--button_accent_color:#ffffff;--button_accent_hover_color:#ffffff;--button_border_hover_color:#ffffff;--button_border_width-top:0px;--button_border_width-right:0px;--button_border_width-bottom:0px;--button_border_width-left:0px;--button-border-radius-top-left:0px;--button-border-radius-top-right:0px;--button-border-radius-bottom-right:0px;--button-border-radius-bottom-left:0px;--button_gradient_top_color:rgba(0,19,67,0.7);--button_gradient_bottom_color:rgba(0,19,67,0.7);--button_gradient_top_color_hover:#2d69b6;--button_gradient_bottom_color_hover:#2d69b6;\" target=\"_self\" href=\"allegra-iafrate\"><span class=\"fusion-button-text\">ALLEGRA IAFRATE<\/span><\/a><\/div><div class=\"fusion-clearfix\"><\/div><\/div><\/div><div class=\"fusion-layout-column fusion_builder_column fusion-builder-column-23 fusion_builder_column_5_6 5_6 fusion-five-sixth fusion-column-last fusion-column-inner-bg-wrapper\" style=\"--awb-padding-top:0px;--awb-padding-right:0px;--awb-padding-bottom:0px;--awb-padding-left:0px;--awb-inner-bg-blend:overlay;--awb-inner-bg-repeat:repeat;\"><span class=\"fusion-column-inner-bg hover-type-none\"><a class=\"fusion-column-anchor\" href=\"allegra-iafrate\"><span class=\"fusion-column-inner-bg-image\"><\/span><\/a><\/span><div class=\"fusion-column-wrapper fusion-flex-column-wrapper-legacy\"><div class=\"fusion-text fusion-text-12\"><div class=\"tabella-borse\">\n<table>\n<thead>\n<tr>\n<th><strong class=\"grasso\">2014<\/strong><\/th>\n<th><em>Le Tr\u00f4ne errant du roi Salomon : \u00e9tude d\u2019un symbole culturel partag\u00e9 en M\u00e9diterran\u00e9e m\u00e9di\u00e9vale<\/em><\/th>\n<th style=\"text-align: left;\">Nationality: <strong class=\"grasso\">Italy<\/strong><br \/>\nCategory:\u00a0<strong class=\"grasso\">Art history of the Middle Age<\/strong><\/th>\n<\/tr>\n<\/thead>\n<tbody>\n<tr>\n<td colspan=\"3\" align=\"left\">Ce projet s\u2019ajoute \u00e0 ma th\u00e8se de doctorat, intitul\u00e9e: <i>The Wandering Throne of Solomon : Precious Objects and Legends of Kinghsip in the Medieval Mediterranean<\/i>. Cette recherche en histoire culturelle est centr\u00e9e sur la circulation d\u2019objets et de traditions litt\u00e9raires en rapport avec le roi Salomon, en [&#8230;] <span style=\"font-size: 8pt;\"><em><span style=\"float: right;\"> Ph: Maria Annunziata. Photograph \u00a9 2015. Foto su concessione del Capitolo della Cattedrale di Anagni<\/span><\/em><\/span><\/td>\n<\/tr>\n<\/tbody>\n<\/table>\n<\/div>\n<\/div><div class=\"fusion-clearfix\"><\/div><\/div><\/div><\/div><\/div><div class=\"fusion-fullwidth fullwidth-box fusion-builder-row-13 nonhundred-percent-fullwidth non-hundred-percent-height-scrolling fusion-equal-height-columns\" style=\"--awb-background-position:left top;--awb-border-sizes-top:0px;--awb-border-sizes-bottom:0px;--awb-border-sizes-left:0px;--awb-border-sizes-right:0px;--awb-border-radius-top-left:0px;--awb-border-radius-top-right:0px;--awb-border-radius-bottom-right:0px;--awb-border-radius-bottom-left:0px;--awb-padding-top:0px;--awb-padding-right:0px;--awb-padding-bottom:0px;--awb-padding-left:0px;--awb-margin-top:50px;\" ><div class=\"fusion-builder-row fusion-row\"><div class=\"fusion-layout-column fusion_builder_column fusion-builder-column-24 fusion_builder_column_1_6 1_6 fusion-one-sixth fusion-column-first fusion-column-inner-bg-wrapper\" style=\"--awb-padding-right:0px;--awb-padding-left:0px;--awb-inner-bg-image:url(&#039;https:\/\/www.fondationmdm.com\/wp-content\/uploads\/2013-Silvia-Armando.jpg&#039;);--awb-inner-bg-position:center bottom;--awb-inner-bg-blend:overlay;--awb-inner-bg-size:cover;\"><span class=\"fusion-column-inner-bg hover-type-none\"><a class=\"fusion-column-anchor\" href=\"silvia-armando\"><span class=\"fusion-column-inner-bg-image\"><\/span><\/a><\/span><div class=\"fusion-column-wrapper fusion-flex-column-wrapper-legacy\" data-bg-url=\"https:\/\/www.fondationmdm.com\/wp-content\/uploads\/2013-Silvia-Armando.jpg\"><div class=\"fusion-align-block\"><a class=\"fusion-button button-flat button-medium button-custom fusion-button-default button-13 fusion-button-span-yes bottom-align\" style=\"--button_accent_color:#ffffff;--button_accent_hover_color:#ffffff;--button_border_hover_color:#ffffff;--button_border_width-top:0px;--button_border_width-right:0px;--button_border_width-bottom:0px;--button_border_width-left:0px;--button-border-radius-top-left:0px;--button-border-radius-top-right:0px;--button-border-radius-bottom-right:0px;--button-border-radius-bottom-left:0px;--button_gradient_top_color:rgba(0,19,67,0.7);--button_gradient_bottom_color:rgba(0,19,67,0.7);--button_gradient_top_color_hover:#2d69b6;--button_gradient_bottom_color_hover:#2d69b6;\" target=\"_self\" href=\"silvia-armando\"><span class=\"fusion-button-text\">SILVIA ARMANDO<\/span><\/a><\/div><div class=\"fusion-clearfix\"><\/div><\/div><\/div><div class=\"fusion-layout-column fusion_builder_column fusion-builder-column-25 fusion_builder_column_5_6 5_6 fusion-five-sixth fusion-column-last fusion-column-inner-bg-wrapper\" style=\"--awb-padding-top:0px;--awb-padding-right:0px;--awb-padding-bottom:0px;--awb-padding-left:0px;--awb-inner-bg-blend:overlay;--awb-inner-bg-repeat:repeat;\"><span class=\"fusion-column-inner-bg hover-type-none\"><a class=\"fusion-column-anchor\" href=\"silvia-armando\"><span class=\"fusion-column-inner-bg-image\"><\/span><\/a><\/span><div class=\"fusion-column-wrapper fusion-flex-column-wrapper-legacy\"><div class=\"fusion-text fusion-text-13\"><div class=\"tabella-borse\">\n<table>\n<thead>\n<tr>\n<th><strong class=\"grasso\">2013<\/strong><\/th>\n<th><em>Art et arch\u00e9ologie du monde m\u00e9diterran\u00e9en m\u00e9di\u00e9val \u00e0 travers la correspondance et les archives photographiques de Ugo Monneret de Villard<\/em><\/th>\n<th style=\"text-align: left;\">Nationality: <strong class=\"grasso\">Italy<\/strong><br \/>\nCategory: <strong class=\"grasso\">History of art history<\/strong><\/th>\n<\/tr>\n<\/thead>\n<tbody>\n<tr>\n<td colspan=\"3\" align=\"left\">Ugo Monneret de Villard (Milan 1881 \u2013 Rome 1954) a d\u2019abord re\u00e7u une formation d\u2019ing\u00e9nieur \u00e0 l\u2019\u00c9cole Polytechnique de Milan. \u00c9l\u00e8ve de Camillo Boito, il se passionna tr\u00e8s t\u00f4t pour le Moyen \u00c2ge et les grands d\u00e9bats contemporains sur la critique artistique, la m\u00e9thode arch\u00e9ologique, l\u2019esth\u00e9tique et l\u2019architecture. [&#8230;]<\/p>\n<p><span style=\"font-size: 8pt;\"><em><span style=\"float: right;\"> Ph. Istituto di Archeologia e Storia dell&#8217;Arte de Rome, Fondo Monneret de Villard.<\/span><\/em><\/span><\/td>\n<\/tr>\n<\/tbody>\n<\/table>\n<\/div>\n<\/div><div class=\"fusion-clearfix\"><\/div><\/div><\/div><\/div><\/div><div class=\"fusion-fullwidth fullwidth-box fusion-builder-row-14 nonhundred-percent-fullwidth non-hundred-percent-height-scrolling fusion-equal-height-columns\" style=\"--awb-background-position:left top;--awb-border-sizes-top:0px;--awb-border-sizes-bottom:0px;--awb-border-sizes-left:0px;--awb-border-sizes-right:0px;--awb-border-radius-top-left:0px;--awb-border-radius-top-right:0px;--awb-border-radius-bottom-right:0px;--awb-border-radius-bottom-left:0px;--awb-padding-top:0px;--awb-padding-right:0px;--awb-padding-bottom:0px;--awb-padding-left:0px;--awb-margin-top:50px;\" ><div class=\"fusion-builder-row fusion-row\"><div class=\"fusion-layout-column fusion_builder_column fusion-builder-column-26 fusion_builder_column_1_6 1_6 fusion-one-sixth fusion-column-first fusion-column-inner-bg-wrapper\" style=\"--awb-padding-right:0px;--awb-padding-left:0px;--awb-inner-bg-image:url(&#039;https:\/\/www.fondationmdm.com\/wp-content\/uploads\/segnaposto-progetti5.gif&#039;);--awb-inner-bg-position:center center;--awb-inner-bg-blend:overlay;--awb-inner-bg-size:cover;\"><span class=\"fusion-column-inner-bg hover-type-none\"><a class=\"fusion-column-anchor\" href=\"ridha-moumni\"><span class=\"fusion-column-inner-bg-image\"><\/span><\/a><\/span><div class=\"fusion-column-wrapper fusion-flex-column-wrapper-legacy\" data-bg-url=\"https:\/\/www.fondationmdm.com\/wp-content\/uploads\/segnaposto-progetti5.gif\"><div class=\"fusion-align-block\"><a class=\"fusion-button button-flat button-medium button-custom fusion-button-default button-14 fusion-button-span-yes bottom-align\" style=\"--button_accent_color:#ffffff;--button_accent_hover_color:#ffffff;--button_border_hover_color:#ffffff;--button_border_width-top:0px;--button_border_width-right:0px;--button_border_width-bottom:0px;--button_border_width-left:0px;--button-border-radius-top-left:0px;--button-border-radius-top-right:0px;--button-border-radius-bottom-right:0px;--button-border-radius-bottom-left:0px;--button_gradient_top_color:rgba(0,19,67,0.7);--button_gradient_bottom_color:rgba(0,19,67,0.7);--button_gradient_top_color_hover:#2d69b6;--button_gradient_bottom_color_hover:#2d69b6;\" target=\"_self\" href=\"ridha-moumni\"><span class=\"fusion-button-text\">RIDHA MOUMNI<\/span><\/a><\/div><div class=\"fusion-clearfix\"><\/div><\/div><\/div><div class=\"fusion-layout-column fusion_builder_column fusion-builder-column-27 fusion_builder_column_5_6 5_6 fusion-five-sixth fusion-column-last fusion-column-inner-bg-wrapper\" style=\"--awb-padding-top:0px;--awb-padding-right:0px;--awb-padding-bottom:0px;--awb-padding-left:0px;--awb-inner-bg-blend:overlay;--awb-inner-bg-repeat:repeat;\"><span class=\"fusion-column-inner-bg hover-type-none\"><a class=\"fusion-column-anchor\" href=\"ridha-moumni\"><span class=\"fusion-column-inner-bg-image\"><\/span><\/a><\/span><div class=\"fusion-column-wrapper fusion-flex-column-wrapper-legacy\"><div class=\"fusion-text fusion-text-14\"><div class=\"tabella-borse\">\n<table>\n<thead>\n<tr>\n<th><strong class=\"grasso\">2012<\/strong><\/th>\n<th><em>Qu\u00eates Carthaginoises: La red\u00e9couverte de Carthage et sa r\u00e9ception dans la r\u00e9gence de Tunis <\/em><\/th>\n<th style=\"text-align: left;\">Nationality: <strong class=\"grasso\">Tunisia<\/strong><\/th>\n<\/tr>\n<\/thead>\n<tbody>\n<tr>\n<td colspan=\"3\" align=\"left\"><\/td>\n<\/tr>\n<\/tbody>\n<\/table>\n<\/div>\n<\/div><div class=\"fusion-clearfix\"><\/div><\/div><\/div><\/div><\/div><div class=\"fusion-fullwidth fullwidth-box fusion-builder-row-15 nonhundred-percent-fullwidth non-hundred-percent-height-scrolling fusion-equal-height-columns\" style=\"--awb-background-position:left top;--awb-border-sizes-top:0px;--awb-border-sizes-bottom:0px;--awb-border-sizes-left:0px;--awb-border-sizes-right:0px;--awb-border-radius-top-left:0px;--awb-border-radius-top-right:0px;--awb-border-radius-bottom-right:0px;--awb-border-radius-bottom-left:0px;--awb-padding-top:0px;--awb-padding-right:0px;--awb-padding-bottom:0px;--awb-padding-left:0px;--awb-margin-top:50px;\" ><div class=\"fusion-builder-row fusion-row\"><div class=\"fusion-layout-column fusion_builder_column fusion-builder-column-28 fusion_builder_column_1_6 1_6 fusion-one-sixth fusion-column-first fusion-column-inner-bg-wrapper\" style=\"--awb-padding-right:0px;--awb-padding-left:0px;--awb-inner-bg-image:url(&#039;https:\/\/www.fondationmdm.com\/wp-content\/uploads\/2011-Belisa-Muka.jpg&#039;);--awb-inner-bg-position:center center;--awb-inner-bg-blend:overlay;--awb-inner-bg-size:cover;\"><span class=\"fusion-column-inner-bg hover-type-none\"><a class=\"fusion-column-anchor\" href=\"belisa-muka\"><span class=\"fusion-column-inner-bg-image\"><\/span><\/a><\/span><div class=\"fusion-column-wrapper fusion-flex-column-wrapper-legacy\" data-bg-url=\"https:\/\/www.fondationmdm.com\/wp-content\/uploads\/2011-Belisa-Muka.jpg\"><div class=\"fusion-align-block\"><a class=\"fusion-button button-flat button-medium button-custom fusion-button-default button-15 fusion-button-span-yes bottom-align\" style=\"--button_accent_color:#ffffff;--button_accent_hover_color:#ffffff;--button_border_hover_color:#ffffff;--button_border_width-top:0px;--button_border_width-right:0px;--button_border_width-bottom:0px;--button_border_width-left:0px;--button-border-radius-top-left:0px;--button-border-radius-top-right:0px;--button-border-radius-bottom-right:0px;--button-border-radius-bottom-left:0px;--button_gradient_top_color:rgba(0,19,67,0.7);--button_gradient_bottom_color:rgba(0,19,67,0.7);--button_gradient_top_color_hover:#2d69b6;--button_gradient_bottom_color_hover:#2d69b6;\" target=\"_self\" href=\"belisa-muka\"><span class=\"fusion-button-text\">BELISA MUKA<\/span><\/a><\/div><div class=\"fusion-clearfix\"><\/div><\/div><\/div><div class=\"fusion-layout-column fusion_builder_column fusion-builder-column-29 fusion_builder_column_5_6 5_6 fusion-five-sixth fusion-column-last fusion-column-inner-bg-wrapper\" style=\"--awb-padding-top:0px;--awb-padding-right:0px;--awb-padding-bottom:0px;--awb-padding-left:0px;--awb-inner-bg-blend:overlay;--awb-inner-bg-repeat:repeat;\"><span class=\"fusion-column-inner-bg hover-type-none\"><a class=\"fusion-column-anchor\" href=\"belisa-muka\"><span class=\"fusion-column-inner-bg-image\"><\/span><\/a><\/span><div class=\"fusion-column-wrapper fusion-flex-column-wrapper-legacy\"><div class=\"fusion-text fusion-text-15\"><div class=\"tabella-borse\">\n<table>\n<thead>\n<tr>\n<th><strong class=\"grasso\">2011<\/strong><\/th>\n<th><em>Les terres cuites de type grec en Illyrie m\u00e9ridionale et en \u00c9pire du Nord<\/em><\/th>\n<th style=\"text-align: left;\">Nationality: <strong class=\"grasso\">Albania<\/strong><br \/>\nCategory: <strong class=\"grasso\">Arch\u00e9ology<\/strong><\/th>\n<\/tr>\n<\/thead>\n<tbody>\n<tr>\n<td colspan=\"3\" align=\"left\">Le sujet de recherche trouve ses origines dans ma participation, depuis 2003, \u00e0 la Mission arch\u00e9ologique franco-albanaise de Durr\u00ebs qui \u00e9tudie, entre autres Categorys du mat\u00e9riel, les figurines votives de l\u2019Art\u00e9mision de la cit\u00e9 antique d\u2019\u00c9pidamne-Dyrrhachion. L\u2019int\u00e9r\u00eat de d\u00e9crire le contexte g\u00e9n\u00e9ral dans lequel [&#8230;]<\/td>\n<\/tr>\n<\/tbody>\n<\/table>\n<\/div>\n<\/div><div class=\"fusion-clearfix\"><\/div><\/div><\/div><\/div><\/div><div class=\"fusion-fullwidth fullwidth-box fusion-builder-row-16 nonhundred-percent-fullwidth non-hundred-percent-height-scrolling fusion-equal-height-columns\" style=\"--awb-background-position:left top;--awb-border-sizes-top:0px;--awb-border-sizes-bottom:0px;--awb-border-sizes-left:0px;--awb-border-sizes-right:0px;--awb-border-radius-top-left:0px;--awb-border-radius-top-right:0px;--awb-border-radius-bottom-right:0px;--awb-border-radius-bottom-left:0px;--awb-padding-top:0px;--awb-padding-right:0px;--awb-padding-bottom:0px;--awb-padding-left:0px;--awb-margin-top:50px;\" ><div class=\"fusion-builder-row fusion-row\"><div class=\"fusion-layout-column fusion_builder_column fusion-builder-column-30 fusion_builder_column_1_6 1_6 fusion-one-sixth fusion-column-first fusion-column-inner-bg-wrapper\" style=\"--awb-padding-right:0px;--awb-padding-left:0px;--awb-inner-bg-image:url(&#039;https:\/\/www.fondationmdm.com\/wp-content\/uploads\/2010-Chara-Kolokytha.jpg&#039;);--awb-inner-bg-position:center center;--awb-inner-bg-blend:overlay;--awb-inner-bg-size:cover;\"><span class=\"fusion-column-inner-bg hover-type-none\"><a class=\"fusion-column-anchor\" href=\"chara-kolokytha\"><span class=\"fusion-column-inner-bg-image\"><\/span><\/a><\/span><div class=\"fusion-column-wrapper fusion-flex-column-wrapper-legacy\" data-bg-url=\"https:\/\/www.fondationmdm.com\/wp-content\/uploads\/2010-Chara-Kolokytha.jpg\"><div class=\"fusion-align-block\"><a class=\"fusion-button button-flat button-medium button-custom fusion-button-default button-16 fusion-button-span-yes bottom-align\" style=\"--button_accent_color:#ffffff;--button_accent_hover_color:#ffffff;--button_border_hover_color:#ffffff;--button_border_width-top:0px;--button_border_width-right:0px;--button_border_width-bottom:0px;--button_border_width-left:0px;--button-border-radius-top-left:0px;--button-border-radius-top-right:0px;--button-border-radius-bottom-right:0px;--button-border-radius-bottom-left:0px;--button_gradient_top_color:rgba(0,19,67,0.7);--button_gradient_bottom_color:rgba(0,19,67,0.7);--button_gradient_top_color_hover:#2d69b6;--button_gradient_bottom_color_hover:#2d69b6;\" target=\"_self\" href=\"chara-kolokytha\"><span class=\"fusion-button-text\">CHARA KOLOKYTHA<\/span><\/a><\/div><div class=\"fusion-clearfix\"><\/div><\/div><\/div><div class=\"fusion-layout-column fusion_builder_column fusion-builder-column-31 fusion_builder_column_5_6 5_6 fusion-five-sixth fusion-column-last fusion-column-inner-bg-wrapper\" style=\"--awb-padding-top:0px;--awb-padding-right:0px;--awb-padding-bottom:0px;--awb-padding-left:0px;--awb-inner-bg-blend:overlay;--awb-inner-bg-repeat:repeat;\"><span class=\"fusion-column-inner-bg hover-type-none\"><a class=\"fusion-column-anchor\" href=\"chara-kolokytha\"><span class=\"fusion-column-inner-bg-image\"><\/span><\/a><\/span><div class=\"fusion-column-wrapper fusion-flex-column-wrapper-legacy\"><div class=\"fusion-text fusion-text-16\"><div class=\"tabella-borse\">\n<table>\n<thead>\n<tr>\n<th><strong class=\"grasso\">2010<\/strong><\/th>\n<th><em>L\u2019\u00e9diteur T\u00e9riade et la revue Verve : un intellectuel d\u2019origine grecque au c\u0153ur de la modernit\u00e9<\/em><\/th>\n<th style=\"text-align: left;\">Nationality: <strong class=\"grasso\">Gr\u00e8ce<\/strong><br \/>\nCategory: <strong class=\"grasso\">Art history and cultural history<\/strong><\/th>\n<\/tr>\n<\/thead>\n<tbody>\n<tr>\n<td colspan=\"3\" align=\"left\">Ce projet de recherche s\u2019est fond\u00e9 sur l\u2019id\u00e9e d\u2019un voyage. Il s\u2019agit d\u2019un voyage de documentation qui plonge dans un fond culturel. Son but principal est de suivre les pas d\u2019un intellectuel grec, T\u00e9riade, son trajet professionnel, afin de rassembler la documentation n\u00e9cessaire pour \u00e9lucider et \u00e9valuer la port\u00e9e de son [&#8230;]<\/td>\n<\/tr>\n<\/tbody>\n<\/table>\n<\/div>\n<\/div><div class=\"fusion-clearfix\"><\/div><\/div><\/div><\/div><\/div><div class=\"fusion-fullwidth fullwidth-box fusion-builder-row-17 fusion-parallax-none nonhundred-percent-fullwidth non-hundred-percent-height-scrolling\" style=\"--awb-background-position:left center;--awb-background-repeat:repeat-x;--awb-border-sizes-top:0px;--awb-border-sizes-bottom:0px;--awb-border-sizes-left:0px;--awb-border-sizes-right:0px;--awb-border-radius-top-left:0px;--awb-border-radius-top-right:0px;--awb-border-radius-bottom-right:0px;--awb-border-radius-bottom-left:0px;--awb-padding-top:95px;--awb-padding-right:15%;--awb-padding-bottom:125px;--awb-padding-left:15%;--awb-background-image:url(&quot;https:\/\/www.fondationmdm.com\/wp-content\/uploads\/mosaico_dialogo.jpg&quot;);\" ><div class=\"fusion-builder-row fusion-row\"><div class=\"fusion-layout-column fusion_builder_column fusion-builder-column-32 fusion_builder_column_1_1 1_1 fusion-one-full fusion-column-first fusion-column-last fusion-column-no-min-height\" style=\"--awb-bg-blend:overlay;--awb-bg-size:cover;\"><div class=\"fusion-column-wrapper fusion-flex-column-wrapper-legacy\"><div class=\"fusion-sep-clear\"><\/div><div class=\"fusion-separator fusion-full-width-sep\" style=\"margin-left: auto;margin-right: auto;margin-top:5px;margin-bottom:5px;width:100%;\"><\/div><div class=\"fusion-sep-clear\"><\/div><div class=\"fusion-clearfix\"><\/div><\/div><\/div><\/div><\/div><\/p>\n","protected":false},"excerpt":{"rendered":"","protected":false},"author":2,"featured_media":0,"parent":0,"menu_order":0,"comment_status":"closed","ping_status":"open","template":"100-width.php","meta":{"_seopress_robots_primary_cat":"","_seopress_titles_title":"","_seopress_titles_desc":"The prize enables the realization of a research project representing an original contribution to the knowledge of the arts and humanities of the Mediterranean.","_seopress_robots_index":"","footnotes":""},"class_list":["post-2911","page","type-page","status-publish","hentry"],"_links":{"self":[{"href":"https:\/\/www.fondationmdm.com\/en\/wp-json\/wp\/v2\/pages\/2911","targetHints":{"allow":["GET"]}}],"collection":[{"href":"https:\/\/www.fondationmdm.com\/en\/wp-json\/wp\/v2\/pages"}],"about":[{"href":"https:\/\/www.fondationmdm.com\/en\/wp-json\/wp\/v2\/types\/page"}],"author":[{"embeddable":true,"href":"https:\/\/www.fondationmdm.com\/en\/wp-json\/wp\/v2\/users\/2"}],"replies":[{"embeddable":true,"href":"https:\/\/www.fondationmdm.com\/en\/wp-json\/wp\/v2\/comments?post=2911"}],"version-history":[{"count":66,"href":"https:\/\/www.fondationmdm.com\/en\/wp-json\/wp\/v2\/pages\/2911\/revisions"}],"predecessor-version":[{"id":5318,"href":"https:\/\/www.fondationmdm.com\/en\/wp-json\/wp\/v2\/pages\/2911\/revisions\/5318"}],"wp:attachment":[{"href":"https:\/\/www.fondationmdm.com\/en\/wp-json\/wp\/v2\/media?parent=2911"}],"curies":[{"name":"wp","href":"https:\/\/api.w.org\/{rel}","templated":true}]}}