{"id":2552,"date":"2017-07-18T16:04:34","date_gmt":"2017-07-18T14:04:34","guid":{"rendered":"http:\/\/www.ludovi.ca\/fondationmdm\/?page_id=2552\/"},"modified":"2017-07-28T11:46:49","modified_gmt":"2017-07-28T09:46:49","slug":"notizie-anni-precedenti","status":"publish","type":"page","link":"https:\/\/www.fondationmdm.com\/it\/notizie-anni-precedenti\/","title":{"rendered":"Notizie &#8211; anni precedenti"},"content":{"rendered":"<p><div class=\"fusion-fullwidth fullwidth-box fusion-builder-row-1 nonhundred-percent-fullwidth non-hundred-percent-height-scrolling\" style=\"--awb-background-position:left top;--awb-border-radius-top-left:0px;--awb-border-radius-top-right:0px;--awb-border-radius-bottom-right:0px;--awb-border-radius-bottom-left:0px;--awb-padding-top:60px;--awb-padding-right:8%;--awb-padding-bottom:60px;--awb-padding-left:8%;--awb-background-color:#ffffff;--awb-border-sizes-top:0px;--awb-border-sizes-bottom:0px;\" ><div class=\"fusion-builder-row fusion-row\"><div class=\"fusion-layout-column fusion_builder_column fusion-builder-column-0 fusion_builder_column_1_1 1_1 fusion-one-full fusion-column-first fusion-column-last fusion-column-no-min-height\" style=\"--awb-bg-size:cover;\"><div class=\"fusion-column-wrapper fusion-flex-column-wrapper-legacy\"><div class=\"fusion-title title fusion-title-1 fusion-title-center fusion-title-text fusion-title-size-one\"><div class=\"title-sep-container title-sep-container-left\"><div class=\"title-sep sep-single sep-solid\" style=\"border-color:#e0dede;\"><\/div><\/div><span class=\"awb-title-spacer\"><\/span><h1 class=\"title-heading-center fusion-responsive-typography-calculated\" style=\"margin:0;--fontSize:56;line-height:1.79;\">2014<\/h1><span class=\"awb-title-spacer\"><\/span><div class=\"title-sep-container title-sep-container-right\"><div class=\"title-sep sep-single sep-solid\" style=\"border-color:#e0dede;\"><\/div><\/div><\/div><div class=\"fusion-text fusion-text-1\"><p><strong>01-08-2014<\/strong><\/p>\n<p>\u00c8 stato aperto\u00a0il <a href=\"http:\/\/www.inha.fr\/fr\/recherche\/actualite-scientifique\/appels-a-candidatures-inha\/prix-marc-de-montalembert-2015.html\" target=\"_blank\" rel=\"noopener\">bando di concorso per il <strong>Prix Marc de Montalembert 2015<\/strong><\/a> sul sito del INHA.<\/p>\n<p>Le candidature saranno ricevute dal 1 ottobre al 30 novembre 2014 sia direttamente online o con invio postale. Data limite di invio delle candidature : <strong>30 novembre 2014<\/strong><\/p>\n<p><strong>25-04-2014<\/strong><\/p>\n<p>Apertura annuale della Fondazione a Rodi per la festa di San Marco : la <strong>borsa Marc de Montalembert 2014<\/strong> viene consegnata a <strong>Alessia Leofreddi<\/strong>, Italia, per il suo progetto\u00a0 \u00ab <i>La liturgia ortodossa : il \u201cdramma in musica\u201d della cristianit\u00e0 d\u2019Oriente. <\/i><i>Uno studio della liturgia in Serbia, Bosnia-Herzegovina e Montenegro<b> <\/b><\/i>\u00bb. Nella stessa occasione <strong>Pandora Dourmisi<\/strong>, Grecia, vincitrice della borsa 2013 presenta il resoconto del suo progetto \u00ab <em>Architetture in terra in stato di abandono nei Balkani occidental <\/em>\u00bb, e espone una serie di fotografie realizzate durante le sue osservazioni in Albania, Montenegro, Bosnia Erzegovina e Croatia.<\/p>\n<p><strong>31-03-2014<\/strong><\/p>\n<p>La <strong>borsa Marc de Montalembert 2014<\/strong> \u00e8 stata attribuita a <strong>Alessia LEOFREDDI<\/strong>, Italia, per il suo progetto\u00a0 \u00ab <i>La liturgia ortodossa : il \u201cdramma in musica\u201d della cristianit\u00e0 d\u2019Oriente. <\/i><i>Uno studio della liturgia in Serbia, Bosnia-Herzegovina e Montenegro<b> <\/b><\/i>\u00bb. Obbietivo del progetto\u00a0 \u00e8 l\u2019osservazione della liturgia ortodossa nel contesto di\u00a0 tre paesi dei Balkani e della diversit\u00e0 dei segni e dei linguagi espressioni di una mistica \u201cpopolare\u201d.<\/p>\n<p><strong>19-03-2014<\/strong><\/p>\n<p>Nella sede del Institut national d\u2019histoire de l\u2019art (INHA) a Parigi il <strong>Prix Marc de Montalembert 2014<\/strong> \u00e9 stato consegnato da M. Jean Pierre Van Sta\u00ebvel, professeur d\u2019arch\u00e9ologie des pays d\u2019Islam et directeur adjoint de l\u2019UFR d\u2019Histoire de l\u2019art et arch\u00e9ologie \u00e0 l\u2019Universit\u00e9 de Paris Sorbonne, a <strong>Allegra IAFRATE<\/strong>, storica dell\u2019arte italiana,\u00a0 per la sua ricerca \u201c<strong><i>Il trono errante di Salomone : studio di un simbolo condiviso nelle culture del Mediterraneo durante il Medioevo<\/i><\/strong>\u201d. In questa occasione <strong>Silvia ORMANDO<\/strong><strong>, Prix Marc de Montalembert 2013, <\/strong>ha presentato i risultati della sua ricerca \u00ab\u00a0<i>Arte e archeologia del mondo mediterraneo medievale attraverso la corrispondenza e gli archivi fotografici di Ugo Monneret de Villard<\/i>\u00a0\u00bb, risultati che saranno oggetto di una prossima pubblicazione.<\/p>\n<p><strong>16-01-2014<\/strong><\/p>\n<p>La vincitrice del <strong>Prix Marc de Montalembert 2014<\/strong> \u00e8 la dottoressa <strong>Allegra IAFRATE<\/strong>, italiana, perfezionata in storia dell\u2019arte presso la Scuola Normale Superiore di Pisa, per la sua ricerca \u201c<em><strong>Il trono errante di Salomone: studio di un simbolo condiviso nelle culture del Mediterraneo durante il Medioevo<\/strong><\/em>\u201d.<\/p>\n<p>Il Prix Marc de Montalembert render\u00e0 possibile il completamento di un progetto di ricerca sull\u2019influenza di alcuni temi legati a Salomone nell\u2019arte cristiana, ebraica e islamica nel corso del Medioevo. Focalizzandosi in particolare sul tema del trono di re Salomone, questo studio mira a\u00a0 mettere in luce un\u2019 \u201cestetica salomonica\u201d condivisa, diffusa soprattutto fra il X e il XIII secolo, mostrando come oggetti di forte impatto visivo interagiscono con le fonti scritte. Il premio permetter\u00e0 all\u2019autrice di preparare una monografia illustrata sull\u2019argomento.<\/p>\n<\/div><div class=\"fusion-clearfix\"><\/div><\/div><\/div><\/div><\/div><div class=\"fusion-fullwidth fullwidth-box fusion-builder-row-2 nonhundred-percent-fullwidth non-hundred-percent-height-scrolling\" style=\"--awb-background-position:left top;--awb-border-radius-top-left:0px;--awb-border-radius-top-right:0px;--awb-border-radius-bottom-right:0px;--awb-border-radius-bottom-left:0px;--awb-padding-top:60px;--awb-padding-right:8%;--awb-padding-bottom:60px;--awb-padding-left:8%;--awb-background-color:#ffffff;--awb-border-sizes-top:0px;--awb-border-sizes-bottom:0px;\" ><div class=\"fusion-builder-row fusion-row\"><div class=\"fusion-layout-column fusion_builder_column fusion-builder-column-1 fusion_builder_column_1_1 1_1 fusion-one-full fusion-column-first fusion-column-last fusion-column-no-min-height\" style=\"--awb-bg-size:cover;\"><div class=\"fusion-column-wrapper fusion-flex-column-wrapper-legacy\"><div class=\"fusion-title title fusion-title-2 fusion-title-center fusion-title-text fusion-title-size-one\"><div class=\"title-sep-container title-sep-container-left\"><div class=\"title-sep sep-single sep-solid\" style=\"border-color:#e0dede;\"><\/div><\/div><span class=\"awb-title-spacer\"><\/span><h1 class=\"title-heading-center fusion-responsive-typography-calculated\" style=\"margin:0;--fontSize:56;line-height:1.79;\">2013<\/h1><span class=\"awb-title-spacer\"><\/span><div class=\"title-sep-container title-sep-container-right\"><div class=\"title-sep sep-single sep-solid\" style=\"border-color:#e0dede;\"><\/div><\/div><\/div><div class=\"fusion-text fusion-text-2\"><p><strong>01-10-2013<\/strong><\/p>\n<p>Lancio del bando di concorso per la borsa Marc de Montalembert 2014<\/p>\n<p><strong>01-07-2013<\/strong><\/p>\n<p>E\u2019 stato aperto Il Bando per il concorso Prix Marc de Montalembert 2014, scadenza 1\u00b0 novembre 2013.<\/p>\n<p><strong>08-05-2013<\/strong><\/p>\n<p>Apertura annuale della Fondazione a Rodi per la festa di San Marco : la borsa Marc de Montalembert 2013 viene consegnata a <strong>Pandora Dourmisi<\/strong>, Grecia, per il suo progetto <em>Architetture in terra in stato di abandono nei Balkani occidentali<\/em>. Nella stessa occasione <strong>Camille Oarda<\/strong>, vincitrice della borsa 2012, espone le incisioni e i monotipi, risultato del suo progetto <em>Impressioni nel Mediterraneo<\/em>.<\/p>\n<p><strong>30-03-2013<\/strong><\/p>\n<p>La borsa Marc de Montalembert 2013 \u00e8 stata attribuita a <strong>Pandora Dourmisi<\/strong>, Grecia, per il suo progetto <em>Architetture in terra in stato di abandono nei Balkani occidentali <\/em>: obbietivo del progetto \u00e8 una ricerca degli stili e techniche tradizionali di architetture in terra in questa regione e preparare un archivio fotografico e un catalogo.<\/p>\n<p><strong>26-03-2013<\/strong><\/p>\n<p>Nella sede del\u2019INHA a Parigi il <strong>Prix Marc de Montalembert 2013<\/strong> \u00e9 stato consegnato da Jean Michel Mouton, Directeur d\u2019\u00e9tudes \u00e0 l\u2019EPHE \u2013 Histoire et arch\u00e9ologie des mondes musulmans a <strong>Silvia Armando<\/strong> storica dell\u2019arte italiana per la sua ricerca Arte e archeologia del mondo mediterraneo medievale attraverso la corrispondenza e gli archivi fotografici di Ugo Monneret de Villard. In questa occasione Rihda Moumni, Prix Marc de Montalembert 2012, ha pronunciato una conferenza intitolata Discours et contre-discours carthaginois: la d\u00e9couverte des antiquit\u00e9s dans la R\u00e9gence de Tunis.<\/p>\n<p><strong>18-01-2013<\/strong><\/p>\n<p>Il <strong>Prix Marc de Montalembert 2013<\/strong> viene attribuito alla dott. <strong>Silvia Armando<\/strong>, italiana e storica dell\u2019arte. La sua ricerca <em>\u201dArte e archeologia del mondo mediterraneo medievale attraverso la corrispondenza e gli archivi fotografici di Ugo Monneret de Villars\u201d<\/em> riguarda il grande studioso italiano di arte islamica attivo nella la prima met\u00e0 del XX\u00b0 secolo. Il Prix 2013 verr\u00e0 consegnato a fine marzo a l\u2019INHA, a Parigi.<\/p>\n<\/div><div class=\"fusion-clearfix\"><\/div><\/div><\/div><\/div><\/div><div class=\"fusion-fullwidth fullwidth-box fusion-builder-row-3 nonhundred-percent-fullwidth non-hundred-percent-height-scrolling\" style=\"--awb-background-position:left top;--awb-border-radius-top-left:0px;--awb-border-radius-top-right:0px;--awb-border-radius-bottom-right:0px;--awb-border-radius-bottom-left:0px;--awb-padding-top:60px;--awb-padding-right:8%;--awb-padding-bottom:60px;--awb-padding-left:8%;--awb-background-color:#ffffff;--awb-border-sizes-top:0px;--awb-border-sizes-bottom:0px;\" ><div class=\"fusion-builder-row fusion-row\"><div class=\"fusion-layout-column fusion_builder_column fusion-builder-column-2 fusion_builder_column_1_1 1_1 fusion-one-full fusion-column-first fusion-column-last fusion-column-no-min-height\" style=\"--awb-bg-size:cover;\"><div class=\"fusion-column-wrapper fusion-flex-column-wrapper-legacy\"><div class=\"fusion-title title fusion-title-3 fusion-title-center fusion-title-text fusion-title-size-one\"><div class=\"title-sep-container title-sep-container-left\"><div class=\"title-sep sep-single sep-solid\" style=\"border-color:#e0dede;\"><\/div><\/div><span class=\"awb-title-spacer\"><\/span><h1 class=\"title-heading-center fusion-responsive-typography-calculated\" style=\"margin:0;--fontSize:56;line-height:1.79;\">2012<\/h1><span class=\"awb-title-spacer\"><\/span><div class=\"title-sep-container title-sep-container-right\"><div class=\"title-sep sep-single sep-solid\" style=\"border-color:#e0dede;\"><\/div><\/div><\/div><div class=\"fusion-text fusion-text-3\"><p><strong>25-11-2012<\/strong><\/p>\n<p>Dal 22 al 25 novembre 2012 la Fondazione ha ospitato nella sua sede a Rodi il <strong>seminario<\/strong> organizzato dalla Systemic Innovation Hellas e da Harah Practice, sul tema \u201d<strong>L\u2019arte della leadership participativa<\/strong>\u201d. Il seminario \u00e8 stato seguito da 28 partecipanti, di cui 13 erano giovani greci. Obiettivo principale del seminario era di sviluppare nei partecipanti la capacit\u00e0 di prendere iniziative ragionate in una situazione di crisi in cui sono necessari una maggiore coesione sociale e un approccio indirizzato alla trasformazione sistemica.<\/p>\n<p><strong>30-09-2012<\/strong><\/p>\n<p>In occasione della giornata europea della cultura la Fondazione partecipa all\u2019iniziativa \u201d<strong>Porte Aperte<\/strong>\u201d organizzata nella citt\u00e0 medievale di Rodi e apre il giardino al publico. Pi\u00f9 di 1500 persone hanno visitato il giardino.<\/p>\n<p><strong>25-04-2012<\/strong><\/p>\n<p>Apertura annuale della Fondazione a Rodi per la festa di San Marco : la <strong>borsa Marc de Montalembert 2012 <\/strong>viene consegnata a <strong>Camille OARDA<\/strong>, Francia.<\/p>\n<p><strong>30-03-2012<\/strong><\/p>\n<p>La <strong>borsa Marc de Montalembert 2012<\/strong> \u00e8 attribuita a <strong>Camille OARDA<\/strong>, Francia, per il suo progetto <strong>Impressioni nel Mediterraneo<\/strong>, per una raccolta di incisioni, stampe e disegni.<\/p>\n<p><strong>20-03-2012<\/strong><\/p>\n<p>Il <strong>Prix Marc de Montalembert 2012<\/strong> \u00e8 stato attribuito a <strong>Ridha Moumni<\/strong>, Tunisia, dottore in archeologia e specialista di architettura e storia religiosa punica, fenicia e romana. \u00c8 stato borsista della Villa Medici a Roma. La sua ricerca si intitola \u00ab <strong>Qu\u00eates carthaginoises : la red\u00e9couverte de Carthage et sa r\u00e9ception dans la R\u00e9gence de Tunis<\/strong> \u00bb, una riscrittura della storia degli scavi di Cartagine dal loro inizio, alla fine del secolo XVIII, fino all\u2019indipendenza della Tunisia. Il Prix Marc de Montalembert verr\u00e0 consegnato da M. No\u00ebl Duval, professore emerito all\u2019Universit\u00e0 di Paris-Sorbonne, il 20 marzo 2012 nella sede del\u2019Institut national d\u2019histoire de l\u2019art a Parigi.<\/p>\n<\/div><div class=\"fusion-clearfix\"><\/div><\/div><\/div><\/div><\/div><div class=\"fusion-fullwidth fullwidth-box fusion-builder-row-4 nonhundred-percent-fullwidth non-hundred-percent-height-scrolling\" style=\"--awb-background-position:left top;--awb-border-radius-top-left:0px;--awb-border-radius-top-right:0px;--awb-border-radius-bottom-right:0px;--awb-border-radius-bottom-left:0px;--awb-padding-top:60px;--awb-padding-right:8%;--awb-padding-bottom:60px;--awb-padding-left:8%;--awb-background-color:#ffffff;--awb-border-sizes-top:0px;--awb-border-sizes-bottom:0px;\" ><div class=\"fusion-builder-row fusion-row\"><div class=\"fusion-layout-column fusion_builder_column fusion-builder-column-3 fusion_builder_column_1_1 1_1 fusion-one-full fusion-column-first fusion-column-last fusion-column-no-min-height\" style=\"--awb-bg-size:cover;\"><div class=\"fusion-column-wrapper fusion-flex-column-wrapper-legacy\"><div class=\"fusion-title title fusion-title-4 fusion-title-center fusion-title-text fusion-title-size-one\"><div class=\"title-sep-container title-sep-container-left\"><div class=\"title-sep sep-single sep-solid\" style=\"border-color:#e0dede;\"><\/div><\/div><span class=\"awb-title-spacer\"><\/span><h1 class=\"title-heading-center fusion-responsive-typography-calculated\" style=\"margin:0;--fontSize:56;line-height:1.79;\">2011<\/h1><span class=\"awb-title-spacer\"><\/span><div class=\"title-sep-container title-sep-container-right\"><div class=\"title-sep sep-single sep-solid\" style=\"border-color:#e0dede;\"><\/div><\/div><\/div><div class=\"fusion-text fusion-text-4\"><p><strong>15-06-2011<\/strong><\/p>\n<p>Lancio del bando di concorso per il <strong>Premio Marc de Montalembert 2012<br \/>\n<\/strong>https:\/\/www.fondationmdm.com\/usr_file\/2012Prize_ENG.pdf<\/p>\n<p><strong>01-04-2011<\/strong><\/p>\n<p>La <strong>borsa Marc de Montalembert 2011<\/strong> \u00e8 attribuita a <strong>Omar S. Ghiani<\/strong>, Italia, per il suo progetto <strong>Gli arabi cristiani come punto d\u2019incontro tra Oriente ed Occidente<\/strong>.<\/p>\n<p><strong>22-03-2011<\/strong><\/p>\n<p>Il <strong>Prix Marc de Montalembert 2011<\/strong> \u00e8 stato consegnato a Parigi il 22 marzo 2011 dall\u2019Ambasciatore di Albania in Francia alla D.ssa <strong>Belisa MUKA<\/strong>, archeologa albanese dell\u2019 Istituto di Albanologia di Tirana, per la sua ricerca <strong>Le terre cotte di tipo greco in Illyria meridionale e in Epiro del nord<\/strong>. Questo premio viene attribuito ogni anno dalla Fondation Marc de Montalembert in associazione con l\u2019Institut National d\u2019Histoire de l\u2019Art (INHA) di Parigi.<\/p>\n<p><strong>14-01-2011<\/strong><\/p>\n<p>Il <strong>Premio Marc de Montalembert 2011<\/strong> \u00e8 assegnato a <strong>Belisa Muka<\/strong>, ricercatore presso l\u2019Istituto di archeologia del Centro di albanologia della Repubblica di <strong>Albania<\/strong>, per il suo progetto di ricerca sulle \u201c<strong>terrecotte di tipo greco nell\u2019Illiria meridionale e nell\u2019Epiro del nord<\/strong>\u201d.<\/p>\n<\/div><div class=\"fusion-clearfix\"><\/div><\/div><\/div><\/div><\/div><\/p>\n","protected":false},"excerpt":{"rendered":"","protected":false},"author":1,"featured_media":0,"parent":0,"menu_order":0,"comment_status":"closed","ping_status":"open","template":"100-width.php","meta":{"_seopress_robots_primary_cat":"","_seopress_titles_title":"","_seopress_titles_desc":"","_seopress_robots_index":"","footnotes":""},"class_list":["post-2552","page","type-page","status-publish","hentry"],"_links":{"self":[{"href":"https:\/\/www.fondationmdm.com\/it\/wp-json\/wp\/v2\/pages\/2552","targetHints":{"allow":["GET"]}}],"collection":[{"href":"https:\/\/www.fondationmdm.com\/it\/wp-json\/wp\/v2\/pages"}],"about":[{"href":"https:\/\/www.fondationmdm.com\/it\/wp-json\/wp\/v2\/types\/page"}],"author":[{"embeddable":true,"href":"https:\/\/www.fondationmdm.com\/it\/wp-json\/wp\/v2\/users\/1"}],"replies":[{"embeddable":true,"href":"https:\/\/www.fondationmdm.com\/it\/wp-json\/wp\/v2\/comments?post=2552"}],"version-history":[{"count":3,"href":"https:\/\/www.fondationmdm.com\/it\/wp-json\/wp\/v2\/pages\/2552\/revisions"}],"predecessor-version":[{"id":2555,"href":"https:\/\/www.fondationmdm.com\/it\/wp-json\/wp\/v2\/pages\/2552\/revisions\/2555"}],"wp:attachment":[{"href":"https:\/\/www.fondationmdm.com\/it\/wp-json\/wp\/v2\/media?parent=2552"}],"curies":[{"name":"wp","href":"https:\/\/api.w.org\/{rel}","templated":true}]}}