{"id":2635,"date":"2017-07-19T09:48:15","date_gmt":"2017-07-19T07:48:15","guid":{"rendered":"http:\/\/www.ludovi.ca\/fondationmdm\/?page_id=2635\/"},"modified":"2025-10-21T09:31:02","modified_gmt":"2025-10-21T07:31:02","slug":"lista-delle-borse-attribuite","status":"publish","type":"page","link":"https:\/\/www.fondationmdm.com\/it\/lista-delle-borse-attribuite\/","title":{"rendered":"Lista delle borse attribuite"},"content":{"rendered":"<p><div class=\"fusion-fullwidth fullwidth-box fusion-builder-row-1 nonhundred-percent-fullwidth non-hundred-percent-height-scrolling fusion-equal-height-columns\" style=\"--awb-background-position:left top;--awb-border-sizes-top:0px;--awb-border-sizes-bottom:0px;--awb-border-sizes-left:0px;--awb-border-sizes-right:0px;--awb-border-radius-top-left:0px;--awb-border-radius-top-right:0px;--awb-border-radius-bottom-right:0px;--awb-border-radius-bottom-left:0px;--awb-padding-top:0px;--awb-padding-right:0px;--awb-padding-bottom:0px;--awb-padding-left:0px;--awb-margin-top:50px;\" ><div class=\"fusion-builder-row fusion-row\"><div class=\"fusion-layout-column fusion_builder_column fusion-builder-column-0 fusion_builder_column_1_6 1_6 fusion-one-sixth fusion-column-first\" style=\"--awb-padding-right:0px;--awb-padding-left:0px;--awb-bg-image:url(&#039;https:\/\/www.fondationmdm.com\/wp-content\/uploads\/segnaposto-progetti5.gif&#039;);--awb-bg-position:center center;--awb-bg-blend:overlay;--awb-bg-size:cover;\" data-motion-effects=\"[{&quot;type&quot;:&quot;&quot;,&quot;scroll_type&quot;:&quot;transition&quot;,&quot;scroll_direction&quot;:&quot;up&quot;,&quot;transition_speed&quot;:&quot;1&quot;,&quot;fade_type&quot;:&quot;in&quot;,&quot;scale_type&quot;:&quot;up&quot;,&quot;initial_scale&quot;:&quot;1&quot;,&quot;max_scale&quot;:&quot;1.5&quot;,&quot;min_scale&quot;:&quot;0.5&quot;,&quot;initial_rotate&quot;:&quot;0&quot;,&quot;end_rotate&quot;:&quot;30&quot;,&quot;initial_blur&quot;:&quot;0&quot;,&quot;end_blur&quot;:&quot;3&quot;,&quot;start_element&quot;:&quot;top&quot;,&quot;start_viewport&quot;:&quot;bottom&quot;,&quot;end_element&quot;:&quot;bottom&quot;,&quot;end_viewport&quot;:&quot;top&quot;,&quot;mouse_effect&quot;:&quot;track&quot;,&quot;mouse_effect_direction&quot;:&quot;opposite&quot;,&quot;mouse_effect_speed&quot;:&quot;2&quot;,&quot;infinite_animation&quot;:&quot;float&quot;,&quot;infinite_animation_speed&quot;:&quot;2&quot;}]\" data-scroll-devices=\"small-visibility,medium-visibility,large-visibility\"><div class=\"fusion-column-wrapper fusion-column-has-shadow fusion-flex-column-wrapper-legacy\" data-bg-url=\"https:\/\/www.fondationmdm.com\/wp-content\/uploads\/segnaposto-progetti5.gif\"><div class=\"fusion-align-block\"><a class=\"fusion-button button-flat button-medium button-custom fusion-button-default button-1 fusion-button-span-yes bottom-align\" style=\"--button_accent_color:#ffffff;--button_accent_hover_color:#ffffff;--button_border_hover_color:#ffffff;--button_border_width-top:0px;--button_border_width-right:0px;--button_border_width-bottom:0px;--button_border_width-left:0px;--button-border-radius-top-left:0px;--button-border-radius-top-right:0px;--button-border-radius-bottom-right:0px;--button-border-radius-bottom-left:0px;--button_gradient_top_color:rgba(0,19,67,0.7);--button_gradient_bottom_color:rgba(0,19,67,0.7);--button_gradient_top_color_hover:#2d69b6;--button_gradient_bottom_color_hover:#2d69b6;\" target=\"_self\"><span class=\"fusion-button-text\">INES MITANNE<\/span><\/a><\/div><div class=\"fusion-clearfix\"><\/div><\/div><\/div><div class=\"fusion-layout-column fusion_builder_column fusion-builder-column-1 fusion_builder_column_5_6 5_6 fusion-five-sixth fusion-column-last\" style=\"--awb-padding-top:0px;--awb-padding-right:0px;--awb-padding-bottom:0px;--awb-padding-left:0px;--awb-bg-blend:overlay;--awb-bg-repeat:repeat;\" data-motion-effects=\"[{&quot;type&quot;:&quot;&quot;,&quot;scroll_type&quot;:&quot;transition&quot;,&quot;scroll_direction&quot;:&quot;up&quot;,&quot;transition_speed&quot;:&quot;1&quot;,&quot;fade_type&quot;:&quot;in&quot;,&quot;scale_type&quot;:&quot;up&quot;,&quot;initial_scale&quot;:&quot;1&quot;,&quot;max_scale&quot;:&quot;1.5&quot;,&quot;min_scale&quot;:&quot;0.5&quot;,&quot;initial_rotate&quot;:&quot;0&quot;,&quot;end_rotate&quot;:&quot;30&quot;,&quot;initial_blur&quot;:&quot;0&quot;,&quot;end_blur&quot;:&quot;3&quot;,&quot;start_element&quot;:&quot;top&quot;,&quot;start_viewport&quot;:&quot;bottom&quot;,&quot;end_element&quot;:&quot;bottom&quot;,&quot;end_viewport&quot;:&quot;top&quot;,&quot;mouse_effect&quot;:&quot;track&quot;,&quot;mouse_effect_direction&quot;:&quot;opposite&quot;,&quot;mouse_effect_speed&quot;:&quot;2&quot;,&quot;infinite_animation&quot;:&quot;float&quot;,&quot;infinite_animation_speed&quot;:&quot;2&quot;}]\" data-scroll-devices=\"small-visibility,medium-visibility,large-visibility\"><div class=\"fusion-column-wrapper fusion-column-has-shadow fusion-flex-column-wrapper-legacy\"><div class=\"fusion-text fusion-text-1\"><div class=\"tabella-borse\">\n<table>\n<thead>\n<tr>\n<th><strong class=\"grasso\">2025<\/strong><\/th>\n<th><em>Faire le tour de la mer pour sauver la terre<\/em><\/th>\n<th style=\"text-align: left;\">Nazionalit\u00e0: Francia<br \/>\nCategoria: Agro\u00e9cologie sociale<\/th>\n<\/tr>\n<\/thead>\n<tbody>\n<tr>\n<td colspan=\"3\" align=\"left\">Ricerca in corso<\/td>\n<\/tr>\n<\/tbody>\n<\/table>\n<\/div>\n<\/div><div class=\"fusion-clearfix\"><\/div><\/div><\/div><\/div><\/div><div class=\"fusion-fullwidth fullwidth-box fusion-builder-row-2 nonhundred-percent-fullwidth non-hundred-percent-height-scrolling fusion-equal-height-columns\" style=\"--awb-background-position:left top;--awb-border-sizes-top:0px;--awb-border-sizes-bottom:0px;--awb-border-sizes-left:0px;--awb-border-sizes-right:0px;--awb-border-radius-top-left:0px;--awb-border-radius-top-right:0px;--awb-border-radius-bottom-right:0px;--awb-border-radius-bottom-left:0px;--awb-padding-top:0px;--awb-padding-right:0px;--awb-padding-bottom:0px;--awb-padding-left:0px;--awb-margin-top:50px;\" ><div class=\"fusion-builder-row fusion-row\"><div class=\"fusion-layout-column fusion_builder_column fusion-builder-column-2 fusion_builder_column_1_6 1_6 fusion-one-sixth fusion-column-first fusion-column-inner-bg-wrapper\" style=\"--awb-padding-right:0px;--awb-padding-left:0px;--awb-inner-bg-image:url(&#039;https:\/\/www.fondationmdm.com\/wp-content\/uploads\/Anama-Kotlarevsky.png&#039;);--awb-inner-bg-position:center center;--awb-inner-bg-blend:overlay;--awb-inner-bg-size:cover;\" data-motion-effects=\"[{&quot;type&quot;:&quot;&quot;,&quot;scroll_type&quot;:&quot;transition&quot;,&quot;scroll_direction&quot;:&quot;up&quot;,&quot;transition_speed&quot;:&quot;1&quot;,&quot;fade_type&quot;:&quot;in&quot;,&quot;scale_type&quot;:&quot;up&quot;,&quot;initial_scale&quot;:&quot;1&quot;,&quot;max_scale&quot;:&quot;1.5&quot;,&quot;min_scale&quot;:&quot;0.5&quot;,&quot;initial_rotate&quot;:&quot;0&quot;,&quot;end_rotate&quot;:&quot;30&quot;,&quot;initial_blur&quot;:&quot;0&quot;,&quot;end_blur&quot;:&quot;3&quot;,&quot;start_element&quot;:&quot;top&quot;,&quot;start_viewport&quot;:&quot;bottom&quot;,&quot;end_element&quot;:&quot;bottom&quot;,&quot;end_viewport&quot;:&quot;top&quot;,&quot;mouse_effect&quot;:&quot;track&quot;,&quot;mouse_effect_direction&quot;:&quot;opposite&quot;,&quot;mouse_effect_speed&quot;:&quot;2&quot;,&quot;infinite_animation&quot;:&quot;float&quot;,&quot;infinite_animation_speed&quot;:&quot;2&quot;}]\" data-scroll-devices=\"small-visibility,medium-visibility,large-visibility\"><span class=\"fusion-column-inner-bg hover-type-none\"><a class=\"fusion-column-anchor\" href=\"https:\/\/www.fondationmdm.com\/it\/anama-kotlarevsky\/\"><span class=\"fusion-column-inner-bg-image\"><\/span><\/a><\/span><div class=\"fusion-column-wrapper fusion-column-has-shadow fusion-flex-column-wrapper-legacy\" data-bg-url=\"https:\/\/www.fondationmdm.com\/wp-content\/uploads\/Anama-Kotlarevsky.png\"><div class=\"fusion-align-block\"><a class=\"fusion-button button-flat button-medium button-custom fusion-button-default button-2 fusion-button-span-yes bottom-align\" style=\"--button_accent_color:#ffffff;--button_accent_hover_color:#ffffff;--button_border_hover_color:#ffffff;--button_border_width-top:0px;--button_border_width-right:0px;--button_border_width-bottom:0px;--button_border_width-left:0px;--button-border-radius-top-left:0px;--button-border-radius-top-right:0px;--button-border-radius-bottom-right:0px;--button-border-radius-bottom-left:0px;--button_gradient_top_color:rgba(0,19,67,0.7);--button_gradient_bottom_color:rgba(0,19,67,0.7);--button_gradient_top_color_hover:#2d69b6;--button_gradient_bottom_color_hover:#2d69b6;\" target=\"_self\"><span class=\"fusion-button-text\">ANAMA KOTLAREVSKY <\/span><\/a><\/div><div class=\"fusion-clearfix\"><\/div><\/div><\/div><div class=\"fusion-layout-column fusion_builder_column fusion-builder-column-3 fusion_builder_column_5_6 5_6 fusion-five-sixth fusion-column-last fusion-column-inner-bg-wrapper\" style=\"--awb-padding-top:0px;--awb-padding-right:0px;--awb-padding-bottom:0px;--awb-padding-left:0px;--awb-inner-bg-blend:overlay;--awb-inner-bg-repeat:repeat;\" data-motion-effects=\"[{&quot;type&quot;:&quot;&quot;,&quot;scroll_type&quot;:&quot;transition&quot;,&quot;scroll_direction&quot;:&quot;up&quot;,&quot;transition_speed&quot;:&quot;1&quot;,&quot;fade_type&quot;:&quot;in&quot;,&quot;scale_type&quot;:&quot;up&quot;,&quot;initial_scale&quot;:&quot;1&quot;,&quot;max_scale&quot;:&quot;1.5&quot;,&quot;min_scale&quot;:&quot;0.5&quot;,&quot;initial_rotate&quot;:&quot;0&quot;,&quot;end_rotate&quot;:&quot;30&quot;,&quot;initial_blur&quot;:&quot;0&quot;,&quot;end_blur&quot;:&quot;3&quot;,&quot;start_element&quot;:&quot;top&quot;,&quot;start_viewport&quot;:&quot;bottom&quot;,&quot;end_element&quot;:&quot;bottom&quot;,&quot;end_viewport&quot;:&quot;top&quot;,&quot;mouse_effect&quot;:&quot;track&quot;,&quot;mouse_effect_direction&quot;:&quot;opposite&quot;,&quot;mouse_effect_speed&quot;:&quot;2&quot;,&quot;infinite_animation&quot;:&quot;float&quot;,&quot;infinite_animation_speed&quot;:&quot;2&quot;}]\" data-scroll-devices=\"small-visibility,medium-visibility,large-visibility\"><span class=\"fusion-column-inner-bg hover-type-none\"><a class=\"fusion-column-anchor\" href=\"https:\/\/www.fondationmdm.com\/it\/anama-kotlarevsky\/\"><span class=\"fusion-column-inner-bg-image\"><\/span><\/a><\/span><div class=\"fusion-column-wrapper fusion-column-has-shadow fusion-flex-column-wrapper-legacy\"><div class=\"fusion-text fusion-text-2\"><div class=\"tabella-borse\">\n<table>\n<thead>\n<tr>\n<th><strong class=\"grasso\">2024<\/strong><\/th>\n<th><i>Atlas g\u00e9n\u00e9ral (archive spatiale des \u00e9changes litt\u00e9raires \u00e0 Tanger, \u00e0 Alexandrie et \u00e0 Istanbul pour un cosmopolitisme des savoirs.)<\/i><\/th>\n<th style=\"text-align: left;\">Nazionalit\u00e0: Francia<br \/>\nCategoria: letteratura<\/th>\n<\/tr>\n<\/thead>\n<tbody>\n<tr>\n<td colspan=\"3\" align=\"left\">Il progetto Atlante generale per un cosmopolitismo dei saperi nasce dal desiderio di aprirsi alla diversit\u00e0 delle culture, delle idee e delle forme di creazione. [&#8230;]<\/td>\n<\/tr>\n<\/tbody>\n<\/table>\n<\/div>\n<\/div><div class=\"fusion-clearfix\"><\/div><\/div><\/div><\/div><\/div><div class=\"fusion-fullwidth fullwidth-box fusion-builder-row-3 nonhundred-percent-fullwidth non-hundred-percent-height-scrolling fusion-equal-height-columns\" style=\"--awb-background-position:left top;--awb-border-sizes-top:0px;--awb-border-sizes-bottom:0px;--awb-border-sizes-left:0px;--awb-border-sizes-right:0px;--awb-border-radius-top-left:0px;--awb-border-radius-top-right:0px;--awb-border-radius-bottom-right:0px;--awb-border-radius-bottom-left:0px;--awb-padding-top:0px;--awb-padding-right:0px;--awb-padding-bottom:0px;--awb-padding-left:0px;--awb-margin-top:50px;\" ><div class=\"fusion-builder-row fusion-row\"><div class=\"fusion-layout-column fusion_builder_column fusion-builder-column-4 fusion_builder_column_1_6 1_6 fusion-one-sixth fusion-column-first\" style=\"--awb-padding-right:0px;--awb-padding-left:0px;--awb-bg-image:url(&#039;https:\/\/www.fondationmdm.com\/wp-content\/uploads\/segnaposto-progetti5.gif&#039;);--awb-bg-position:center center;--awb-bg-blend:overlay;--awb-bg-size:cover;\" data-motion-effects=\"[{&quot;type&quot;:&quot;&quot;,&quot;scroll_type&quot;:&quot;transition&quot;,&quot;scroll_direction&quot;:&quot;up&quot;,&quot;transition_speed&quot;:&quot;1&quot;,&quot;fade_type&quot;:&quot;in&quot;,&quot;scale_type&quot;:&quot;up&quot;,&quot;initial_scale&quot;:&quot;1&quot;,&quot;max_scale&quot;:&quot;1.5&quot;,&quot;min_scale&quot;:&quot;0.5&quot;,&quot;initial_rotate&quot;:&quot;0&quot;,&quot;end_rotate&quot;:&quot;30&quot;,&quot;initial_blur&quot;:&quot;0&quot;,&quot;end_blur&quot;:&quot;3&quot;,&quot;start_element&quot;:&quot;top&quot;,&quot;start_viewport&quot;:&quot;bottom&quot;,&quot;end_element&quot;:&quot;bottom&quot;,&quot;end_viewport&quot;:&quot;top&quot;,&quot;mouse_effect&quot;:&quot;track&quot;,&quot;mouse_effect_direction&quot;:&quot;opposite&quot;,&quot;mouse_effect_speed&quot;:&quot;2&quot;,&quot;infinite_animation&quot;:&quot;float&quot;,&quot;infinite_animation_speed&quot;:&quot;2&quot;}]\" data-scroll-devices=\"small-visibility,medium-visibility,large-visibility\"><div class=\"fusion-column-wrapper fusion-column-has-shadow fusion-flex-column-wrapper-legacy\" data-bg-url=\"https:\/\/www.fondationmdm.com\/wp-content\/uploads\/segnaposto-progetti5.gif\"><div class=\"fusion-align-block\"><a class=\"fusion-button button-flat button-medium button-custom fusion-button-default button-3 fusion-button-span-yes bottom-align\" style=\"--button_accent_color:#ffffff;--button_accent_hover_color:#ffffff;--button_border_hover_color:#ffffff;--button_border_width-top:0px;--button_border_width-right:0px;--button_border_width-bottom:0px;--button_border_width-left:0px;--button-border-radius-top-left:0px;--button-border-radius-top-right:0px;--button-border-radius-bottom-right:0px;--button-border-radius-bottom-left:0px;--button_gradient_top_color:rgba(0,19,67,0.7);--button_gradient_bottom_color:rgba(0,19,67,0.7);--button_gradient_top_color_hover:#2d69b6;--button_gradient_bottom_color_hover:#2d69b6;\" target=\"_self\"><span class=\"fusion-button-text\">ASTRID BOISGIBAULT <\/span><\/a><\/div><div class=\"fusion-clearfix\"><\/div><\/div><\/div><div class=\"fusion-layout-column fusion_builder_column fusion-builder-column-5 fusion_builder_column_5_6 5_6 fusion-five-sixth fusion-column-last\" style=\"--awb-padding-top:0px;--awb-padding-right:0px;--awb-padding-bottom:0px;--awb-padding-left:0px;--awb-bg-blend:overlay;--awb-bg-repeat:repeat;\" data-motion-effects=\"[{&quot;type&quot;:&quot;&quot;,&quot;scroll_type&quot;:&quot;transition&quot;,&quot;scroll_direction&quot;:&quot;up&quot;,&quot;transition_speed&quot;:&quot;1&quot;,&quot;fade_type&quot;:&quot;in&quot;,&quot;scale_type&quot;:&quot;up&quot;,&quot;initial_scale&quot;:&quot;1&quot;,&quot;max_scale&quot;:&quot;1.5&quot;,&quot;min_scale&quot;:&quot;0.5&quot;,&quot;initial_rotate&quot;:&quot;0&quot;,&quot;end_rotate&quot;:&quot;30&quot;,&quot;initial_blur&quot;:&quot;0&quot;,&quot;end_blur&quot;:&quot;3&quot;,&quot;start_element&quot;:&quot;top&quot;,&quot;start_viewport&quot;:&quot;bottom&quot;,&quot;end_element&quot;:&quot;bottom&quot;,&quot;end_viewport&quot;:&quot;top&quot;,&quot;mouse_effect&quot;:&quot;track&quot;,&quot;mouse_effect_direction&quot;:&quot;opposite&quot;,&quot;mouse_effect_speed&quot;:&quot;2&quot;,&quot;infinite_animation&quot;:&quot;float&quot;,&quot;infinite_animation_speed&quot;:&quot;2&quot;}]\" data-scroll-devices=\"small-visibility,medium-visibility,large-visibility\"><div class=\"fusion-column-wrapper fusion-column-has-shadow fusion-flex-column-wrapper-legacy\"><div class=\"fusion-text fusion-text-3\"><div class=\"tabella-borse\">\n<table>\n<thead>\n<tr>\n<th><strong class=\"grasso\">2023<\/strong><\/th>\n<th><em>Objets quotidiens et art de la table en M\u00e9diterran\u00e9e : rencontres et cr\u00e9ation<\/em><\/th>\n<th style=\"text-align: left;\">Nazionalit\u00e0: Francia<br \/>\nCategoria: Artigianato, mestieri d\u2019arte, design<\/th>\n<\/tr>\n<\/thead>\n<tbody>\n<tr>\n<td colspan=\"3\" align=\"left\">Un\u2019esposizione \u00e8 stata organizzata a Rodi in maggio 2024. La presentazione finale del progetto non \u00e8 stata comunicata dalla vincitrice della borsa.<\/td>\n<\/tr>\n<\/tbody>\n<\/table>\n<\/div>\n<\/div><div class=\"fusion-clearfix\"><\/div><\/div><\/div><\/div><\/div><div class=\"fusion-fullwidth fullwidth-box fusion-builder-row-4 nonhundred-percent-fullwidth non-hundred-percent-height-scrolling fusion-equal-height-columns\" style=\"--awb-background-position:left top;--awb-border-sizes-top:0px;--awb-border-sizes-bottom:0px;--awb-border-sizes-left:0px;--awb-border-sizes-right:0px;--awb-border-radius-top-left:0px;--awb-border-radius-top-right:0px;--awb-border-radius-bottom-right:0px;--awb-border-radius-bottom-left:0px;--awb-padding-top:0px;--awb-padding-right:0px;--awb-padding-bottom:0px;--awb-padding-left:0px;--awb-margin-top:50px;\" ><div class=\"fusion-builder-row fusion-row\"><div class=\"fusion-layout-column fusion_builder_column fusion-builder-column-6 fusion_builder_column_1_6 1_6 fusion-one-sixth fusion-column-first fusion-column-inner-bg-wrapper\" style=\"--awb-padding-right:0px;--awb-padding-left:0px;--awb-inner-bg-image:url(&#039;https:\/\/www.fondationmdm.com\/wp-content\/uploads\/4-crop.png&#039;);--awb-inner-bg-position:center center;--awb-inner-bg-size:cover;\"><span class=\"fusion-column-inner-bg hover-type-none\"><a class=\"fusion-column-anchor\" href=\"https:\/\/www.fondationmdm.com\/it\/gabriele-langosco\/\"><span class=\"fusion-column-inner-bg-image\"><\/span><\/a><\/span><div class=\"fusion-column-wrapper fusion-column-has-shadow fusion-flex-column-wrapper-legacy\" data-bg-url=\"https:\/\/www.fondationmdm.com\/wp-content\/uploads\/4-crop.png\"><div class=\"fusion-align-block\"><a class=\"fusion-button button-flat button-medium button-custom fusion-button-default button-4 fusion-button-span-yes bottom-align\" style=\"--button_accent_color:#ffffff;--button_accent_hover_color:#ffffff;--button_border_hover_color:#ffffff;--button_border_width-top:0px;--button_border_width-right:0px;--button_border_width-bottom:0px;--button_border_width-left:0px;--button-border-radius-top-left:0px;--button-border-radius-top-right:0px;--button-border-radius-bottom-right:0px;--button-border-radius-bottom-left:0px;--button_gradient_top_color:rgba(0,19,67,0.7);--button_gradient_bottom_color:rgba(0,19,67,0.7);--button_gradient_top_color_hover:#2d69b6;--button_gradient_bottom_color_hover:#2d69b6;\" target=\"_self\" href=\"https:\/\/www.fondationmdm.com\/it\/gabriele-langosco\/\"><span class=\"fusion-button-text\">GABRIELE LANGOSCO<\/span><\/a><\/div><div class=\"fusion-clearfix\"><\/div><\/div><\/div><div class=\"fusion-layout-column fusion_builder_column fusion-builder-column-7 fusion_builder_column_5_6 5_6 fusion-five-sixth fusion-column-last fusion-column-inner-bg-wrapper\" style=\"--awb-padding-top:0px;--awb-padding-right:0px;--awb-padding-bottom:0px;--awb-padding-left:0px;--awb-inner-bg-repeat:repeat;\"><span class=\"fusion-column-inner-bg hover-type-none\"><a class=\"fusion-column-anchor\" href=\"https:\/\/www.fondationmdm.com\/it\/gabriele-langosco\/\"><span class=\"fusion-column-inner-bg-image\"><\/span><\/a><\/span><div class=\"fusion-column-wrapper fusion-column-has-shadow fusion-flex-column-wrapper-legacy\"><div class=\"fusion-text fusion-text-4\"><div class=\"tabella-borse\">\n<table>\n<thead>\n<tr>\n<th><strong class=\"grasso\">2021<\/strong><\/th>\n<th><i>Scultura genevose, rotte mediterranee nell\u2019et\u00e0 di Filippo II (1556-1598)<\/i><\/th>\n<th style=\"text-align: left;\">Nazionalit\u00e0: <strong class=\"grasso\">Italia <\/strong><br \/>\nCategoria: <strong class=\"grasso\">Storia dell\u2019arte<\/strong><\/th>\n<\/tr>\n<\/thead>\n<tbody>\n<tr>\n<td colspan=\"3\" align=\"left\">Obiettivo del progetto \u00e8 stata la realizzazione di un viaggio di studio nel territorio spagnolo. In un periodo di residenza di pi\u00f9 di tre mesi (agosto &#8211; novembre 2021) si \u00e8 andati alla ricerca di sculture genovesi con l\u2019intenzione di visionarle, documentarle e fotografarle. Come limiti cronologici della ricerca, si sono scelti gli anni della monarchia di Filippo II (1556-1598), quando le relazioni diplomatiche tra Genova e la Spagna erano particolarmente solide. [&#8230;]<\/td>\n<\/tr>\n<\/tbody>\n<\/table>\n<\/div>\n<\/div><div class=\"fusion-clearfix\"><\/div><\/div><\/div><\/div><\/div><div class=\"fusion-fullwidth fullwidth-box fusion-builder-row-5 nonhundred-percent-fullwidth non-hundred-percent-height-scrolling fusion-equal-height-columns\" style=\"--awb-background-position:left top;--awb-border-sizes-top:0px;--awb-border-sizes-bottom:0px;--awb-border-sizes-left:0px;--awb-border-sizes-right:0px;--awb-border-radius-top-left:0px;--awb-border-radius-top-right:0px;--awb-border-radius-bottom-right:0px;--awb-border-radius-bottom-left:0px;--awb-padding-top:0px;--awb-padding-right:0px;--awb-padding-bottom:0px;--awb-padding-left:0px;--awb-margin-top:50px;\" ><div class=\"fusion-builder-row fusion-row\"><div class=\"fusion-layout-column fusion_builder_column fusion-builder-column-8 fusion_builder_column_1_6 1_6 fusion-one-sixth fusion-column-first fusion-column-inner-bg-wrapper\" style=\"--awb-padding-right:0px;--awb-padding-left:0px;--awb-inner-bg-image:url(&#039;https:\/\/www.fondationmdm.com\/wp-content\/uploads\/Waqf_GaetanSoerensen_6.jpg&#039;);--awb-inner-bg-position:center center;--awb-inner-bg-blend:overlay;--awb-inner-bg-size:cover;\" data-motion-effects=\"[{&quot;type&quot;:&quot;&quot;,&quot;scroll_type&quot;:&quot;transition&quot;,&quot;scroll_direction&quot;:&quot;up&quot;,&quot;transition_speed&quot;:&quot;1&quot;,&quot;fade_type&quot;:&quot;in&quot;,&quot;scale_type&quot;:&quot;up&quot;,&quot;initial_scale&quot;:&quot;1&quot;,&quot;max_scale&quot;:&quot;1.5&quot;,&quot;min_scale&quot;:&quot;0.5&quot;,&quot;initial_rotate&quot;:&quot;0&quot;,&quot;end_rotate&quot;:&quot;30&quot;,&quot;initial_blur&quot;:&quot;0&quot;,&quot;end_blur&quot;:&quot;3&quot;,&quot;start_element&quot;:&quot;top&quot;,&quot;start_viewport&quot;:&quot;bottom&quot;,&quot;end_element&quot;:&quot;bottom&quot;,&quot;end_viewport&quot;:&quot;top&quot;,&quot;mouse_effect&quot;:&quot;track&quot;,&quot;mouse_effect_direction&quot;:&quot;opposite&quot;,&quot;mouse_effect_speed&quot;:&quot;2&quot;,&quot;infinite_animation&quot;:&quot;float&quot;,&quot;infinite_animation_speed&quot;:&quot;2&quot;}]\" data-scroll-devices=\"small-visibility,medium-visibility,large-visibility\"><span class=\"fusion-column-inner-bg hover-type-none\"><a class=\"fusion-column-anchor\" href=\"https:\/\/www.fondationmdm.com\/it\/gaetan-soerensen\/\"><span class=\"fusion-column-inner-bg-image\"><\/span><\/a><\/span><div class=\"fusion-column-wrapper fusion-column-has-shadow fusion-flex-column-wrapper-legacy\" data-bg-url=\"https:\/\/www.fondationmdm.com\/wp-content\/uploads\/Waqf_GaetanSoerensen_6.jpg\"><div class=\"fusion-align-block\"><a class=\"fusion-button button-flat button-medium button-custom fusion-button-default button-5 fusion-button-span-yes bottom-align\" style=\"--button_accent_color:#ffffff;--button_accent_hover_color:#ffffff;--button_border_hover_color:#ffffff;--button_border_width-top:0px;--button_border_width-right:0px;--button_border_width-bottom:0px;--button_border_width-left:0px;--button-border-radius-top-left:0px;--button-border-radius-top-right:0px;--button-border-radius-bottom-right:0px;--button-border-radius-bottom-left:0px;--button_gradient_top_color:rgba(0,19,67,0.7);--button_gradient_bottom_color:rgba(0,19,67,0.7);--button_gradient_top_color_hover:#2d69b6;--button_gradient_bottom_color_hover:#2d69b6;\" target=\"_self\"><span class=\"fusion-button-text\">GAETAN SOERENSEN<\/span><\/a><\/div><div class=\"fusion-clearfix\"><\/div><\/div><\/div><div class=\"fusion-layout-column fusion_builder_column fusion-builder-column-9 fusion_builder_column_5_6 5_6 fusion-five-sixth fusion-column-last fusion-column-inner-bg-wrapper\" style=\"--awb-padding-top:0px;--awb-padding-right:0px;--awb-padding-bottom:0px;--awb-padding-left:0px;--awb-inner-bg-blend:overlay;--awb-inner-bg-repeat:repeat;\" data-motion-effects=\"[{&quot;type&quot;:&quot;&quot;,&quot;scroll_type&quot;:&quot;transition&quot;,&quot;scroll_direction&quot;:&quot;up&quot;,&quot;transition_speed&quot;:&quot;1&quot;,&quot;fade_type&quot;:&quot;in&quot;,&quot;scale_type&quot;:&quot;up&quot;,&quot;initial_scale&quot;:&quot;1&quot;,&quot;max_scale&quot;:&quot;1.5&quot;,&quot;min_scale&quot;:&quot;0.5&quot;,&quot;initial_rotate&quot;:&quot;0&quot;,&quot;end_rotate&quot;:&quot;30&quot;,&quot;initial_blur&quot;:&quot;0&quot;,&quot;end_blur&quot;:&quot;3&quot;,&quot;start_element&quot;:&quot;top&quot;,&quot;start_viewport&quot;:&quot;bottom&quot;,&quot;end_element&quot;:&quot;bottom&quot;,&quot;end_viewport&quot;:&quot;top&quot;,&quot;mouse_effect&quot;:&quot;track&quot;,&quot;mouse_effect_direction&quot;:&quot;opposite&quot;,&quot;mouse_effect_speed&quot;:&quot;2&quot;,&quot;infinite_animation&quot;:&quot;float&quot;,&quot;infinite_animation_speed&quot;:&quot;2&quot;}]\" data-scroll-devices=\"small-visibility,medium-visibility,large-visibility\"><span class=\"fusion-column-inner-bg hover-type-none\"><a class=\"fusion-column-anchor\" href=\"https:\/\/www.fondationmdm.com\/it\/gaetan-soerensen\/\"><span class=\"fusion-column-inner-bg-image\"><\/span><\/a><\/span><div class=\"fusion-column-wrapper fusion-column-has-shadow fusion-flex-column-wrapper-legacy\"><div class=\"fusion-text fusion-text-5\"><div class=\"tabella-borse\">\n<table>\n<thead>\n<tr>\n<th><strong class=\"grasso\">2020<\/strong><\/th>\n<th><i>WAQF, liens de familles palestiniennes \u00e0 leurs terres<\/i><\/th>\n<th style=\"text-align: left;\">Nazionalit\u00e0: <strong class=\"grasso\">Francia <\/strong><br \/>\nCategoria: <strong class=\"grasso\">Multimedia<\/strong><\/th>\n<\/tr>\n<\/thead>\n<tbody>\n<tr>\n<td colspan=\"3\" align=\"left\">C\u2019est en 2017, lors d\u2019un voyage \u00e0 Amman pour rendre visite \u00e0 mon ami Mustapha, que je d\u00e9couvre l\u2019existence du waqf. Farid Fakhreddine, l&#8217;oncle de Mustapha, originaire de Naplouse, me raconte que de l\u2019autre c\u00f4t\u00e9 de la fronti\u00e8re existent des terres appartenant \u00e0 sa famille depuis des si\u00e8cles, r\u00e9gies sous la loi du waqf. [&#8230;]<\/td>\n<\/tr>\n<\/tbody>\n<\/table>\n<\/div>\n<\/div><div class=\"fusion-clearfix\"><\/div><\/div><\/div><\/div><\/div><div class=\"fusion-fullwidth fullwidth-box fusion-builder-row-6 nonhundred-percent-fullwidth non-hundred-percent-height-scrolling fusion-equal-height-columns\" style=\"--awb-background-position:left top;--awb-border-sizes-top:0px;--awb-border-sizes-bottom:0px;--awb-border-sizes-left:0px;--awb-border-sizes-right:0px;--awb-border-radius-top-left:0px;--awb-border-radius-top-right:0px;--awb-border-radius-bottom-right:0px;--awb-border-radius-bottom-left:0px;--awb-padding-top:0px;--awb-padding-right:0px;--awb-padding-bottom:0px;--awb-padding-left:0px;--awb-margin-top:50px;\" ><div class=\"fusion-builder-row fusion-row\"><div class=\"fusion-layout-column fusion_builder_column fusion-builder-column-10 fusion_builder_column_1_6 1_6 fusion-one-sixth fusion-column-first fusion-column-inner-bg-wrapper\" style=\"--awb-padding-right:0px;--awb-padding-left:0px;--awb-inner-bg-image:url(&#039;https:\/\/www.fondationmdm.com\/wp-content\/uploads\/Schipfer00.jpg&#039;);--awb-inner-bg-position:center center;--awb-inner-bg-blend:overlay;--awb-inner-bg-size:cover;\"><span class=\"fusion-column-inner-bg hover-type-none\"><a class=\"fusion-column-anchor\" href=\"Miyuka-Schipfer\"><span class=\"fusion-column-inner-bg-image\"><\/span><\/a><\/span><div class=\"fusion-column-wrapper fusion-flex-column-wrapper-legacy\" data-bg-url=\"https:\/\/www.fondationmdm.com\/wp-content\/uploads\/Schipfer00.jpg\"><div class=\"fusion-align-block\"><a class=\"fusion-button button-flat button-medium button-custom fusion-button-default button-6 fusion-button-span-yes bottom-align\" style=\"--button_accent_color:#ffffff;--button_accent_hover_color:#ffffff;--button_border_hover_color:#ffffff;--button_border_width-top:0px;--button_border_width-right:0px;--button_border_width-bottom:0px;--button_border_width-left:0px;--button-border-radius-top-left:0px;--button-border-radius-top-right:0px;--button-border-radius-bottom-right:0px;--button-border-radius-bottom-left:0px;--button_gradient_top_color:rgba(0,19,67,0.7);--button_gradient_bottom_color:rgba(0,19,67,0.7);--button_gradient_top_color_hover:#2d69b6;--button_gradient_bottom_color_hover:#2d69b6;\" target=\"_self\" href=\"Miyuka-Schipfer\"><span class=\"fusion-button-text\">MIYUKA SCHIPFER<\/span><\/a><\/div><div class=\"fusion-clearfix\"><\/div><\/div><\/div><div class=\"fusion-layout-column fusion_builder_column fusion-builder-column-11 fusion_builder_column_5_6 5_6 fusion-five-sixth fusion-column-last fusion-column-inner-bg-wrapper\" style=\"--awb-padding-top:0px;--awb-padding-right:0px;--awb-padding-bottom:0px;--awb-padding-left:0px;--awb-inner-bg-blend:overlay;--awb-inner-bg-repeat:repeat;\"><span class=\"fusion-column-inner-bg hover-type-none\"><a class=\"fusion-column-anchor\" href=\"miyuka-schipfer\"><span class=\"fusion-column-inner-bg-image\"><\/span><\/a><\/span><div class=\"fusion-column-wrapper fusion-flex-column-wrapper-legacy\"><div class=\"fusion-text fusion-text-6\"><div class=\"tabella-borse\">\n<table>\n<thead>\n<tr>\n<th><strong class=\"grasso\">2019<\/strong><\/th>\n<th><em>Portrait de M\u00e9diterran\u00e9e \/ Cultures et croyances<\/em><\/th>\n<th style=\"text-align: left;\">Nazionalit\u00e0: <strong class=\"grasso\">Francia <\/strong><br \/>\nCategoria: <strong class=\"grasso\">arte\/disegno<\/strong><\/th>\n<\/tr>\n<\/thead>\n<tbody>\n<tr>\n<td colspan=\"3\" align=\"left\">Le but \u00e9tait de rendre compte de l\u2019esth\u00e9tique de la diversit\u00e9 des cultures et des croyances issues des m\u00e9langes des civilisations pass\u00e9es et contemporaines dans cette r\u00e9gion, au moyen de relev\u00e9s dessin\u00e9s.\u00a0\u00c0 travers ces croquis dans ces villes et dans leurs lieux de culte, j\u2019ai souhait\u00e9 dresser un portrait graphique des espaces et des repr\u00e9sentations religieuses visibles dans un environnement contemporain, et leur influence sur l\u2019esth\u00e9tique g\u00e9n\u00e9rale de la ville et de ses habitants, notamment en observant leurs habitudes et leurs rituels et en les questionnant sur leurs croyances.\u00a0[&#8230;]<\/td>\n<\/tr>\n<\/tbody>\n<\/table>\n<\/div>\n<\/div><div class=\"fusion-clearfix\"><\/div><\/div><\/div><\/div><\/div><div class=\"fusion-fullwidth fullwidth-box fusion-builder-row-7 nonhundred-percent-fullwidth non-hundred-percent-height-scrolling fusion-equal-height-columns\" style=\"--awb-background-position:left top;--awb-border-sizes-top:0px;--awb-border-sizes-bottom:0px;--awb-border-sizes-left:0px;--awb-border-sizes-right:0px;--awb-border-radius-top-left:0px;--awb-border-radius-top-right:0px;--awb-border-radius-bottom-right:0px;--awb-border-radius-bottom-left:0px;--awb-padding-top:0px;--awb-padding-right:0px;--awb-padding-bottom:0px;--awb-padding-left:0px;--awb-margin-top:50px;\" ><div class=\"fusion-builder-row fusion-row\"><div class=\"fusion-layout-column fusion_builder_column fusion-builder-column-12 fusion_builder_column_1_6 1_6 fusion-one-sixth fusion-column-first fusion-column-inner-bg-wrapper\" style=\"--awb-padding-right:0px;--awb-padding-left:0px;--awb-inner-bg-image:url(&#039;https:\/\/www.fondationmdm.com\/wp-content\/uploads\/donne-bebnine-redux.jpg&#039;);--awb-inner-bg-position:center center;--awb-inner-bg-blend:overlay;--awb-inner-bg-size:cover;\"><span class=\"fusion-column-inner-bg hover-type-none\"><a class=\"fusion-column-anchor\" href=\"maria-luisa-colli\"><span class=\"fusion-column-inner-bg-image\"><\/span><\/a><\/span><div class=\"fusion-column-wrapper fusion-flex-column-wrapper-legacy\" data-bg-url=\"https:\/\/www.fondationmdm.com\/wp-content\/uploads\/donne-bebnine-redux.jpg\"><div class=\"fusion-align-block\"><a class=\"fusion-button button-flat button-medium button-custom fusion-button-default button-7 fusion-button-span-yes bottom-align\" style=\"--button_accent_color:#ffffff;--button_accent_hover_color:#ffffff;--button_border_hover_color:#ffffff;--button_border_width-top:0px;--button_border_width-right:0px;--button_border_width-bottom:0px;--button_border_width-left:0px;--button-border-radius-top-left:0px;--button-border-radius-top-right:0px;--button-border-radius-bottom-right:0px;--button-border-radius-bottom-left:0px;--button_gradient_top_color:rgba(0,19,67,0.7);--button_gradient_bottom_color:rgba(0,19,67,0.7);--button_gradient_top_color_hover:#2d69b6;--button_gradient_bottom_color_hover:#2d69b6;\" target=\"_self\" href=\"maria-luisa-colli\"><span class=\"fusion-button-text\">MARIA LUISA COLLI<\/span><\/a><\/div><div class=\"fusion-clearfix\"><\/div><\/div><\/div><div class=\"fusion-layout-column fusion_builder_column fusion-builder-column-13 fusion_builder_column_5_6 5_6 fusion-five-sixth fusion-column-last fusion-column-inner-bg-wrapper\" style=\"--awb-padding-top:0px;--awb-padding-right:0px;--awb-padding-bottom:0px;--awb-padding-left:0px;--awb-inner-bg-blend:overlay;--awb-inner-bg-repeat:repeat;\"><span class=\"fusion-column-inner-bg hover-type-none\"><a class=\"fusion-column-anchor\" href=\"https:\/\/www.fondationmdm.com\/it\/maria-luisa-colli\/\"><span class=\"fusion-column-inner-bg-image\"><\/span><\/a><\/span><div class=\"fusion-column-wrapper fusion-flex-column-wrapper-legacy\"><div class=\"fusion-text fusion-text-7\"><div class=\"tabella-borse\">\n<table>\n<thead>\n<tr>\n<th><strong class=\"grasso\">2018<\/strong><\/th>\n<th><em>Le pescatrici del Mediterraneo: spazi e pratiche delle donne del mare<br \/>\n<\/em><\/th>\n<th style=\"text-align: left;\">Nazionalit\u00e0: <strong class=\"grasso\">Italia<\/strong><br \/>\nCategoria:\u00a0Sociologia, antropologia<\/th>\n<\/tr>\n<\/thead>\n<tbody>\n<tr>\n<td colspan=\"3\" align=\"left\">Questo progetto di ricerca nasce dall\u2019ambizione di coniugare gli interessi e gli approcci dell&#8217;<em>antropologia culturale<\/em> con quelli dell&#8217;<em>antropologia dello spazio <\/em>e dell&#8217;<em>antropologia economica<\/em>. Le protagoniste della ricerca sono le &#8220;donne pescatrici&#8221;, un soggetto sociale spesso negato o dimenticato. Si \u00e8 scelto di utilizzare un approccio comparativo, nella speranza, partendo dalla formulazione di domande simili, di riuscire a mettere in risalto le singolarit\u00e0 dei campi di ricerca [&#8230;]<\/td>\n<\/tr>\n<\/tbody>\n<\/table>\n<\/div>\n<\/div><div class=\"fusion-clearfix\"><\/div><\/div><\/div><\/div><\/div><div class=\"fusion-fullwidth fullwidth-box fusion-builder-row-8 nonhundred-percent-fullwidth non-hundred-percent-height-scrolling fusion-equal-height-columns\" style=\"--awb-background-position:left top;--awb-border-sizes-top:0px;--awb-border-sizes-bottom:0px;--awb-border-sizes-left:0px;--awb-border-sizes-right:0px;--awb-border-radius-top-left:0px;--awb-border-radius-top-right:0px;--awb-border-radius-bottom-right:0px;--awb-border-radius-bottom-left:0px;--awb-padding-top:0px;--awb-padding-right:0px;--awb-padding-bottom:0px;--awb-padding-left:0px;--awb-margin-top:50px;\" ><div class=\"fusion-builder-row fusion-row\"><div class=\"fusion-layout-column fusion_builder_column fusion-builder-column-14 fusion_builder_column_1_6 1_6 fusion-one-sixth fusion-column-first fusion-column-inner-bg-wrapper\" style=\"--awb-padding-right:0px;--awb-padding-left:0px;--awb-inner-bg-image:url(&#039;https:\/\/www.fondationmdm.com\/wp-content\/uploads\/messina-300x254.jpg&#039;);--awb-inner-bg-position:center center;--awb-inner-bg-blend:overlay;--awb-inner-bg-size:cover;\"><span class=\"fusion-column-inner-bg hover-type-none\"><a class=\"fusion-column-anchor\" href=\"marine-messina\"><span class=\"fusion-column-inner-bg-image\"><\/span><\/a><\/span><div class=\"fusion-column-wrapper fusion-flex-column-wrapper-legacy\" data-bg-url=\"https:\/\/www.fondationmdm.com\/wp-content\/uploads\/messina-300x254.jpg\"><div class=\"fusion-align-block\"><a class=\"fusion-button button-flat button-medium button-custom fusion-button-default button-8 fusion-button-span-yes bottom-align\" style=\"--button_accent_color:#ffffff;--button_accent_hover_color:#ffffff;--button_border_hover_color:#ffffff;--button_border_width-top:0px;--button_border_width-right:0px;--button_border_width-bottom:0px;--button_border_width-left:0px;--button-border-radius-top-left:0px;--button-border-radius-top-right:0px;--button-border-radius-bottom-right:0px;--button-border-radius-bottom-left:0px;--button_gradient_top_color:rgba(0,19,67,0.7);--button_gradient_bottom_color:rgba(0,19,67,0.7);--button_gradient_top_color_hover:#2d69b6;--button_gradient_bottom_color_hover:#2d69b6;\" target=\"_self\" href=\"marine-messina\"><span class=\"fusion-button-text\">MARINE MESSINA<\/span><\/a><\/div><div class=\"fusion-clearfix\"><\/div><\/div><\/div><div class=\"fusion-layout-column fusion_builder_column fusion-builder-column-15 fusion_builder_column_5_6 5_6 fusion-five-sixth fusion-column-last fusion-column-inner-bg-wrapper\" style=\"--awb-padding-top:0px;--awb-padding-right:0px;--awb-padding-bottom:0px;--awb-padding-left:0px;--awb-inner-bg-blend:overlay;--awb-inner-bg-repeat:repeat;\"><span class=\"fusion-column-inner-bg hover-type-none\"><a class=\"fusion-column-anchor\" href=\"marine-messina\"><span class=\"fusion-column-inner-bg-image\"><\/span><\/a><\/span><div class=\"fusion-column-wrapper fusion-flex-column-wrapper-legacy\"><div class=\"fusion-text fusion-text-8\"><div class=\"tabella-borse\">\n<table>\n<thead>\n<tr>\n<th><strong class=\"grasso\">2017<\/strong><\/th>\n<th><em>Mots pour maux, paroles de r\u00e9fugi\u00e9s<br \/>\n<\/em><\/th>\n<th style=\"text-align: left;\">Nazionalit\u00e0: <strong class=\"grasso\">Francia<\/strong><br \/>\nCategoria: <strong class=\"grasso\">Letteratura, testimonianza umanitaria<\/strong><\/th>\n<\/tr>\n<\/thead>\n<tbody>\n<tr>\n<td colspan=\"3\" align=\"left\">L&#8217;objectif du projet \u00e9tait de raconter la trajectoire de jeunes qui ont pris la route de l\u2019exil seuls, enfants et adolescents, ceux que l\u2019on nomme les \u00ab mineurs non accompagn\u00e9s \u00bb. Alors qu\u2019on ne parle que de crise migratoire et de \u00ab flux de migrants \u00bb, le but \u00e9tait de partir \u00e0 la rencontre de personnes, d\u2019individualit\u00e9s, pour raconter ces jeunes, leur donner chair, une voix et un visage, et qu\u2019ils soient incarn\u00e9s dans un ouvrage qui retracerait leur r\u00e9cit [&#8230;]<\/td>\n<\/tr>\n<\/tbody>\n<\/table>\n<\/div>\n<\/div><div class=\"fusion-clearfix\"><\/div><\/div><\/div><\/div><\/div><div class=\"fusion-fullwidth fullwidth-box fusion-builder-row-9 nonhundred-percent-fullwidth non-hundred-percent-height-scrolling fusion-equal-height-columns\" style=\"--awb-background-position:left top;--awb-border-sizes-top:0px;--awb-border-sizes-bottom:0px;--awb-border-sizes-left:0px;--awb-border-sizes-right:0px;--awb-border-radius-top-left:0px;--awb-border-radius-top-right:0px;--awb-border-radius-bottom-right:0px;--awb-border-radius-bottom-left:0px;--awb-padding-top:0px;--awb-padding-right:0px;--awb-padding-bottom:0px;--awb-padding-left:0px;--awb-margin-top:50px;\" ><div class=\"fusion-builder-row fusion-row\"><div class=\"fusion-layout-column fusion_builder_column fusion-builder-column-16 fusion_builder_column_1_6 1_6 fusion-one-sixth fusion-column-first fusion-column-inner-bg-wrapper\" style=\"--awb-padding-right:0px;--awb-padding-left:0px;--awb-inner-bg-image:url(&#039;https:\/\/www.fondationmdm.com\/wp-content\/uploads\/2016-\u2013-Melis-Cagan.jpg&#039;);--awb-inner-bg-position:center center;--awb-inner-bg-blend:overlay;--awb-inner-bg-size:cover;\"><span class=\"fusion-column-inner-bg hover-type-none\"><a class=\"fusion-column-anchor\" href=\"melis-cagan\"><span class=\"fusion-column-inner-bg-image\"><\/span><\/a><\/span><div class=\"fusion-column-wrapper fusion-flex-column-wrapper-legacy\" data-bg-url=\"https:\/\/www.fondationmdm.com\/wp-content\/uploads\/2016-\u2013-Melis-Cagan.jpg\"><div class=\"fusion-align-block\"><a class=\"fusion-button button-flat button-medium button-custom fusion-button-default button-9 fusion-button-span-yes bottom-align\" style=\"--button_accent_color:#ffffff;--button_accent_hover_color:#ffffff;--button_border_hover_color:#ffffff;--button_border_width-top:0px;--button_border_width-right:0px;--button_border_width-bottom:0px;--button_border_width-left:0px;--button-border-radius-top-left:0px;--button-border-radius-top-right:0px;--button-border-radius-bottom-right:0px;--button-border-radius-bottom-left:0px;--button_gradient_top_color:rgba(0,19,67,0.7);--button_gradient_bottom_color:rgba(0,19,67,0.7);--button_gradient_top_color_hover:#2d69b6;--button_gradient_bottom_color_hover:#2d69b6;\" target=\"_self\" href=\"melis-cagan\"><span class=\"fusion-button-text\">MELIS CAGAN<\/span><\/a><\/div><div class=\"fusion-clearfix\"><\/div><\/div><\/div><div class=\"fusion-layout-column fusion_builder_column fusion-builder-column-17 fusion_builder_column_5_6 5_6 fusion-five-sixth fusion-column-last fusion-column-inner-bg-wrapper\" style=\"--awb-padding-top:0px;--awb-padding-right:0px;--awb-padding-bottom:0px;--awb-padding-left:0px;--awb-inner-bg-blend:overlay;--awb-inner-bg-repeat:repeat;\"><span class=\"fusion-column-inner-bg hover-type-none\"><a class=\"fusion-column-anchor\" href=\"melis-cagan\"><span class=\"fusion-column-inner-bg-image\"><\/span><\/a><\/span><div class=\"fusion-column-wrapper fusion-flex-column-wrapper-legacy\"><div class=\"fusion-text fusion-text-9\"><div class=\"tabella-borse\">\n<table>\n<thead>\n<tr>\n<th><strong class=\"grasso\">2016<\/strong><\/th>\n<th><em>\u201cBack to school\u201d: Mapping and Visualizing the Past and Present of Foreign Schools in Mediterranean Port Cities<br \/>\n<\/em><\/th>\n<th style=\"text-align: left;\">Nazionalit\u00e0: <strong class=\"grasso\">Turchia<\/strong><br \/>\nCategoria: <strong class=\"grasso\">Storia e architettura<br \/>\n<\/strong><\/th>\n<\/tr>\n<\/thead>\n<tbody>\n<tr>\n<td colspan=\"3\" align=\"left\">Foreign schools from the 19<sup>th<\/sup> and 20<sup>th<\/sup> century were the beginning of the globalized education system we have today, where there is a constant exchange of scholarship, students and teachers between countries, as well as collaborative educational projects. My project arose from the idea that there is a lot to learn [&#8230;]<\/td>\n<\/tr>\n<\/tbody>\n<\/table>\n<\/div>\n<\/div><div class=\"fusion-clearfix\"><\/div><\/div><\/div><\/div><\/div><div class=\"fusion-fullwidth fullwidth-box fusion-builder-row-10 nonhundred-percent-fullwidth non-hundred-percent-height-scrolling fusion-equal-height-columns\" style=\"--awb-background-position:left top;--awb-border-sizes-top:0px;--awb-border-sizes-bottom:0px;--awb-border-sizes-left:0px;--awb-border-sizes-right:0px;--awb-border-radius-top-left:0px;--awb-border-radius-top-right:0px;--awb-border-radius-bottom-right:0px;--awb-border-radius-bottom-left:0px;--awb-padding-top:0px;--awb-padding-right:0px;--awb-padding-bottom:0px;--awb-padding-left:0px;--awb-margin-top:50px;\" ><div class=\"fusion-builder-row fusion-row\"><div class=\"fusion-layout-column fusion_builder_column fusion-builder-column-18 fusion_builder_column_1_6 1_6 fusion-one-sixth fusion-column-first fusion-column-inner-bg-wrapper\" style=\"--awb-padding-right:0px;--awb-padding-left:0px;--awb-inner-bg-image:url(&#039;https:\/\/www.fondationmdm.com\/wp-content\/uploads\/2015-Judith-Bouchier-V\u00e9gis2.jpg&#039;);--awb-inner-bg-position:center top;--awb-inner-bg-blend:overlay;--awb-inner-bg-size:cover;\"><span class=\"fusion-column-inner-bg hover-type-none\"><a class=\"fusion-column-anchor\" href=\"judith-bouchier-vegis\"><span class=\"fusion-column-inner-bg-image\"><\/span><\/a><\/span><div class=\"fusion-column-wrapper fusion-flex-column-wrapper-legacy\" data-bg-url=\"https:\/\/www.fondationmdm.com\/wp-content\/uploads\/2015-Judith-Bouchier-V\u00e9gis2.jpg\"><div class=\"fusion-align-block\"><a class=\"fusion-button button-flat button-medium button-custom fusion-button-default button-10 fusion-button-span-yes bottom-align\" style=\"--button_accent_color:#ffffff;--button_accent_hover_color:#ffffff;--button_border_hover_color:#ffffff;--button_border_width-top:0px;--button_border_width-right:0px;--button_border_width-bottom:0px;--button_border_width-left:0px;--button-border-radius-top-left:0px;--button-border-radius-top-right:0px;--button-border-radius-bottom-right:0px;--button-border-radius-bottom-left:0px;--button_gradient_top_color:rgba(0,19,67,0.7);--button_gradient_bottom_color:rgba(0,19,67,0.7);--button_gradient_top_color_hover:#2d69b6;--button_gradient_bottom_color_hover:#2d69b6;\" target=\"_self\" href=\"judith-bouchier-vegis\"><span class=\"fusion-button-text\">JUDITH BOUCHIER VEGIS<\/span><\/a><\/div><div class=\"fusion-clearfix\"><\/div><\/div><\/div><div class=\"fusion-layout-column fusion_builder_column fusion-builder-column-19 fusion_builder_column_5_6 5_6 fusion-five-sixth fusion-column-last fusion-column-inner-bg-wrapper\" style=\"--awb-padding-top:0px;--awb-padding-right:0px;--awb-padding-bottom:0px;--awb-padding-left:0px;--awb-inner-bg-blend:overlay;--awb-inner-bg-repeat:repeat;\"><span class=\"fusion-column-inner-bg hover-type-none\"><a class=\"fusion-column-anchor\" href=\"judith-bouchier-vegis\"><span class=\"fusion-column-inner-bg-image\"><\/span><\/a><\/span><div class=\"fusion-column-wrapper fusion-flex-column-wrapper-legacy\"><div class=\"fusion-text fusion-text-10\"><div class=\"tabella-borse\">\n<table>\n<thead>\n<tr>\n<th><strong class=\"grasso\">2015<\/strong><\/th>\n<th><em>Sir\u00e8nes, Muses et M\u00e9duses<br \/>\n<\/em><\/th>\n<th style=\"text-align: left;\">Nazionalit\u00e0: <strong class=\"grasso\">Francia<\/strong><br \/>\nCategoria: <strong class=\"grasso\">Teatro musicale<br \/>\n<\/strong><\/th>\n<\/tr>\n<\/thead>\n<tbody>\n<tr>\n<td colspan=\"3\" align=\"left\">L\u2019intitul\u00e9 initial du projet \u00e9tait : \u00ab Identit\u00e9s f\u00e9minines d\u2019Italie, Gr\u00e8ce et Bulgarie \u00e0 travers le chant traditionnel et son histoire : de sa naissance \u00e0 aujourd\u2019hui, jusqu\u2019\u00e0 son impact sur les musiques actuelles \u00bb. Le but \u00e9tait de rencontrer et enregistrer des femmes dans ces pays qui portent en elles des traditions musicales [&#8230;]<\/td>\n<\/tr>\n<\/tbody>\n<\/table>\n<\/div>\n<\/div><div class=\"fusion-clearfix\"><\/div><\/div><\/div><\/div><\/div><div class=\"fusion-fullwidth fullwidth-box fusion-builder-row-11 nonhundred-percent-fullwidth non-hundred-percent-height-scrolling fusion-equal-height-columns\" style=\"--awb-background-position:left top;--awb-border-sizes-top:0px;--awb-border-sizes-bottom:0px;--awb-border-sizes-left:0px;--awb-border-sizes-right:0px;--awb-border-radius-top-left:0px;--awb-border-radius-top-right:0px;--awb-border-radius-bottom-right:0px;--awb-border-radius-bottom-left:0px;--awb-padding-top:0px;--awb-padding-right:0px;--awb-padding-bottom:0px;--awb-padding-left:0px;--awb-margin-top:50px;\" ><div class=\"fusion-builder-row fusion-row\"><div class=\"fusion-layout-column fusion_builder_column fusion-builder-column-20 fusion_builder_column_1_6 1_6 fusion-one-sixth fusion-column-first fusion-column-inner-bg-wrapper\" style=\"--awb-padding-right:0px;--awb-padding-left:0px;--awb-inner-bg-image:url(&#039;https:\/\/www.fondationmdm.com\/wp-content\/uploads\/2014-Alessia-Leofreddi-.jpg&#039;);--awb-inner-bg-position:center top;--awb-inner-bg-blend:overlay;--awb-inner-bg-size:cover;\"><span class=\"fusion-column-inner-bg hover-type-none\"><a class=\"fusion-column-anchor\" href=\"alessia-leofreddi\"><span class=\"fusion-column-inner-bg-image\"><\/span><\/a><\/span><div class=\"fusion-column-wrapper fusion-flex-column-wrapper-legacy\" data-bg-url=\"https:\/\/www.fondationmdm.com\/wp-content\/uploads\/2014-Alessia-Leofreddi-.jpg\"><div class=\"fusion-align-block\"><a class=\"fusion-button button-flat button-medium button-custom fusion-button-default button-11 fusion-button-span-yes bottom-align\" style=\"--button_accent_color:#ffffff;--button_accent_hover_color:#ffffff;--button_border_hover_color:#ffffff;--button_border_width-top:0px;--button_border_width-right:0px;--button_border_width-bottom:0px;--button_border_width-left:0px;--button-border-radius-top-left:0px;--button-border-radius-top-right:0px;--button-border-radius-bottom-right:0px;--button-border-radius-bottom-left:0px;--button_gradient_top_color:rgba(0,19,67,0.7);--button_gradient_bottom_color:rgba(0,19,67,0.7);--button_gradient_top_color_hover:#2d69b6;--button_gradient_bottom_color_hover:#2d69b6;\" target=\"_self\" href=\"alessia-leofreddi\"><span class=\"fusion-button-text\">ALESSIA LEOFREDDI<\/span><\/a><\/div><div class=\"fusion-clearfix\"><\/div><\/div><\/div><div class=\"fusion-layout-column fusion_builder_column fusion-builder-column-21 fusion_builder_column_5_6 5_6 fusion-five-sixth fusion-column-last fusion-column-inner-bg-wrapper\" style=\"--awb-padding-top:0px;--awb-padding-right:0px;--awb-padding-bottom:0px;--awb-padding-left:0px;--awb-inner-bg-blend:overlay;--awb-inner-bg-repeat:repeat;\"><span class=\"fusion-column-inner-bg hover-type-none\"><a class=\"fusion-column-anchor\" href=\"alessia-leofreddi\"><span class=\"fusion-column-inner-bg-image\"><\/span><\/a><\/span><div class=\"fusion-column-wrapper fusion-flex-column-wrapper-legacy\"><div class=\"fusion-text fusion-text-11\"><div class=\"tabella-borse\">\n<table>\n<thead>\n<tr>\n<th><strong class=\"grasso\">2014<\/strong><\/th>\n<th><em>La liturgie orthodoxe : le \u201cdrame en musique\u201d de la chr\u00e9tient\u00e9 d\u2019Orient. Une \u00e9tude de la liturgie en Serbie, Bosnie-Herzegovine et Montenegro.<br \/>\n<\/em><\/th>\n<th style=\"text-align: left;\">Nazionalit\u00e0: <strong class=\"grasso\">Italia<\/strong><br \/>\nCategoria: <strong class=\"grasso\">Sociologia<\/strong><\/th>\n<\/tr>\n<\/thead>\n<tbody>\n<tr>\n<td colspan=\"3\" align=\"left\">Il mio progetto \u00e8 stato un\u2019immersione all\u2019interno del mondo cristiano ortodosso dei Balcani occidentali con lo scopo di registrare i tentativi di rinnovamento di cui \u00e8 attualmente oggetto il rito bizantino nella Chiesa ortodossa serba. Il permanere di un rito cos\u00ec antico, praticato nel mondo contemporaneo [&#8230;]<\/td>\n<\/tr>\n<\/tbody>\n<\/table>\n<\/div>\n<\/div><div class=\"fusion-clearfix\"><\/div><\/div><\/div><\/div><\/div><div class=\"fusion-fullwidth fullwidth-box fusion-builder-row-12 nonhundred-percent-fullwidth non-hundred-percent-height-scrolling fusion-equal-height-columns\" style=\"--awb-background-position:left top;--awb-border-sizes-top:0px;--awb-border-sizes-bottom:0px;--awb-border-sizes-left:0px;--awb-border-sizes-right:0px;--awb-border-radius-top-left:0px;--awb-border-radius-top-right:0px;--awb-border-radius-bottom-right:0px;--awb-border-radius-bottom-left:0px;--awb-padding-top:0px;--awb-padding-right:0px;--awb-padding-bottom:0px;--awb-padding-left:0px;--awb-margin-top:50px;\" ><div class=\"fusion-builder-row fusion-row\"><div class=\"fusion-layout-column fusion_builder_column fusion-builder-column-22 fusion_builder_column_1_6 1_6 fusion-one-sixth fusion-column-first fusion-column-inner-bg-wrapper\" style=\"--awb-padding-right:0px;--awb-padding-left:0px;--awb-inner-bg-image:url(&#039;https:\/\/www.fondationmdm.com\/wp-content\/uploads\/2013-Pandora-Dourmisi.jpg&#039;);--awb-inner-bg-position:center center;--awb-inner-bg-blend:overlay;--awb-inner-bg-size:cover;\"><span class=\"fusion-column-inner-bg hover-type-none\"><a class=\"fusion-column-anchor\" href=\"pandora-dourmisi\"><span class=\"fusion-column-inner-bg-image\"><\/span><\/a><\/span><div class=\"fusion-column-wrapper fusion-flex-column-wrapper-legacy\" data-bg-url=\"https:\/\/www.fondationmdm.com\/wp-content\/uploads\/2013-Pandora-Dourmisi.jpg\"><div class=\"fusion-align-block\"><a class=\"fusion-button button-flat button-medium button-custom fusion-button-default button-12 fusion-button-span-yes bottom-align\" style=\"--button_accent_color:#ffffff;--button_accent_hover_color:#ffffff;--button_border_hover_color:#ffffff;--button_border_width-top:0px;--button_border_width-right:0px;--button_border_width-bottom:0px;--button_border_width-left:0px;--button-border-radius-top-left:0px;--button-border-radius-top-right:0px;--button-border-radius-bottom-right:0px;--button-border-radius-bottom-left:0px;--button_gradient_top_color:rgba(0,19,67,0.7);--button_gradient_bottom_color:rgba(0,19,67,0.7);--button_gradient_top_color_hover:#2d69b6;--button_gradient_bottom_color_hover:#2d69b6;\" target=\"_self\" href=\"pandora-dourmisi\"><span class=\"fusion-button-text\">PANDORA DOURMISI<\/span><\/a><\/div><div class=\"fusion-clearfix\"><\/div><\/div><\/div><div class=\"fusion-layout-column fusion_builder_column fusion-builder-column-23 fusion_builder_column_5_6 5_6 fusion-five-sixth fusion-column-last fusion-column-inner-bg-wrapper\" style=\"--awb-padding-top:0px;--awb-padding-right:0px;--awb-padding-bottom:0px;--awb-padding-left:0px;--awb-inner-bg-blend:overlay;--awb-inner-bg-repeat:repeat;\"><span class=\"fusion-column-inner-bg hover-type-none\"><a class=\"fusion-column-anchor\" href=\"pandora-dourmisi\"><span class=\"fusion-column-inner-bg-image\"><\/span><\/a><\/span><div class=\"fusion-column-wrapper fusion-flex-column-wrapper-legacy\"><div class=\"fusion-text fusion-text-12\"><div class=\"tabella-borse\">\n<table>\n<thead>\n<tr>\n<th><strong class=\"grasso\">2013<\/strong><\/th>\n<th><em>Architectures en terre \u00e0 l\u2019abandon dans la partie occidentale des Balkans<br \/>\n<\/em><\/th>\n<th style=\"text-align: left;\">Nazionalit\u00e0: <strong class=\"grasso\">Grecia<\/strong><br \/>\nCategoria: <strong class=\"grasso\">Architettura<\/strong><\/th>\n<\/tr>\n<\/thead>\n<tbody>\n<tr>\n<td colspan=\"3\" align=\"left\">It all started with a journey in the western Balkan region with the aim to trace, retrieve and study the applications of earthen architecture which evolved, spread, flourished and finally declined, in an area, that despite the geographical and cultural differences, has more elements to share rather to divide. The countries\u00a0 [&#8230;]<\/td>\n<\/tr>\n<\/tbody>\n<\/table>\n<\/div>\n<\/div><div class=\"fusion-clearfix\"><\/div><\/div><\/div><\/div><\/div><div class=\"fusion-fullwidth fullwidth-box fusion-builder-row-13 nonhundred-percent-fullwidth non-hundred-percent-height-scrolling fusion-equal-height-columns\" style=\"--awb-background-position:left top;--awb-border-sizes-top:0px;--awb-border-sizes-bottom:0px;--awb-border-sizes-left:0px;--awb-border-sizes-right:0px;--awb-border-radius-top-left:0px;--awb-border-radius-top-right:0px;--awb-border-radius-bottom-right:0px;--awb-border-radius-bottom-left:0px;--awb-padding-top:0px;--awb-padding-right:0px;--awb-padding-bottom:0px;--awb-padding-left:0px;--awb-margin-top:50px;\" ><div class=\"fusion-builder-row fusion-row\"><div class=\"fusion-layout-column fusion_builder_column fusion-builder-column-24 fusion_builder_column_1_6 1_6 fusion-one-sixth fusion-column-first fusion-column-inner-bg-wrapper\" style=\"--awb-padding-right:0px;--awb-padding-left:0px;--awb-inner-bg-image:url(&#039;https:\/\/www.fondationmdm.com\/wp-content\/uploads\/2012-Camille-Oarda.jpg&#039;);--awb-inner-bg-position:center center;--awb-inner-bg-blend:overlay;--awb-inner-bg-size:cover;\"><span class=\"fusion-column-inner-bg hover-type-none\"><a class=\"fusion-column-anchor\" href=\"camille-oarda\"><span class=\"fusion-column-inner-bg-image\"><\/span><\/a><\/span><div class=\"fusion-column-wrapper fusion-flex-column-wrapper-legacy\" data-bg-url=\"https:\/\/www.fondationmdm.com\/wp-content\/uploads\/2012-Camille-Oarda.jpg\"><div class=\"fusion-align-block\"><a class=\"fusion-button button-flat button-medium button-custom fusion-button-default button-13 fusion-button-span-yes bottom-align\" style=\"--button_accent_color:#ffffff;--button_accent_hover_color:#ffffff;--button_border_hover_color:#ffffff;--button_border_width-top:0px;--button_border_width-right:0px;--button_border_width-bottom:0px;--button_border_width-left:0px;--button-border-radius-top-left:0px;--button-border-radius-top-right:0px;--button-border-radius-bottom-right:0px;--button-border-radius-bottom-left:0px;--button_gradient_top_color:rgba(0,19,67,0.7);--button_gradient_bottom_color:rgba(0,19,67,0.7);--button_gradient_top_color_hover:#2d69b6;--button_gradient_bottom_color_hover:#2d69b6;\" target=\"_self\" href=\"camille-oarda\"><span class=\"fusion-button-text\">CAMILLE OARDA<\/span><\/a><\/div><div class=\"fusion-clearfix\"><\/div><\/div><\/div><div class=\"fusion-layout-column fusion_builder_column fusion-builder-column-25 fusion_builder_column_5_6 5_6 fusion-five-sixth fusion-column-last fusion-column-inner-bg-wrapper\" style=\"--awb-padding-top:0px;--awb-padding-right:0px;--awb-padding-bottom:0px;--awb-padding-left:0px;--awb-inner-bg-blend:overlay;--awb-inner-bg-repeat:repeat;\"><span class=\"fusion-column-inner-bg hover-type-none\"><a class=\"fusion-column-anchor\" href=\"camille-oarda\"><span class=\"fusion-column-inner-bg-image\"><\/span><\/a><\/span><div class=\"fusion-column-wrapper fusion-flex-column-wrapper-legacy\"><div class=\"fusion-text fusion-text-13\"><div class=\"tabella-borse\">\n<table>\n<thead>\n<tr>\n<th><strong class=\"grasso\">2012<\/strong><\/th>\n<th><em>Impressions en Mediterran\u00e9e<br \/>\n<\/em><\/th>\n<th style=\"text-align: left;\">Nazionalit\u00e0: <strong class=\"grasso\">Francia<\/strong><br \/>\nCategoria: <strong class=\"grasso\">Stampa e incisioni<br \/>\n<\/strong><\/th>\n<\/tr>\n<\/thead>\n<tbody>\n<tr>\n<td colspan=\"3\" align=\"left\">C\u2019est un projet qui a vu jour il y a un peu plus d\u2019un an, autour de la M\u00e9diterran\u00e9e que j\u2019ai d\u00e9cid\u00e9 d\u2019aborder sous un angle artistique. J\u2019ai souhait\u00e9 partir \u00e0 la rencontre de ces terres et mers proches pour certains, inconnues et lointaines pour d\u2019autres,\u00a0 \u00e0 la d\u00e9couverte de ces cultures, de ces paysages m\u00e9diterran\u00e9ens\u00a0 [&#8230;]<\/td>\n<\/tr>\n<\/tbody>\n<\/table>\n<\/div>\n<\/div><div class=\"fusion-clearfix\"><\/div><\/div><\/div><\/div><\/div><div class=\"fusion-fullwidth fullwidth-box fusion-builder-row-14 nonhundred-percent-fullwidth non-hundred-percent-height-scrolling fusion-equal-height-columns\" style=\"--awb-background-position:left top;--awb-border-sizes-top:0px;--awb-border-sizes-bottom:0px;--awb-border-sizes-left:0px;--awb-border-sizes-right:0px;--awb-border-radius-top-left:0px;--awb-border-radius-top-right:0px;--awb-border-radius-bottom-right:0px;--awb-border-radius-bottom-left:0px;--awb-padding-top:0px;--awb-padding-right:0px;--awb-padding-bottom:0px;--awb-padding-left:0px;--awb-margin-top:50px;\" ><div class=\"fusion-builder-row fusion-row\"><div class=\"fusion-layout-column fusion_builder_column fusion-builder-column-26 fusion_builder_column_1_6 1_6 fusion-one-sixth fusion-column-first fusion-column-inner-bg-wrapper\" style=\"--awb-padding-right:0px;--awb-padding-left:0px;--awb-inner-bg-image:url(&#039;https:\/\/www.fondationmdm.com\/wp-content\/uploads\/segnaposto-progetti5.gif&#039;);--awb-inner-bg-position:center center;--awb-inner-bg-blend:overlay;--awb-inner-bg-size:cover;\"><span class=\"fusion-column-inner-bg hover-type-none\"><a class=\"fusion-column-anchor\" href=\"omar-s-ghiani\"><span class=\"fusion-column-inner-bg-image\"><\/span><\/a><\/span><div class=\"fusion-column-wrapper fusion-flex-column-wrapper-legacy\" data-bg-url=\"https:\/\/www.fondationmdm.com\/wp-content\/uploads\/segnaposto-progetti5.gif\"><div class=\"fusion-align-block\"><a class=\"fusion-button button-flat button-medium button-custom fusion-button-default button-14 fusion-button-span-yes bottom-align\" style=\"--button_accent_color:#ffffff;--button_accent_hover_color:#ffffff;--button_border_hover_color:#ffffff;--button_border_width-top:0px;--button_border_width-right:0px;--button_border_width-bottom:0px;--button_border_width-left:0px;--button-border-radius-top-left:0px;--button-border-radius-top-right:0px;--button-border-radius-bottom-right:0px;--button-border-radius-bottom-left:0px;--button_gradient_top_color:rgba(0,19,67,0.7);--button_gradient_bottom_color:rgba(0,19,67,0.7);--button_gradient_top_color_hover:#2d69b6;--button_gradient_bottom_color_hover:#2d69b6;\" target=\"_self\" href=\"omar-s-ghiani\"><span class=\"fusion-button-text\">OMAR S. GHIANI<\/span><\/a><\/div><div class=\"fusion-clearfix\"><\/div><\/div><\/div><div class=\"fusion-layout-column fusion_builder_column fusion-builder-column-27 fusion_builder_column_5_6 5_6 fusion-five-sixth fusion-column-last fusion-column-inner-bg-wrapper\" style=\"--awb-padding-top:0px;--awb-padding-right:0px;--awb-padding-bottom:0px;--awb-padding-left:0px;--awb-inner-bg-blend:overlay;--awb-inner-bg-repeat:repeat;\"><span class=\"fusion-column-inner-bg hover-type-none\"><a class=\"fusion-column-anchor\" href=\"omar-s-ghiani\"><span class=\"fusion-column-inner-bg-image\"><\/span><\/a><\/span><div class=\"fusion-column-wrapper fusion-flex-column-wrapper-legacy\"><div class=\"fusion-text fusion-text-14\"><div class=\"tabella-borse\">\n<table>\n<thead>\n<tr>\n<th><strong class=\"grasso\">2011<\/strong><\/th>\n<th><em>Les po\u00e8tes arabes chr\u00e9tiens comme trait d\u2019union entre Orient et Occident<br \/>\n<\/em><\/th>\n<th style=\"text-align: left;\">Nazionalit\u00e0: <strong class=\"grasso\">Italia<\/strong><br \/>\nCategoria: <strong class=\"grasso\">Letteratura<\/strong><\/th>\n<\/tr>\n<\/thead>\n<tbody>\n<tr>\n<td colspan=\"3\" align=\"left\">Projet inachev\u00e9. Ce projet devait \u00eatre une recherche men\u00e9e sur l\u2019apport des po\u00e8tes arabes chr\u00e9tiens et sur le trait d\u2019union ainsi jet\u00e9 entre Orient et Occident : elle devait consister en une exploration men\u00e9e dans plusieurs pays du Moyen Orient. [&#8230;]<\/td>\n<\/tr>\n<\/tbody>\n<\/table>\n<\/div>\n<\/div><div class=\"fusion-clearfix\"><\/div><\/div><\/div><\/div><\/div><div class=\"fusion-fullwidth fullwidth-box fusion-builder-row-15 nonhundred-percent-fullwidth non-hundred-percent-height-scrolling fusion-equal-height-columns\" style=\"--awb-background-position:left top;--awb-border-sizes-top:0px;--awb-border-sizes-bottom:0px;--awb-border-sizes-left:0px;--awb-border-sizes-right:0px;--awb-border-radius-top-left:0px;--awb-border-radius-top-right:0px;--awb-border-radius-bottom-right:0px;--awb-border-radius-bottom-left:0px;--awb-padding-top:0px;--awb-padding-right:0px;--awb-padding-bottom:0px;--awb-padding-left:0px;--awb-margin-top:50px;\" ><div class=\"fusion-builder-row fusion-row\"><div class=\"fusion-layout-column fusion_builder_column fusion-builder-column-28 fusion_builder_column_1_6 1_6 fusion-one-sixth fusion-column-first fusion-column-inner-bg-wrapper\" style=\"--awb-padding-right:0px;--awb-padding-left:0px;--awb-inner-bg-image:url(&#039;https:\/\/www.fondationmdm.com\/wp-content\/uploads\/2010-Giuseppe-Alizzi.jpg&#039;);--awb-inner-bg-position:center center;--awb-inner-bg-blend:overlay;--awb-inner-bg-size:cover;\"><span class=\"fusion-column-inner-bg hover-type-none\"><a class=\"fusion-column-anchor\" href=\"giuseppe-a-alizzi\"><span class=\"fusion-column-inner-bg-image\"><\/span><\/a><\/span><div class=\"fusion-column-wrapper fusion-flex-column-wrapper-legacy\" data-bg-url=\"https:\/\/www.fondationmdm.com\/wp-content\/uploads\/2010-Giuseppe-Alizzi.jpg\"><div class=\"fusion-align-block\"><a class=\"fusion-button button-flat button-medium button-custom fusion-button-default button-15 fusion-button-span-yes bottom-align\" style=\"--button_accent_color:#ffffff;--button_accent_hover_color:#ffffff;--button_border_hover_color:#ffffff;--button_border_width-top:0px;--button_border_width-right:0px;--button_border_width-bottom:0px;--button_border_width-left:0px;--button-border-radius-top-left:0px;--button-border-radius-top-right:0px;--button-border-radius-bottom-right:0px;--button-border-radius-bottom-left:0px;--button_gradient_top_color:rgba(0,19,67,0.7);--button_gradient_bottom_color:rgba(0,19,67,0.7);--button_gradient_top_color_hover:#2d69b6;--button_gradient_bottom_color_hover:#2d69b6;\" target=\"_self\" href=\"giuseppe-a-alizzi\"><span class=\"fusion-button-text\">GIUSEPPE A. ALIZZI<\/span><\/a><\/div><div class=\"fusion-clearfix\"><\/div><\/div><\/div><div class=\"fusion-layout-column fusion_builder_column fusion-builder-column-29 fusion_builder_column_5_6 5_6 fusion-five-sixth fusion-column-last fusion-column-inner-bg-wrapper\" style=\"--awb-padding-top:0px;--awb-padding-right:0px;--awb-padding-bottom:0px;--awb-padding-left:0px;--awb-inner-bg-blend:overlay;--awb-inner-bg-repeat:repeat;\"><span class=\"fusion-column-inner-bg hover-type-none\"><a class=\"fusion-column-anchor\" href=\"giuseppe-a-alizzi\"><span class=\"fusion-column-inner-bg-image\"><\/span><\/a><\/span><div class=\"fusion-column-wrapper fusion-flex-column-wrapper-legacy\"><div class=\"fusion-text fusion-text-15\"><div class=\"tabella-borse\">\n<table>\n<thead>\n<tr>\n<th><strong class=\"grasso\">2010<\/strong><\/th>\n<th><em>OSMAN MODERN : Photoroute from Istanbul to Beirut across the Schools of Tanz\u00eemat<br \/>\n<\/em><\/th>\n<th style=\"text-align: left;\">Nazionalit\u00e0: <strong class=\"grasso\">Italia<\/strong><br \/>\nCategoria:\u00a0Urban Studies\/ Photography<\/th>\n<\/tr>\n<\/thead>\n<tbody>\n<tr>\n<td colspan=\"3\" align=\"left\"><em>Osmanmodern<\/em> is an itinerant on-site investigation about the process of modernization undertaken by the Ottoman Empire during the second half of the XIXth century, today known as <em>Tanz\u00eemat Era (1869\u20131876).\u00a0<\/em>\u00a0 [&#8230;]<\/td>\n<\/tr>\n<\/tbody>\n<\/table>\n<\/div>\n<\/div><div class=\"fusion-clearfix\"><\/div><\/div><\/div><\/div><\/div><div class=\"fusion-fullwidth fullwidth-box fusion-builder-row-16 nonhundred-percent-fullwidth non-hundred-percent-height-scrolling fusion-equal-height-columns\" style=\"--awb-background-position:left top;--awb-border-sizes-top:0px;--awb-border-sizes-bottom:0px;--awb-border-sizes-left:0px;--awb-border-sizes-right:0px;--awb-border-radius-top-left:0px;--awb-border-radius-top-right:0px;--awb-border-radius-bottom-right:0px;--awb-border-radius-bottom-left:0px;--awb-padding-top:0px;--awb-padding-right:0px;--awb-padding-bottom:0px;--awb-padding-left:0px;--awb-margin-top:50px;\" ><div class=\"fusion-builder-row fusion-row\"><div class=\"fusion-layout-column fusion_builder_column fusion-builder-column-30 fusion_builder_column_1_6 1_6 fusion-one-sixth fusion-column-first fusion-column-inner-bg-wrapper\" style=\"--awb-padding-right:0px;--awb-padding-left:0px;--awb-inner-bg-image:url(&#039;https:\/\/www.fondationmdm.com\/wp-content\/uploads\/segnaposto-progetti5.gif&#039;);--awb-inner-bg-position:center center;--awb-inner-bg-blend:overlay;--awb-inner-bg-size:cover;\"><span class=\"fusion-column-inner-bg hover-type-none\"><a class=\"fusion-column-anchor\" href=\"francoise-morel\"><span class=\"fusion-column-inner-bg-image\"><\/span><\/a><\/span><div class=\"fusion-column-wrapper fusion-flex-column-wrapper-legacy\" data-bg-url=\"https:\/\/www.fondationmdm.com\/wp-content\/uploads\/segnaposto-progetti5.gif\"><div class=\"fusion-align-block\"><a class=\"fusion-button button-flat button-medium button-custom fusion-button-default button-16 fusion-button-span-yes bottom-align\" style=\"--button_accent_color:#ffffff;--button_accent_hover_color:#ffffff;--button_border_hover_color:#ffffff;--button_border_width-top:0px;--button_border_width-right:0px;--button_border_width-bottom:0px;--button_border_width-left:0px;--button-border-radius-top-left:0px;--button-border-radius-top-right:0px;--button-border-radius-bottom-right:0px;--button-border-radius-bottom-left:0px;--button_gradient_top_color:rgba(0,19,67,0.7);--button_gradient_bottom_color:rgba(0,19,67,0.7);--button_gradient_top_color_hover:#2d69b6;--button_gradient_bottom_color_hover:#2d69b6;\" target=\"_self\" href=\"francoise-morel\"><span class=\"fusion-button-text\">FRANCOISE MOREL<\/span><\/a><\/div><div class=\"fusion-clearfix\"><\/div><\/div><\/div><div class=\"fusion-layout-column fusion_builder_column fusion-builder-column-31 fusion_builder_column_5_6 5_6 fusion-five-sixth fusion-column-last fusion-column-inner-bg-wrapper\" style=\"--awb-padding-top:0px;--awb-padding-right:0px;--awb-padding-bottom:0px;--awb-padding-left:0px;--awb-inner-bg-blend:overlay;--awb-inner-bg-repeat:repeat;\"><span class=\"fusion-column-inner-bg hover-type-none\"><a class=\"fusion-column-anchor\" href=\"francoise-morel\"><span class=\"fusion-column-inner-bg-image\"><\/span><\/a><\/span><div class=\"fusion-column-wrapper fusion-flex-column-wrapper-legacy\"><div class=\"fusion-text fusion-text-16\"><div class=\"tabella-borse\">\n<table>\n<thead>\n<tr>\n<th><strong class=\"grasso\">2009<\/strong><\/th>\n<th><em>\u00abChants f\u00e9minins alg\u00e9riens de Kabylie, voix des trag\u00e9dies et des gloires \u00bb en vue de m\u00e9moriser et de mieux conna\u00eetre une expression culturelle importante, celle du chant f\u00e9minin kabyle<br \/>\n<\/em><\/th>\n<th style=\"text-align: left;\">Nazionalit\u00e0: <strong class=\"grasso\">Francia<\/strong><br \/>\nCategoria:\u00a0Etnomusicologia, conservazione di canti tradizionali<\/th>\n<\/tr>\n<\/thead>\n<tbody>\n<tr>\n<td colspan=\"3\" align=\"left\">Progetto non terminato<\/td>\n<\/tr>\n<\/tbody>\n<\/table>\n<\/div>\n<\/div><div class=\"fusion-clearfix\"><\/div><\/div><\/div><\/div><\/div><div class=\"fusion-fullwidth fullwidth-box fusion-builder-row-17 nonhundred-percent-fullwidth non-hundred-percent-height-scrolling fusion-equal-height-columns\" style=\"--awb-background-position:left top;--awb-border-sizes-top:0px;--awb-border-sizes-bottom:0px;--awb-border-sizes-left:0px;--awb-border-sizes-right:0px;--awb-border-radius-top-left:0px;--awb-border-radius-top-right:0px;--awb-border-radius-bottom-right:0px;--awb-border-radius-bottom-left:0px;--awb-padding-top:0px;--awb-padding-right:0px;--awb-padding-bottom:0px;--awb-padding-left:0px;--awb-margin-top:50px;\" ><div class=\"fusion-builder-row fusion-row\"><div class=\"fusion-layout-column fusion_builder_column fusion-builder-column-32 fusion_builder_column_1_6 1_6 fusion-one-sixth fusion-column-first fusion-column-inner-bg-wrapper\" style=\"--awb-padding-right:0px;--awb-padding-left:0px;--awb-inner-bg-image:url(&#039;https:\/\/www.fondationmdm.com\/wp-content\/uploads\/2008-Mazen-Haidar.jpg&#039;);--awb-inner-bg-position:center center;--awb-inner-bg-blend:overlay;--awb-inner-bg-size:cover;\"><span class=\"fusion-column-inner-bg hover-type-none\"><a class=\"fusion-column-anchor\" href=\"mazen-haidar-ahmad\"><span class=\"fusion-column-inner-bg-image\"><\/span><\/a><\/span><div class=\"fusion-column-wrapper fusion-flex-column-wrapper-legacy\" data-bg-url=\"https:\/\/www.fondationmdm.com\/wp-content\/uploads\/2008-Mazen-Haidar.jpg\"><div class=\"fusion-align-block\"><a class=\"fusion-button button-flat button-medium button-custom fusion-button-default button-17 fusion-button-span-yes bottom-align\" style=\"--button_accent_color:#ffffff;--button_accent_hover_color:#ffffff;--button_border_hover_color:#ffffff;--button_border_width-top:0px;--button_border_width-right:0px;--button_border_width-bottom:0px;--button_border_width-left:0px;--button-border-radius-top-left:0px;--button-border-radius-top-right:0px;--button-border-radius-bottom-right:0px;--button-border-radius-bottom-left:0px;--button_gradient_top_color:rgba(0,19,67,0.7);--button_gradient_bottom_color:rgba(0,19,67,0.7);--button_gradient_top_color_hover:#2d69b6;--button_gradient_bottom_color_hover:#2d69b6;\" target=\"_self\" href=\"mazen-haidar-ahmad\"><span class=\"fusion-button-text\">MAZEN HAIDAR AHMAD<\/span><\/a><\/div><div class=\"fusion-clearfix\"><\/div><\/div><\/div><div class=\"fusion-layout-column fusion_builder_column fusion-builder-column-33 fusion_builder_column_5_6 5_6 fusion-five-sixth fusion-column-last fusion-column-inner-bg-wrapper\" style=\"--awb-padding-top:0px;--awb-padding-right:0px;--awb-padding-bottom:0px;--awb-padding-left:0px;--awb-inner-bg-blend:overlay;--awb-inner-bg-repeat:repeat;\"><span class=\"fusion-column-inner-bg hover-type-none\"><a class=\"fusion-column-anchor\" href=\"mazen-haidar-ahmad\"><span class=\"fusion-column-inner-bg-image\"><\/span><\/a><\/span><div class=\"fusion-column-wrapper fusion-flex-column-wrapper-legacy\"><div class=\"fusion-text fusion-text-17\"><div class=\"tabella-borse\">\n<table>\n<thead>\n<tr>\n<th><strong class=\"grasso\">2008<\/strong><\/th>\n<th><em>Architectures multilingues : les influences culturelles diverses ayant particip\u00e9 \u00e0 la formation de l\u2019architecture locale d\u2019une r\u00e9gion du sud-est de la Turquie<br \/>\n<\/em><\/th>\n<th style=\"text-align: left;\">Nazionalit\u00e0: <strong class=\"grasso\">Libano<\/strong><br \/>\nCategoria: <strong class=\"grasso\">Architettura<\/strong><\/th>\n<\/tr>\n<\/thead>\n<tbody>\n<tr>\n<td colspan=\"3\" align=\"left\">Mon projet les architectures multilingues est un cheminement de d\u00e9couverte dans une ville et un contexte multiculturel et multilingue, la ville de Mardin en Anatolie, o\u00f9 se marient les traditions syriaque, arabe, ottomane et europ\u00e9enne occidentale. [&#8230;]<\/td>\n<\/tr>\n<\/tbody>\n<\/table>\n<\/div>\n<\/div><div class=\"fusion-clearfix\"><\/div><\/div><\/div><\/div><\/div><div class=\"fusion-fullwidth fullwidth-box fusion-builder-row-18 nonhundred-percent-fullwidth non-hundred-percent-height-scrolling fusion-equal-height-columns\" style=\"--awb-background-position:left top;--awb-border-sizes-top:0px;--awb-border-sizes-bottom:0px;--awb-border-sizes-left:0px;--awb-border-sizes-right:0px;--awb-border-radius-top-left:0px;--awb-border-radius-top-right:0px;--awb-border-radius-bottom-right:0px;--awb-border-radius-bottom-left:0px;--awb-padding-top:0px;--awb-padding-right:0px;--awb-padding-bottom:0px;--awb-padding-left:0px;--awb-margin-top:50px;\" ><div class=\"fusion-builder-row fusion-row\"><div class=\"fusion-layout-column fusion_builder_column fusion-builder-column-34 fusion_builder_column_1_6 1_6 fusion-one-sixth fusion-column-first fusion-column-inner-bg-wrapper\" style=\"--awb-padding-right:0px;--awb-padding-left:0px;--awb-inner-bg-image:url(&#039;https:\/\/www.fondationmdm.com\/wp-content\/uploads\/2007-Evangelia-Kranioti.jpg&#039;);--awb-inner-bg-position:center bottom;--awb-inner-bg-blend:overlay;--awb-inner-bg-size:cover;\"><span class=\"fusion-column-inner-bg hover-type-none\"><a class=\"fusion-column-anchor\" href=\"evangelia-kranioti\"><span class=\"fusion-column-inner-bg-image\"><\/span><\/a><\/span><div class=\"fusion-column-wrapper fusion-flex-column-wrapper-legacy\" data-bg-url=\"https:\/\/www.fondationmdm.com\/wp-content\/uploads\/2007-Evangelia-Kranioti.jpg\"><div class=\"fusion-align-block\"><a class=\"fusion-button button-flat button-medium button-custom fusion-button-default button-18 fusion-button-span-yes bottom-align\" style=\"--button_accent_color:#ffffff;--button_accent_hover_color:#ffffff;--button_border_hover_color:#ffffff;--button_border_width-top:0px;--button_border_width-right:0px;--button_border_width-bottom:0px;--button_border_width-left:0px;--button-border-radius-top-left:0px;--button-border-radius-top-right:0px;--button-border-radius-bottom-right:0px;--button-border-radius-bottom-left:0px;--button_gradient_top_color:rgba(0,19,67,0.7);--button_gradient_bottom_color:rgba(0,19,67,0.7);--button_gradient_top_color_hover:#2d69b6;--button_gradient_bottom_color_hover:#2d69b6;\" target=\"_self\" href=\"evangelia-kranioti\"><span class=\"fusion-button-text\">EVANGELIA KRANIOTI<\/span><\/a><\/div><div class=\"fusion-clearfix\"><\/div><\/div><\/div><div class=\"fusion-layout-column fusion_builder_column fusion-builder-column-35 fusion_builder_column_5_6 5_6 fusion-five-sixth fusion-column-last fusion-column-inner-bg-wrapper\" style=\"--awb-padding-top:0px;--awb-padding-right:0px;--awb-padding-bottom:0px;--awb-padding-left:0px;--awb-inner-bg-blend:overlay;--awb-inner-bg-repeat:repeat;\"><span class=\"fusion-column-inner-bg hover-type-none\"><a class=\"fusion-column-anchor\" href=\"evangelia-kranioti\"><span class=\"fusion-column-inner-bg-image\"><\/span><\/a><\/span><div class=\"fusion-column-wrapper fusion-flex-column-wrapper-legacy\"><div class=\"fusion-text fusion-text-18\"><div class=\"tabella-borse\">\n<table>\n<thead>\n<tr>\n<th><strong class=\"grasso\">2007<\/strong><\/th>\n<th><em>Portfolio de photographies, linogravures et textes sur les gens des \u00eeles italiennes : Sicile, Iles Eoliennes<br \/>\n<\/em><\/th>\n<th style=\"text-align: left;\">Nazionalit\u00e0: <strong class=\"grasso\">Grecia<\/strong><br \/>\nCategoria: <strong class=\"grasso\">Fotografia<\/strong><\/th>\n<\/tr>\n<\/thead>\n<tbody>\n<tr>\n<td colspan=\"3\" align=\"left\">En grec la mer est appel\u00e9e \u00ab thalassa \u00bb mais aussi \u00ab pontos \u00bb, qui veut dire passage. Cette double qualit\u00e9 de l\u2019eau, de rapprocher autant qu\u2019elle divise, donne naissance \u00e0 des voyages et des aventures, des \u00e9loignements et des s\u00e9parations, \u00e0 des retours et des nouveaux d\u00e9parts. [&#8230;]<\/td>\n<\/tr>\n<\/tbody>\n<\/table>\n<\/div>\n<\/div><div class=\"fusion-clearfix\"><\/div><\/div><\/div><\/div><\/div><div class=\"fusion-fullwidth fullwidth-box fusion-builder-row-19 nonhundred-percent-fullwidth non-hundred-percent-height-scrolling fusion-equal-height-columns\" style=\"--awb-background-position:left top;--awb-border-sizes-top:0px;--awb-border-sizes-bottom:0px;--awb-border-sizes-left:0px;--awb-border-sizes-right:0px;--awb-border-radius-top-left:0px;--awb-border-radius-top-right:0px;--awb-border-radius-bottom-right:0px;--awb-border-radius-bottom-left:0px;--awb-padding-top:0px;--awb-padding-right:0px;--awb-padding-bottom:0px;--awb-padding-left:0px;--awb-margin-top:50px;\" ><div class=\"fusion-builder-row fusion-row\"><div class=\"fusion-layout-column fusion_builder_column fusion-builder-column-36 fusion_builder_column_1_6 1_6 fusion-one-sixth fusion-column-first fusion-column-inner-bg-wrapper\" style=\"--awb-padding-right:0px;--awb-padding-left:0px;--awb-inner-bg-image:url(&#039;https:\/\/www.fondationmdm.com\/wp-content\/uploads\/2007-Erica-Couto.jpg&#039;);--awb-inner-bg-position:center center;--awb-inner-bg-blend:overlay;--awb-inner-bg-size:cover;\"><span class=\"fusion-column-inner-bg hover-type-none\"><a class=\"fusion-column-anchor\" href=\"m-erica-couto-ferreira\"><span class=\"fusion-column-inner-bg-image\"><\/span><\/a><\/span><div class=\"fusion-column-wrapper fusion-flex-column-wrapper-legacy\" data-bg-url=\"https:\/\/www.fondationmdm.com\/wp-content\/uploads\/2007-Erica-Couto.jpg\"><div class=\"fusion-align-block\"><a class=\"fusion-button button-flat button-medium button-custom fusion-button-default button-19 fusion-button-span-yes bottom-align\" style=\"--button_accent_color:#ffffff;--button_accent_hover_color:#ffffff;--button_border_hover_color:#ffffff;--button_border_width-top:0px;--button_border_width-right:0px;--button_border_width-bottom:0px;--button_border_width-left:0px;--button-border-radius-top-left:0px;--button-border-radius-top-right:0px;--button-border-radius-bottom-right:0px;--button-border-radius-bottom-left:0px;--button_gradient_top_color:rgba(0,19,67,0.7);--button_gradient_bottom_color:rgba(0,19,67,0.7);--button_gradient_top_color_hover:#2d69b6;--button_gradient_bottom_color_hover:#2d69b6;\" target=\"_self\" href=\"m-erica-couto-ferreira\"><span class=\"fusion-button-text\"> M. ERICA COUTO-FERREIRA<\/span><\/a><\/div><div class=\"fusion-clearfix\"><\/div><\/div><\/div><div class=\"fusion-layout-column fusion_builder_column fusion-builder-column-37 fusion_builder_column_5_6 5_6 fusion-five-sixth fusion-column-last fusion-column-inner-bg-wrapper\" style=\"--awb-padding-top:0px;--awb-padding-right:0px;--awb-padding-bottom:0px;--awb-padding-left:0px;--awb-inner-bg-blend:overlay;--awb-inner-bg-repeat:repeat;\"><span class=\"fusion-column-inner-bg hover-type-none\"><a class=\"fusion-column-anchor\" href=\"m-erica-couto-ferreira\"><span class=\"fusion-column-inner-bg-image\"><\/span><\/a><\/span><div class=\"fusion-column-wrapper fusion-flex-column-wrapper-legacy\"><div class=\"fusion-text fusion-text-19\"><div class=\"tabella-borse\">\n<table>\n<thead>\n<tr>\n<th><strong class=\"grasso\">2007<\/strong><\/th>\n<th><em>The Body on the Altar: The Tradition of Anatomical Exvoto in Italian Healing<\/em><\/th>\n<th style=\"text-align: left;\">Nazionalit\u00e0: <strong class=\"grasso\">Spagna<\/strong><br \/>\nCategoria:\u00a0<strong class=\"grasso\">Storia della medicina, storia delle religioni, storia dell&#8217;arte<\/strong><\/th>\n<\/tr>\n<\/thead>\n<tbody>\n<tr>\n<td colspan=\"3\" align=\"left\">La beca Marc de Montalembert 2007 me ha permitido, con la realizaci\u00f3n del proyecto \u00ab El cuerpo sobre el altar: la tradici\u00f3n de los exvotos anat\u00f3micos como pr\u00e1ctica curativa en Italia \u00bb, iniciar una l\u00ednea de investigaci\u00f3n que hab\u00eda suscitado mi inter\u00e9s desde\u00a0siempre. \u00a0\u00a0 [&#8230;]<\/td>\n<\/tr>\n<\/tbody>\n<\/table>\n<\/div>\n<\/div><div class=\"fusion-clearfix\"><\/div><\/div><\/div><\/div><\/div><div class=\"fusion-fullwidth fullwidth-box fusion-builder-row-20 nonhundred-percent-fullwidth non-hundred-percent-height-scrolling fusion-equal-height-columns\" style=\"--awb-background-position:left top;--awb-border-sizes-top:0px;--awb-border-sizes-bottom:0px;--awb-border-sizes-left:0px;--awb-border-sizes-right:0px;--awb-border-radius-top-left:0px;--awb-border-radius-top-right:0px;--awb-border-radius-bottom-right:0px;--awb-border-radius-bottom-left:0px;--awb-padding-top:0px;--awb-padding-right:0px;--awb-padding-bottom:0px;--awb-padding-left:0px;--awb-margin-top:50px;\" ><div class=\"fusion-builder-row fusion-row\"><div class=\"fusion-layout-column fusion_builder_column fusion-builder-column-38 fusion_builder_column_1_6 1_6 fusion-one-sixth fusion-column-first fusion-column-inner-bg-wrapper\" style=\"--awb-padding-right:0px;--awb-padding-left:0px;--awb-inner-bg-image:url(&#039;https:\/\/www.fondationmdm.com\/wp-content\/uploads\/2006-Karine-Lamarche.jpg&#039;);--awb-inner-bg-position:center center;--awb-inner-bg-blend:overlay;--awb-inner-bg-size:cover;\"><span class=\"fusion-column-inner-bg hover-type-none\"><a class=\"fusion-column-anchor\" href=\"karine-lamarche\"><span class=\"fusion-column-inner-bg-image\"><\/span><\/a><\/span><div class=\"fusion-column-wrapper fusion-flex-column-wrapper-legacy\" data-bg-url=\"https:\/\/www.fondationmdm.com\/wp-content\/uploads\/2006-Karine-Lamarche.jpg\"><div class=\"fusion-align-block\"><a class=\"fusion-button button-flat button-medium button-custom fusion-button-default button-20 fusion-button-span-yes bottom-align\" style=\"--button_accent_color:#ffffff;--button_accent_hover_color:#ffffff;--button_border_hover_color:#ffffff;--button_border_width-top:0px;--button_border_width-right:0px;--button_border_width-bottom:0px;--button_border_width-left:0px;--button-border-radius-top-left:0px;--button-border-radius-top-right:0px;--button-border-radius-bottom-right:0px;--button-border-radius-bottom-left:0px;--button_gradient_top_color:rgba(0,19,67,0.7);--button_gradient_bottom_color:rgba(0,19,67,0.7);--button_gradient_top_color_hover:#2d69b6;--button_gradient_bottom_color_hover:#2d69b6;\" target=\"_self\" href=\"karine-lamarche\"><span class=\"fusion-button-text\">KARINE LAMARCHE<\/span><\/a><\/div><div class=\"fusion-clearfix\"><\/div><\/div><\/div><div class=\"fusion-layout-column fusion_builder_column fusion-builder-column-39 fusion_builder_column_5_6 5_6 fusion-five-sixth fusion-column-last fusion-column-inner-bg-wrapper\" style=\"--awb-padding-top:0px;--awb-padding-right:0px;--awb-padding-bottom:0px;--awb-padding-left:0px;--awb-inner-bg-blend:overlay;--awb-inner-bg-repeat:repeat;\"><span class=\"fusion-column-inner-bg hover-type-none\"><a class=\"fusion-column-anchor\" href=\"karine-lamarche\"><span class=\"fusion-column-inner-bg-image\"><\/span><\/a><\/span><div class=\"fusion-column-wrapper fusion-flex-column-wrapper-legacy\"><div class=\"fusion-text fusion-text-20\"><div class=\"tabella-borse\">\n<table>\n<thead>\n<tr>\n<th><strong class=\"grasso\">2006<\/strong><\/th>\n<th><em>Enqu\u00eate aupr\u00e8s de pacifistes isra\u00e9liens et palestiniens engag\u00e9s dans la lutte pour la co-existence des deux peuples, et l\u2019\u00e9laboration d\u2019un document conjuguant entrevues et photos des personnes interrog\u00e9es en des lieux embl\u00e9matiques de leur choix<br \/>\n<\/em><\/th>\n<th style=\"text-align: left;\">Nazionalit\u00e0: <strong class=\"grasso\">Francia<\/strong><br \/>\nCategoria: <strong class=\"grasso\">Sociologia<\/strong><\/th>\n<\/tr>\n<\/thead>\n<tbody>\n<tr>\n<td colspan=\"3\" align=\"left\">Depuis plusieurs ann\u00e9es, je me rends en Isra\u00ebl pour rencontrer des citoyens de ce pays qui ont fait le choix de la r\u00e9sistance non-violente, au c\u00f4t\u00e9 des Palestiniens. Plusieurs de mes travaux universitaires ont \u00e9t\u00e9 publi\u00e9s et je suis intervenue dans de nombreuses conf\u00e9rences. N\u00e9anmoins, je ressentais depuis longtemps une\u00a0\u00a0 [&#8230;]<\/td>\n<\/tr>\n<\/tbody>\n<\/table>\n<\/div>\n<\/div><div class=\"fusion-clearfix\"><\/div><\/div><\/div><\/div><\/div><div class=\"fusion-fullwidth fullwidth-box fusion-builder-row-21 nonhundred-percent-fullwidth non-hundred-percent-height-scrolling fusion-equal-height-columns\" style=\"--awb-background-position:left top;--awb-border-sizes-top:0px;--awb-border-sizes-bottom:0px;--awb-border-sizes-left:0px;--awb-border-sizes-right:0px;--awb-border-radius-top-left:0px;--awb-border-radius-top-right:0px;--awb-border-radius-bottom-right:0px;--awb-border-radius-bottom-left:0px;--awb-padding-top:0px;--awb-padding-right:0px;--awb-padding-bottom:0px;--awb-padding-left:0px;--awb-margin-top:50px;\" ><div class=\"fusion-builder-row fusion-row\"><div class=\"fusion-layout-column fusion_builder_column fusion-builder-column-40 fusion_builder_column_1_6 1_6 fusion-one-sixth fusion-column-first fusion-column-inner-bg-wrapper\" style=\"--awb-padding-right:0px;--awb-padding-left:0px;--awb-inner-bg-image:url(&#039;https:\/\/www.fondationmdm.com\/wp-content\/uploads\/2006-Stefania-Gerevini.jpg&#039;);--awb-inner-bg-position:center center;--awb-inner-bg-blend:overlay;--awb-inner-bg-size:cover;\"><span class=\"fusion-column-inner-bg hover-type-none\"><a class=\"fusion-column-anchor\" href=\"stefania-gerevini\"><span class=\"fusion-column-inner-bg-image\"><\/span><\/a><\/span><div class=\"fusion-column-wrapper fusion-flex-column-wrapper-legacy\" data-bg-url=\"https:\/\/www.fondationmdm.com\/wp-content\/uploads\/2006-Stefania-Gerevini.jpg\"><div class=\"fusion-align-block\"><a class=\"fusion-button button-flat button-medium button-custom fusion-button-default button-21 fusion-button-span-yes bottom-align\" style=\"--button_accent_color:#ffffff;--button_accent_hover_color:#ffffff;--button_border_hover_color:#ffffff;--button_border_width-top:0px;--button_border_width-right:0px;--button_border_width-bottom:0px;--button_border_width-left:0px;--button-border-radius-top-left:0px;--button-border-radius-top-right:0px;--button-border-radius-bottom-right:0px;--button-border-radius-bottom-left:0px;--button_gradient_top_color:rgba(0,19,67,0.7);--button_gradient_bottom_color:rgba(0,19,67,0.7);--button_gradient_top_color_hover:#2d69b6;--button_gradient_bottom_color_hover:#2d69b6;\" target=\"_self\" href=\"stefania-gerevini\"><span class=\"fusion-button-text\">STEFANIA GEREVINI<\/span><\/a><\/div><div class=\"fusion-clearfix\"><\/div><\/div><\/div><div class=\"fusion-layout-column fusion_builder_column fusion-builder-column-41 fusion_builder_column_5_6 5_6 fusion-five-sixth fusion-column-last fusion-column-inner-bg-wrapper\" style=\"--awb-padding-top:0px;--awb-padding-right:0px;--awb-padding-bottom:0px;--awb-padding-left:0px;--awb-inner-bg-blend:overlay;--awb-inner-bg-repeat:repeat;\"><span class=\"fusion-column-inner-bg hover-type-none\"><a class=\"fusion-column-anchor\" href=\"stefania-gerevini\"><span class=\"fusion-column-inner-bg-image\"><\/span><\/a><\/span><div class=\"fusion-column-wrapper fusion-flex-column-wrapper-legacy\"><div class=\"fusion-text fusion-text-21\"><div class=\"tabella-borse\">\n<table>\n<thead>\n<tr>\n<th><strong class=\"grasso\">2006<\/strong><\/th>\n<th><em>Etude de terrain sur l\u2019interaction culturelle \u00e0 partir de l\u2019analyse de la r\u00e9utilisation d\u2019\u00e9l\u00e9ments architecturaux byzantins dans les \u00e9difices selgiucides en Turchie et la pr\u00e9paration d\u2019un catalogue des monuments recens\u00e9s<br \/>\n<\/em><\/th>\n<th style=\"text-align: left;\">Nazionalit\u00e0: <strong class=\"grasso\">Italia<\/strong><br \/>\nCategoria: <strong class=\"grasso\">Storia dell&#8217;arte<br \/>\n<\/strong><\/th>\n<\/tr>\n<\/thead>\n<tbody>\n<tr>\n<td colspan=\"3\" align=\"left\">\u201cByzantium Incorporated: Seljuk Religious Architecture and the Reuse of Antique and Byzantine Spolia\u201d : the study which the Fondation Marc de Montalembert has generously supported and encouraged focuses on the encounter between Islam and Christianity in Anatolia between the eleventh and the thirteenth century\u00a0 [&#8230;]<\/td>\n<\/tr>\n<\/tbody>\n<\/table>\n<\/div>\n<\/div><div class=\"fusion-clearfix\"><\/div><\/div><\/div><\/div><\/div><div class=\"fusion-fullwidth fullwidth-box fusion-builder-row-22 nonhundred-percent-fullwidth non-hundred-percent-height-scrolling fusion-equal-height-columns\" style=\"--awb-background-position:left top;--awb-border-sizes-top:0px;--awb-border-sizes-bottom:0px;--awb-border-sizes-left:0px;--awb-border-sizes-right:0px;--awb-border-radius-top-left:0px;--awb-border-radius-top-right:0px;--awb-border-radius-bottom-right:0px;--awb-border-radius-bottom-left:0px;--awb-padding-top:0px;--awb-padding-right:0px;--awb-padding-bottom:0px;--awb-padding-left:0px;--awb-margin-top:50px;\" ><div class=\"fusion-builder-row fusion-row\"><div class=\"fusion-layout-column fusion_builder_column fusion-builder-column-42 fusion_builder_column_1_6 1_6 fusion-one-sixth fusion-column-first fusion-column-inner-bg-wrapper\" style=\"--awb-padding-right:0px;--awb-padding-left:0px;--awb-inner-bg-image:url(&#039;https:\/\/www.fondationmdm.com\/wp-content\/uploads\/2005-Lisa-Therme-fotografo-Olivier-Ralet.jpg&#039;);--awb-inner-bg-position:center center;--awb-inner-bg-blend:overlay;--awb-inner-bg-size:cover;\"><span class=\"fusion-column-inner-bg hover-type-none\"><a class=\"fusion-column-anchor\" href=\"lisa-therme\"><span class=\"fusion-column-inner-bg-image\"><\/span><\/a><\/span><div class=\"fusion-column-wrapper fusion-flex-column-wrapper-legacy\" data-bg-url=\"https:\/\/www.fondationmdm.com\/wp-content\/uploads\/2005-Lisa-Therme-fotografo-Olivier-Ralet.jpg\"><div class=\"fusion-align-block\"><a class=\"fusion-button button-flat button-medium button-custom fusion-button-default button-22 fusion-button-span-yes bottom-align\" style=\"--button_accent_color:#ffffff;--button_accent_hover_color:#ffffff;--button_border_hover_color:#ffffff;--button_border_width-top:0px;--button_border_width-right:0px;--button_border_width-bottom:0px;--button_border_width-left:0px;--button-border-radius-top-left:0px;--button-border-radius-top-right:0px;--button-border-radius-bottom-right:0px;--button-border-radius-bottom-left:0px;--button_gradient_top_color:rgba(0,19,67,0.7);--button_gradient_bottom_color:rgba(0,19,67,0.7);--button_gradient_top_color_hover:#2d69b6;--button_gradient_bottom_color_hover:#2d69b6;\" target=\"_self\" href=\"lisa-therme\"><span class=\"fusion-button-text\">LISA THERME<\/span><\/a><\/div><div class=\"fusion-clearfix\"><\/div><\/div><\/div><div class=\"fusion-layout-column fusion_builder_column fusion-builder-column-43 fusion_builder_column_5_6 5_6 fusion-five-sixth fusion-column-last fusion-column-inner-bg-wrapper\" style=\"--awb-padding-top:0px;--awb-padding-right:0px;--awb-padding-bottom:0px;--awb-padding-left:0px;--awb-inner-bg-blend:overlay;--awb-inner-bg-repeat:repeat;\"><span class=\"fusion-column-inner-bg hover-type-none\"><a class=\"fusion-column-anchor\" href=\"lisa-therme\"><span class=\"fusion-column-inner-bg-image\"><\/span><\/a><\/span><div class=\"fusion-column-wrapper fusion-flex-column-wrapper-legacy\"><div class=\"fusion-text fusion-text-22\"><div class=\"tabella-borse\">\n<table>\n<thead>\n<tr>\n<th><strong class=\"grasso\">2005<\/strong><\/th>\n<th><em>Film documentaire \u201cLes gardiens invisibles\u201d<br \/>\n<\/em><\/th>\n<th style=\"text-align: left;\">Nazionalit\u00e0: <strong class=\"grasso\">Francia<\/strong><br \/>\nCategoria: <strong class=\"grasso\">Antropologia<\/strong><\/th>\n<\/tr>\n<\/thead>\n<tbody>\n<tr>\n<td colspan=\"3\" align=\"left\">Le projet consiste dans la r\u00e9alisation d\u2019un film documentaire destin\u00e9 \u00e0 \u00e9clairer un aspect de l\u2019islam maghr\u00e9bin : la lila, rituel musico-th\u00e9rapeutique pratiqu\u00e9e par la confr\u00e9rie marocaine des Hamadcha, repose sur la communication entre l\u2019homme et l\u2019esprit consid\u00e9r\u00e9 comme responsable de la maladie.\u00a0 [&#8230;]<span style=\"font-size: 8pt;\"><em><span style=\"float: right;\"> Ph: Olivier Ralet<\/span><\/em><\/span><\/td>\n<\/tr>\n<\/tbody>\n<\/table>\n<\/div>\n<\/div><div class=\"fusion-clearfix\"><\/div><\/div><\/div><\/div><\/div><div class=\"fusion-fullwidth fullwidth-box fusion-builder-row-23 nonhundred-percent-fullwidth non-hundred-percent-height-scrolling fusion-equal-height-columns\" style=\"--awb-background-position:left top;--awb-border-sizes-top:0px;--awb-border-sizes-bottom:0px;--awb-border-sizes-left:0px;--awb-border-sizes-right:0px;--awb-border-radius-top-left:0px;--awb-border-radius-top-right:0px;--awb-border-radius-bottom-right:0px;--awb-border-radius-bottom-left:0px;--awb-padding-top:0px;--awb-padding-right:0px;--awb-padding-bottom:0px;--awb-padding-left:0px;--awb-margin-top:50px;\" ><div class=\"fusion-builder-row fusion-row\"><div class=\"fusion-layout-column fusion_builder_column fusion-builder-column-44 fusion_builder_column_1_6 1_6 fusion-one-sixth fusion-column-first fusion-column-inner-bg-wrapper\" style=\"--awb-padding-right:0px;--awb-padding-left:0px;--awb-inner-bg-image:url(&#039;https:\/\/www.fondationmdm.com\/wp-content\/uploads\/2005-Marco-Ricucci.jpg&#039;);--awb-inner-bg-position:center center;--awb-inner-bg-blend:overlay;--awb-inner-bg-size:cover;\"><span class=\"fusion-column-inner-bg hover-type-none\"><a class=\"fusion-column-anchor\" href=\"marco-ricucci\"><span class=\"fusion-column-inner-bg-image\"><\/span><\/a><\/span><div class=\"fusion-column-wrapper fusion-flex-column-wrapper-legacy\" data-bg-url=\"https:\/\/www.fondationmdm.com\/wp-content\/uploads\/2005-Marco-Ricucci.jpg\"><div class=\"fusion-align-block\"><a class=\"fusion-button button-flat button-medium button-custom fusion-button-default button-23 fusion-button-span-yes bottom-align\" style=\"--button_accent_color:#ffffff;--button_accent_hover_color:#ffffff;--button_border_hover_color:#ffffff;--button_border_width-top:0px;--button_border_width-right:0px;--button_border_width-bottom:0px;--button_border_width-left:0px;--button-border-radius-top-left:0px;--button-border-radius-top-right:0px;--button-border-radius-bottom-right:0px;--button-border-radius-bottom-left:0px;--button_gradient_top_color:rgba(0,19,67,0.7);--button_gradient_bottom_color:rgba(0,19,67,0.7);--button_gradient_top_color_hover:#2d69b6;--button_gradient_bottom_color_hover:#2d69b6;\" target=\"_self\" href=\"marco-ricucci\"><span class=\"fusion-button-text\">MARCO RICUCCI<\/span><\/a><\/div><div class=\"fusion-clearfix\"><\/div><\/div><\/div><div class=\"fusion-layout-column fusion_builder_column fusion-builder-column-45 fusion_builder_column_5_6 5_6 fusion-five-sixth fusion-column-last fusion-column-inner-bg-wrapper\" style=\"--awb-padding-top:0px;--awb-padding-right:0px;--awb-padding-bottom:0px;--awb-padding-left:0px;--awb-inner-bg-blend:overlay;--awb-inner-bg-repeat:repeat;\"><span class=\"fusion-column-inner-bg hover-type-none\"><a class=\"fusion-column-anchor\" href=\"marco-ricucci\"><span class=\"fusion-column-inner-bg-image\"><\/span><\/a><\/span><div class=\"fusion-column-wrapper fusion-flex-column-wrapper-legacy\"><div class=\"fusion-text fusion-text-23\"><div class=\"tabella-borse\">\n<table>\n<thead>\n<tr>\n<th><strong class=\"grasso\">2005<\/strong><\/th>\n<th><em>Voyage sur des lieux de la M\u00e9diterran\u00e9e qui ont inspir\u00e9 des \u00e9crivains de l\u2019antiquit\u00e9 \u00e0 nos jours<br \/>\n<\/em><\/th>\n<th style=\"text-align: left;\">Nazionalit\u00e0: <strong class=\"grasso\">Italia<\/strong><br \/>\nCategoria: <strong class=\"grasso\">Letteratura<\/strong><\/th>\n<\/tr>\n<\/thead>\n<tbody>\n<tr>\n<td colspan=\"3\" align=\"left\">Scrivere e viaggiare sono due mie grandi passioni che, grazie alla Fondazione Marc de Montalembert, ho potuto concretare nel libro Mediterraneo, mare di cristallo: taccuino di un viaggio marittimo-letterario. In questo libro, che mi auguro di poter presto pubblicare, racconto il mio viaggio di scrittore-lettore fatto\u00a0 [&#8230;]<\/td>\n<\/tr>\n<\/tbody>\n<\/table>\n<\/div>\n<\/div><div class=\"fusion-clearfix\"><\/div><\/div><\/div><\/div><\/div><div class=\"fusion-fullwidth fullwidth-box fusion-builder-row-24 nonhundred-percent-fullwidth non-hundred-percent-height-scrolling fusion-equal-height-columns\" style=\"--awb-background-position:left top;--awb-border-sizes-top:0px;--awb-border-sizes-bottom:0px;--awb-border-sizes-left:0px;--awb-border-sizes-right:0px;--awb-border-radius-top-left:0px;--awb-border-radius-top-right:0px;--awb-border-radius-bottom-right:0px;--awb-border-radius-bottom-left:0px;--awb-padding-top:0px;--awb-padding-right:0px;--awb-padding-bottom:0px;--awb-padding-left:0px;--awb-margin-top:50px;\" ><div class=\"fusion-builder-row fusion-row\"><div class=\"fusion-layout-column fusion_builder_column fusion-builder-column-46 fusion_builder_column_1_6 1_6 fusion-one-sixth fusion-column-first fusion-column-inner-bg-wrapper\" style=\"--awb-padding-right:0px;--awb-padding-left:0px;--awb-inner-bg-image:url(&#039;https:\/\/www.fondationmdm.com\/wp-content\/uploads\/2004-Iosif-Hadjikyriakos.jpg&#039;);--awb-inner-bg-position:center center;--awb-inner-bg-blend:overlay;--awb-inner-bg-size:cover;\"><span class=\"fusion-column-inner-bg hover-type-none\"><a class=\"fusion-column-anchor\" href=\"iosif-hadjikyriacos\"><span class=\"fusion-column-inner-bg-image\"><\/span><\/a><\/span><div class=\"fusion-column-wrapper fusion-flex-column-wrapper-legacy\" data-bg-url=\"https:\/\/www.fondationmdm.com\/wp-content\/uploads\/2004-Iosif-Hadjikyriakos.jpg\"><div class=\"fusion-align-block\"><a class=\"fusion-button button-flat button-medium button-custom fusion-button-default button-24 fusion-button-span-yes bottom-align\" style=\"--button_accent_color:#ffffff;--button_accent_hover_color:#ffffff;--button_border_hover_color:#ffffff;--button_border_width-top:0px;--button_border_width-right:0px;--button_border_width-bottom:0px;--button_border_width-left:0px;--button-border-radius-top-left:0px;--button-border-radius-top-right:0px;--button-border-radius-bottom-right:0px;--button-border-radius-bottom-left:0px;--button_gradient_top_color:rgba(0,19,67,0.7);--button_gradient_bottom_color:rgba(0,19,67,0.7);--button_gradient_top_color_hover:#2d69b6;--button_gradient_bottom_color_hover:#2d69b6;\" target=\"_self\" href=\"iosif-hadjikyriacos\"><span class=\"fusion-button-text\">IOSIF HADJIKYRIAKOS<\/span><\/a><\/div><div class=\"fusion-clearfix\"><\/div><\/div><\/div><div class=\"fusion-layout-column fusion_builder_column fusion-builder-column-47 fusion_builder_column_5_6 5_6 fusion-five-sixth fusion-column-last fusion-column-inner-bg-wrapper\" style=\"--awb-padding-top:0px;--awb-padding-right:0px;--awb-padding-bottom:0px;--awb-padding-left:0px;--awb-inner-bg-blend:overlay;--awb-inner-bg-repeat:repeat;\"><span class=\"fusion-column-inner-bg hover-type-none\"><a class=\"fusion-column-anchor\" href=\"iosif-hadjikyriacos\"><span class=\"fusion-column-inner-bg-image\"><\/span><\/a><\/span><div class=\"fusion-column-wrapper fusion-flex-column-wrapper-legacy\"><div class=\"fusion-text fusion-text-24\"><div class=\"tabella-borse\">\n<table>\n<thead>\n<tr>\n<th><strong class=\"grasso\">2004<\/strong><\/th>\n<th><em> \u201cM\u00e9diterran\u00e9e, images et traditions\u201d \u00e0 la recherche de mythes m\u00e9di\u00e9vaux encore vivants dans les traditions orales et artistiques<br \/>\n<\/em><\/th>\n<th style=\"text-align: left;\">Nazionalit\u00e0: <strong class=\"grasso\">Cipro<\/strong><br \/>\nCategoria: <strong class=\"grasso\">Pittura<\/strong><\/th>\n<\/tr>\n<\/thead>\n<tbody>\n<tr>\n<td colspan=\"3\" align=\"left\">La mia esperienza nella fondazione Marc de Montalembert \u00e8 relativa al mio progetto di ricerca pittorica e storico-artistica legata alla figura mitologica di Digenis Akritas, svolta in sette paesi del bacino del Mediterraneo. Nella Fondazione ho trovato lo spazio materiale e immateriale per svolgere il mio lavoro [&#8230;]<\/td>\n<\/tr>\n<\/tbody>\n<\/table>\n<\/div>\n<\/div><div class=\"fusion-clearfix\"><\/div><\/div><\/div><\/div><\/div><div class=\"fusion-fullwidth fullwidth-box fusion-builder-row-25 nonhundred-percent-fullwidth non-hundred-percent-height-scrolling fusion-equal-height-columns\" style=\"--awb-background-position:left top;--awb-border-sizes-top:0px;--awb-border-sizes-bottom:0px;--awb-border-sizes-left:0px;--awb-border-sizes-right:0px;--awb-border-radius-top-left:0px;--awb-border-radius-top-right:0px;--awb-border-radius-bottom-right:0px;--awb-border-radius-bottom-left:0px;--awb-padding-top:0px;--awb-padding-right:0px;--awb-padding-bottom:0px;--awb-padding-left:0px;--awb-margin-top:50px;\" ><div class=\"fusion-builder-row fusion-row\"><div class=\"fusion-layout-column fusion_builder_column fusion-builder-column-48 fusion_builder_column_1_6 1_6 fusion-one-sixth fusion-column-first fusion-column-inner-bg-wrapper\" style=\"--awb-padding-right:0px;--awb-padding-left:0px;--awb-inner-bg-image:url(&#039;https:\/\/www.fondationmdm.com\/wp-content\/uploads\/segnaposto-progetti5.gif&#039;);--awb-inner-bg-position:center center;--awb-inner-bg-blend:overlay;--awb-inner-bg-size:cover;\"><span class=\"fusion-column-inner-bg hover-type-none\"><a class=\"fusion-column-anchor\" href=\"monica-vidili\"><span class=\"fusion-column-inner-bg-image\"><\/span><\/a><\/span><div class=\"fusion-column-wrapper fusion-flex-column-wrapper-legacy\" data-bg-url=\"https:\/\/www.fondationmdm.com\/wp-content\/uploads\/segnaposto-progetti5.gif\"><div class=\"fusion-align-block\"><a class=\"fusion-button button-flat button-medium button-custom fusion-button-default button-25 fusion-button-span-yes bottom-align\" style=\"--button_accent_color:#ffffff;--button_accent_hover_color:#ffffff;--button_border_hover_color:#ffffff;--button_border_width-top:0px;--button_border_width-right:0px;--button_border_width-bottom:0px;--button_border_width-left:0px;--button-border-radius-top-left:0px;--button-border-radius-top-right:0px;--button-border-radius-bottom-right:0px;--button-border-radius-bottom-left:0px;--button_gradient_top_color:rgba(0,19,67,0.7);--button_gradient_bottom_color:rgba(0,19,67,0.7);--button_gradient_top_color_hover:#2d69b6;--button_gradient_bottom_color_hover:#2d69b6;\" target=\"_self\" href=\"monica-vidili\"><span class=\"fusion-button-text\">MONICA VIDILI<\/span><\/a><\/div><div class=\"fusion-clearfix\"><\/div><\/div><\/div><div class=\"fusion-layout-column fusion_builder_column fusion-builder-column-49 fusion_builder_column_5_6 5_6 fusion-five-sixth fusion-column-last fusion-column-inner-bg-wrapper\" style=\"--awb-padding-top:0px;--awb-padding-right:0px;--awb-padding-bottom:0px;--awb-padding-left:0px;--awb-inner-bg-blend:overlay;--awb-inner-bg-repeat:repeat;\"><span class=\"fusion-column-inner-bg hover-type-none\"><a class=\"fusion-column-anchor\" href=\"monica-vidili\"><span class=\"fusion-column-inner-bg-image\"><\/span><\/a><\/span><div class=\"fusion-column-wrapper fusion-flex-column-wrapper-legacy\"><div class=\"fusion-text fusion-text-25\"><div class=\"tabella-borse\">\n<table>\n<thead>\n<tr>\n<th><strong class=\"grasso\">2003<\/strong><\/th>\n<th><em>Recherche sur les interactions entre tourisme et cultures locales<br \/>\n<\/em><\/th>\n<th style=\"text-align: left;\">Nazionalit\u00e0: <strong class=\"grasso\">Italia<\/strong><br \/>\nCategoria: <strong class=\"grasso\">Etnografia<\/strong><\/th>\n<\/tr>\n<\/thead>\n<tbody>\n<tr>\n<td colspan=\"3\" align=\"left\">Ho deciso di partecipare al concorso della Fondazione per valorizzare le mie competenze nel campo dell\u2019antropologia culturale per rilevare l\u2019incontro fra culture attraverso il turismo.\u00a0Ho deciso di analizzare gli stessi fenomeni che ero abituata a osservare nella mia terra, la Sardegna, in un altro contesto etnografico, quello di Rodi. [&#8230;]<\/td>\n<\/tr>\n<\/tbody>\n<\/table>\n<\/div>\n<\/div><div class=\"fusion-clearfix\"><\/div><\/div><\/div><\/div><\/div><div class=\"fusion-fullwidth fullwidth-box fusion-builder-row-26 nonhundred-percent-fullwidth non-hundred-percent-height-scrolling fusion-equal-height-columns\" style=\"--awb-background-position:left top;--awb-border-sizes-top:0px;--awb-border-sizes-bottom:0px;--awb-border-sizes-left:0px;--awb-border-sizes-right:0px;--awb-border-radius-top-left:0px;--awb-border-radius-top-right:0px;--awb-border-radius-bottom-right:0px;--awb-border-radius-bottom-left:0px;--awb-padding-top:0px;--awb-padding-right:0px;--awb-padding-bottom:0px;--awb-padding-left:0px;--awb-margin-top:50px;\" ><div class=\"fusion-builder-row fusion-row\"><div class=\"fusion-layout-column fusion_builder_column fusion-builder-column-50 fusion_builder_column_1_6 1_6 fusion-one-sixth fusion-column-first fusion-column-inner-bg-wrapper\" style=\"--awb-padding-right:0px;--awb-padding-left:0px;--awb-inner-bg-image:url(&#039;https:\/\/www.fondationmdm.com\/wp-content\/uploads\/2003-Konstantia-Kefala.jpg&#039;);--awb-inner-bg-position:center center;--awb-inner-bg-blend:overlay;--awb-inner-bg-size:cover;\"><span class=\"fusion-column-inner-bg hover-type-none\"><a class=\"fusion-column-anchor\" href=\"konstantia-kefala\"><span class=\"fusion-column-inner-bg-image\"><\/span><\/a><\/span><div class=\"fusion-column-wrapper fusion-flex-column-wrapper-legacy\" data-bg-url=\"https:\/\/www.fondationmdm.com\/wp-content\/uploads\/2003-Konstantia-Kefala.jpg\"><div class=\"fusion-align-block\"><a class=\"fusion-button button-flat button-medium button-custom fusion-button-default button-26 fusion-button-span-yes bottom-align\" style=\"--button_accent_color:#ffffff;--button_accent_hover_color:#ffffff;--button_border_hover_color:#ffffff;--button_border_width-top:0px;--button_border_width-right:0px;--button_border_width-bottom:0px;--button_border_width-left:0px;--button-border-radius-top-left:0px;--button-border-radius-top-right:0px;--button-border-radius-bottom-right:0px;--button-border-radius-bottom-left:0px;--button_gradient_top_color:rgba(0,19,67,0.7);--button_gradient_bottom_color:rgba(0,19,67,0.7);--button_gradient_top_color_hover:#2d69b6;--button_gradient_bottom_color_hover:#2d69b6;\" target=\"_self\" href=\"konstantia-kefala\"><span class=\"fusion-button-text\">KONSTANTIA KEFALA<\/span><\/a><\/div><div class=\"fusion-clearfix\"><\/div><\/div><\/div><div class=\"fusion-layout-column fusion_builder_column fusion-builder-column-51 fusion_builder_column_5_6 5_6 fusion-five-sixth fusion-column-last fusion-column-inner-bg-wrapper\" style=\"--awb-padding-top:0px;--awb-padding-right:0px;--awb-padding-bottom:0px;--awb-padding-left:0px;--awb-inner-bg-blend:overlay;--awb-inner-bg-repeat:repeat;\"><span class=\"fusion-column-inner-bg hover-type-none\"><a class=\"fusion-column-anchor\" href=\"konstantia-kefala\"><span class=\"fusion-column-inner-bg-image\"><\/span><\/a><\/span><div class=\"fusion-column-wrapper fusion-flex-column-wrapper-legacy\"><div class=\"fusion-text fusion-text-26\"><div class=\"tabella-borse\">\n<table>\n<thead>\n<tr>\n<th><strong class=\"grasso\">2003<\/strong><\/th>\n<th><em>Etude comparative de trois ic\u00f4nes du XVI\u00e8me si\u00e8cle \u2013 On the Tracks of Lost Hospitaller Icons of Rhodes<br \/>\n<\/em><\/th>\n<th style=\"text-align: left;\">Nazionalit\u00e0: <strong class=\"grasso\">Grecia<\/strong><br \/>\nCategoria: <strong class=\"grasso\">Storia dell&#8217;arte<br \/>\n<\/strong><\/th>\n<\/tr>\n<\/thead>\n<tbody>\n<tr>\n<td colspan=\"3\" align=\"left\">My project involved in-depth research in the field of Byzantine art and, more precisely, in the domain of artistic production in Rhodes during the late 15th and early 16th centuries. It concerned three portable icons depicting Saint John the Baptist, the patron of the Order of Hospitallers Knights [&#8230;]<\/td>\n<\/tr>\n<\/tbody>\n<\/table>\n<\/div>\n<\/div><div class=\"fusion-clearfix\"><\/div><\/div><\/div><\/div><\/div><div class=\"fusion-fullwidth fullwidth-box fusion-builder-row-27 nonhundred-percent-fullwidth non-hundred-percent-height-scrolling fusion-equal-height-columns\" style=\"--awb-background-position:left top;--awb-border-sizes-top:0px;--awb-border-sizes-bottom:0px;--awb-border-sizes-left:0px;--awb-border-sizes-right:0px;--awb-border-radius-top-left:0px;--awb-border-radius-top-right:0px;--awb-border-radius-bottom-right:0px;--awb-border-radius-bottom-left:0px;--awb-padding-top:0px;--awb-padding-right:0px;--awb-padding-bottom:0px;--awb-padding-left:0px;--awb-margin-top:50px;\" ><div class=\"fusion-builder-row fusion-row\"><div class=\"fusion-layout-column fusion_builder_column fusion-builder-column-52 fusion_builder_column_1_6 1_6 fusion-one-sixth fusion-column-first fusion-column-inner-bg-wrapper\" style=\"--awb-padding-right:0px;--awb-padding-left:0px;--awb-inner-bg-image:url(&#039;https:\/\/www.fondationmdm.com\/wp-content\/uploads\/segnaposto-progetti5.gif&#039;);--awb-inner-bg-position:center center;--awb-inner-bg-blend:overlay;--awb-inner-bg-size:cover;\"><span class=\"fusion-column-inner-bg hover-type-none\"><a class=\"fusion-column-anchor\" href=\"albert-gatt-et-karl-schembri\"><span class=\"fusion-column-inner-bg-image\"><\/span><\/a><\/span><div class=\"fusion-column-wrapper fusion-flex-column-wrapper-legacy\" data-bg-url=\"https:\/\/www.fondationmdm.com\/wp-content\/uploads\/segnaposto-progetti5.gif\"><div class=\"fusion-align-block\"><a class=\"fusion-button button-flat button-medium button-custom fusion-button-default button-27 fusion-button-span-yes bottom-align\" style=\"--button_accent_color:#ffffff;--button_accent_hover_color:#ffffff;--button_border_hover_color:#ffffff;--button_border_width-top:0px;--button_border_width-right:0px;--button_border_width-bottom:0px;--button_border_width-left:0px;--button-border-radius-top-left:0px;--button-border-radius-top-right:0px;--button-border-radius-bottom-right:0px;--button-border-radius-bottom-left:0px;--button_gradient_top_color:rgba(0,19,67,0.7);--button_gradient_bottom_color:rgba(0,19,67,0.7);--button_gradient_top_color_hover:#2d69b6;--button_gradient_bottom_color_hover:#2d69b6;\" target=\"_self\" href=\"albert-gatt-et-karl-schembri\"><span class=\"fusion-button-text\">ALBERT GATT et KARL SCHEMBRI<\/span><\/a><\/div><div class=\"fusion-clearfix\"><\/div><\/div><\/div><div class=\"fusion-layout-column fusion_builder_column fusion-builder-column-53 fusion_builder_column_5_6 5_6 fusion-five-sixth fusion-column-last fusion-column-inner-bg-wrapper\" style=\"--awb-padding-top:0px;--awb-padding-right:0px;--awb-padding-bottom:0px;--awb-padding-left:0px;--awb-inner-bg-blend:overlay;--awb-inner-bg-repeat:repeat;\"><span class=\"fusion-column-inner-bg hover-type-none\"><a class=\"fusion-column-anchor\" href=\"albert-gatt-et-karl-schembri\"><span class=\"fusion-column-inner-bg-image\"><\/span><\/a><\/span><div class=\"fusion-column-wrapper fusion-flex-column-wrapper-legacy\"><div class=\"fusion-text fusion-text-27\"><div class=\"tabella-borse\">\n<table>\n<thead>\n<tr>\n<th><strong class=\"grasso\">2002<\/strong><\/th>\n<th><em>Au de l\u00e0 de la M\u00e9diterran\u00e9e : la construction narrative de l\u2019identit\u00e9 post-coloniale m\u00e9diterran\u00e9enne<br \/>\n<\/em><\/th>\n<th style=\"text-align: left;\">Nazionalit\u00e0: <strong class=\"grasso\">Malta<\/strong><br \/>\nCategoria: <strong class=\"grasso\">Giornalismo<\/strong><\/th>\n<\/tr>\n<\/thead>\n<tbody>\n<tr>\n<td colspan=\"3\" align=\"left\">The ambition of our project is to question the conception of \u201cMediterranean culture\u201d as a geographical fiction, whose apparent unity masks a huge diversity. This diversity is especially evident in the designations that the various countries of the Mediterranean basin select in order to create their political and cultural\u00a0 [&#8230;]<\/td>\n<\/tr>\n<\/tbody>\n<\/table>\n<\/div>\n<\/div><div class=\"fusion-clearfix\"><\/div><\/div><\/div><\/div><\/div><div class=\"fusion-fullwidth fullwidth-box fusion-builder-row-28 nonhundred-percent-fullwidth non-hundred-percent-height-scrolling fusion-equal-height-columns\" style=\"--awb-background-position:left top;--awb-border-sizes-top:0px;--awb-border-sizes-bottom:0px;--awb-border-sizes-left:0px;--awb-border-sizes-right:0px;--awb-border-radius-top-left:0px;--awb-border-radius-top-right:0px;--awb-border-radius-bottom-right:0px;--awb-border-radius-bottom-left:0px;--awb-padding-top:0px;--awb-padding-right:0px;--awb-padding-bottom:0px;--awb-padding-left:0px;--awb-margin-top:50px;\" ><div class=\"fusion-builder-row fusion-row\"><div class=\"fusion-layout-column fusion_builder_column fusion-builder-column-54 fusion_builder_column_1_6 1_6 fusion-one-sixth fusion-column-first fusion-column-inner-bg-wrapper\" style=\"--awb-padding-right:0px;--awb-padding-left:0px;--awb-inner-bg-image:url(&#039;https:\/\/www.fondationmdm.com\/wp-content\/uploads\/2000-Geoffroy-Jourdain.jpg&#039;);--awb-inner-bg-position:center center;--awb-inner-bg-blend:overlay;--awb-inner-bg-size:cover;\"><span class=\"fusion-column-inner-bg hover-type-none\"><a class=\"fusion-column-anchor\" href=\"geoffroy-jourdain\"><span class=\"fusion-column-inner-bg-image\"><\/span><\/a><\/span><div class=\"fusion-column-wrapper fusion-flex-column-wrapper-legacy\" data-bg-url=\"https:\/\/www.fondationmdm.com\/wp-content\/uploads\/2000-Geoffroy-Jourdain.jpg\"><div class=\"fusion-align-block\"><a class=\"fusion-button button-flat button-medium button-custom fusion-button-default button-28 fusion-button-span-yes bottom-align\" style=\"--button_accent_color:#ffffff;--button_accent_hover_color:#ffffff;--button_border_hover_color:#ffffff;--button_border_width-top:0px;--button_border_width-right:0px;--button_border_width-bottom:0px;--button_border_width-left:0px;--button-border-radius-top-left:0px;--button-border-radius-top-right:0px;--button-border-radius-bottom-right:0px;--button-border-radius-bottom-left:0px;--button_gradient_top_color:rgba(0,19,67,0.7);--button_gradient_bottom_color:rgba(0,19,67,0.7);--button_gradient_top_color_hover:#2d69b6;--button_gradient_bottom_color_hover:#2d69b6;\" target=\"_self\" href=\"geoffroy-jourdain\"><span class=\"fusion-button-text\">GEOFFROY JOURDAIN<\/span><\/a><\/div><div class=\"fusion-clearfix\"><\/div><\/div><\/div><div class=\"fusion-layout-column fusion_builder_column fusion-builder-column-55 fusion_builder_column_5_6 5_6 fusion-five-sixth fusion-column-last fusion-column-inner-bg-wrapper\" style=\"--awb-padding-top:0px;--awb-padding-right:0px;--awb-padding-bottom:0px;--awb-padding-left:0px;--awb-inner-bg-blend:overlay;--awb-inner-bg-repeat:repeat;\"><span class=\"fusion-column-inner-bg hover-type-none\"><a class=\"fusion-column-anchor\" href=\"geoffroy-jourdain\"><span class=\"fusion-column-inner-bg-image\"><\/span><\/a><\/span><div class=\"fusion-column-wrapper fusion-flex-column-wrapper-legacy\"><div class=\"fusion-text fusion-text-28\"><div class=\"tabella-borse\">\n<table>\n<thead>\n<tr>\n<th><strong class=\"grasso\">2000<\/strong><\/th>\n<th><em>M\u00e9moire photographique de la Musique<br \/>\n<\/em><\/th>\n<th style=\"text-align: left;\">Nazionalit\u00e0: <strong class=\"grasso\">Francia<\/strong><br \/>\nCategoria: <strong class=\"grasso\">Musica<\/strong><\/th>\n<\/tr>\n<\/thead>\n<tbody>\n<tr>\n<td colspan=\"3\" align=\"left\">En obtenant l\u2019aide de la Fondation Marc de Montalembert en 2000, un formidable \u00e9lan a \u00e9t\u00e9 donn\u00e9 \u00e0 mes projets, ceux que je r\u00eavais de r\u00e9aliser, et ceux que j\u2019allais d\u00e9couvrir\u2026 J\u2019ai pu entreprendre de s\u00e9journer dans plusieurs villes d\u2019Europe (Utrecht, Haarlem, Uppsala, Venise, Rome, Bologne\u2026) [&#8230;]<\/td>\n<\/tr>\n<\/tbody>\n<\/table>\n<\/div>\n<\/div><div class=\"fusion-clearfix\"><\/div><\/div><\/div><\/div><\/div><div class=\"fusion-fullwidth fullwidth-box fusion-builder-row-29 nonhundred-percent-fullwidth non-hundred-percent-height-scrolling fusion-equal-height-columns\" style=\"--awb-background-position:left top;--awb-border-sizes-top:0px;--awb-border-sizes-bottom:0px;--awb-border-sizes-left:0px;--awb-border-sizes-right:0px;--awb-border-radius-top-left:0px;--awb-border-radius-top-right:0px;--awb-border-radius-bottom-right:0px;--awb-border-radius-bottom-left:0px;--awb-padding-top:0px;--awb-padding-right:0px;--awb-padding-bottom:0px;--awb-padding-left:0px;--awb-margin-top:50px;\" ><div class=\"fusion-builder-row fusion-row\"><div class=\"fusion-layout-column fusion_builder_column fusion-builder-column-56 fusion_builder_column_1_6 1_6 fusion-one-sixth fusion-column-first fusion-column-inner-bg-wrapper\" style=\"--awb-padding-right:0px;--awb-padding-left:0px;--awb-inner-bg-image:url(&#039;https:\/\/www.fondationmdm.com\/wp-content\/uploads\/1999-Lionel-Roux.jpg&#039;);--awb-inner-bg-position:center top;--awb-inner-bg-blend:overlay;--awb-inner-bg-size:cover;\"><span class=\"fusion-column-inner-bg hover-type-none\"><a class=\"fusion-column-anchor\" href=\"lionel-roux\"><span class=\"fusion-column-inner-bg-image\"><\/span><\/a><\/span><div class=\"fusion-column-wrapper fusion-flex-column-wrapper-legacy\" data-bg-url=\"https:\/\/www.fondationmdm.com\/wp-content\/uploads\/1999-Lionel-Roux.jpg\"><div class=\"fusion-align-block\"><a class=\"fusion-button button-flat button-medium button-custom fusion-button-default button-29 fusion-button-span-yes bottom-align\" style=\"--button_accent_color:#ffffff;--button_accent_hover_color:#ffffff;--button_border_hover_color:#ffffff;--button_border_width-top:0px;--button_border_width-right:0px;--button_border_width-bottom:0px;--button_border_width-left:0px;--button-border-radius-top-left:0px;--button-border-radius-top-right:0px;--button-border-radius-bottom-right:0px;--button-border-radius-bottom-left:0px;--button_gradient_top_color:rgba(0,19,67,0.7);--button_gradient_bottom_color:rgba(0,19,67,0.7);--button_gradient_top_color_hover:#2d69b6;--button_gradient_bottom_color_hover:#2d69b6;\" target=\"_self\" href=\"lionel-roux\"><span class=\"fusion-button-text\">LIONEL ROUX<\/span><\/a><\/div><div class=\"fusion-clearfix\"><\/div><\/div><\/div><div class=\"fusion-layout-column fusion_builder_column fusion-builder-column-57 fusion_builder_column_5_6 5_6 fusion-five-sixth fusion-column-last fusion-column-inner-bg-wrapper\" style=\"--awb-padding-top:0px;--awb-padding-right:0px;--awb-padding-bottom:0px;--awb-padding-left:0px;--awb-inner-bg-blend:overlay;--awb-inner-bg-repeat:repeat;\"><span class=\"fusion-column-inner-bg hover-type-none\"><a class=\"fusion-column-anchor\" href=\"lionel-roux\"><span class=\"fusion-column-inner-bg-image\"><\/span><\/a><\/span><div class=\"fusion-column-wrapper fusion-flex-column-wrapper-legacy\"><div class=\"fusion-text fusion-text-29\"><div class=\"tabella-borse\">\n<table>\n<thead>\n<tr>\n<th><strong class=\"grasso\">1999<\/strong><\/th>\n<th><em>M\u00e9moire photographique de la transhumance<\/em><\/th>\n<th style=\"text-align: left;\">Nazionalit\u00e0: <strong class=\"grasso\">Francia<\/strong><br \/>\nCategoria: <strong class=\"grasso\">Fotografia<\/strong><\/th>\n<\/tr>\n<\/thead>\n<tbody>\n<tr>\n<td colspan=\"3\" align=\"left\">Petit-fils et fils de berger, je m\u2019int\u00e9resse \u00e0 ce monde qui ne sera pas le mien. L\u2019outil photographique me permet de m\u2019inclure dans l\u2019univers de ces hommes. Chacun dans son immanence, eux gardent des moutons, moi des instants. Chaque jour, je recr\u00e9e ce monde dont je suis issu\u2026 [&#8230;]<\/td>\n<\/tr>\n<\/tbody>\n<\/table>\n<\/div>\n<\/div><div class=\"fusion-clearfix\"><\/div><\/div><\/div><\/div><\/div><div class=\"fusion-fullwidth fullwidth-box fusion-builder-row-30 nonhundred-percent-fullwidth non-hundred-percent-height-scrolling fusion-equal-height-columns\" style=\"--awb-background-position:left top;--awb-border-sizes-top:0px;--awb-border-sizes-bottom:0px;--awb-border-sizes-left:0px;--awb-border-sizes-right:0px;--awb-border-radius-top-left:0px;--awb-border-radius-top-right:0px;--awb-border-radius-bottom-right:0px;--awb-border-radius-bottom-left:0px;--awb-padding-top:0px;--awb-padding-right:0px;--awb-padding-bottom:0px;--awb-padding-left:0px;--awb-margin-top:50px;\" ><div class=\"fusion-builder-row fusion-row\"><div class=\"fusion-layout-column fusion_builder_column fusion-builder-column-58 fusion_builder_column_1_6 1_6 fusion-one-sixth fusion-column-first fusion-column-inner-bg-wrapper\" style=\"--awb-padding-right:0px;--awb-padding-left:0px;--awb-inner-bg-image:url(&#039;https:\/\/www.fondationmdm.com\/wp-content\/uploads\/1998-Guy-Pierre-Chomette.jpg&#039;);--awb-inner-bg-position:center top;--awb-inner-bg-blend:overlay;--awb-inner-bg-size:cover;\"><span class=\"fusion-column-inner-bg hover-type-none\"><a class=\"fusion-column-anchor\" href=\"guy-pierre-chomette\"><span class=\"fusion-column-inner-bg-image\"><\/span><\/a><\/span><div class=\"fusion-column-wrapper fusion-flex-column-wrapper-legacy\" data-bg-url=\"https:\/\/www.fondationmdm.com\/wp-content\/uploads\/1998-Guy-Pierre-Chomette.jpg\"><div class=\"fusion-align-block\"><a class=\"fusion-button button-flat button-medium button-custom fusion-button-default button-30 fusion-button-span-yes bottom-align\" style=\"--button_accent_color:#ffffff;--button_accent_hover_color:#ffffff;--button_border_hover_color:#ffffff;--button_border_width-top:0px;--button_border_width-right:0px;--button_border_width-bottom:0px;--button_border_width-left:0px;--button-border-radius-top-left:0px;--button-border-radius-top-right:0px;--button-border-radius-bottom-right:0px;--button-border-radius-bottom-left:0px;--button_gradient_top_color:rgba(0,19,67,0.7);--button_gradient_bottom_color:rgba(0,19,67,0.7);--button_gradient_top_color_hover:#2d69b6;--button_gradient_bottom_color_hover:#2d69b6;\" target=\"_self\" href=\"guy-pierre-chomette\"><span class=\"fusion-button-text\">GUY-PIERRE CHOMETTE<\/span><\/a><\/div><div class=\"fusion-clearfix\"><\/div><\/div><\/div><div class=\"fusion-layout-column fusion_builder_column fusion-builder-column-59 fusion_builder_column_5_6 5_6 fusion-five-sixth fusion-column-last fusion-column-inner-bg-wrapper\" style=\"--awb-padding-top:0px;--awb-padding-right:0px;--awb-padding-bottom:0px;--awb-padding-left:0px;--awb-inner-bg-blend:overlay;--awb-inner-bg-repeat:repeat;\"><span class=\"fusion-column-inner-bg hover-type-none\"><a class=\"fusion-column-anchor\" href=\"guy-pierre-chomette\"><span class=\"fusion-column-inner-bg-image\"><\/span><\/a><\/span><div class=\"fusion-column-wrapper fusion-flex-column-wrapper-legacy\"><div class=\"fusion-text fusion-text-30\"><div class=\"tabella-borse\">\n<table>\n<thead>\n<tr>\n<th><strong class=\"grasso\">1998<\/strong><\/th>\n<th><em>Lisi\u00e8res d\u2019Europe<\/em><\/th>\n<th style=\"text-align: left;\">Nazionalit\u00e0: <strong class=\"grasso\">Francia<\/strong><br \/>\nCategoria: <strong class=\"grasso\">Giornalismo<\/strong><\/th>\n<\/tr>\n<\/thead>\n<tbody>\n<tr>\n<td colspan=\"3\" align=\"left\">En 2004 et 2007, dix pays d\u2019Europe centrale ont int\u00e9gr\u00e9 l\u2019Union europ\u00e9enne : la Bulgarie, l\u2019Estonie, la Hongrie, la Lettonie, la Lituanie, la Pologne, la R\u00e9publique tch\u00e8que, la Roumanie, la Slovaquie et la Slov\u00e9nie. Depuis cette vague d\u2019\u00e9largissement sans pr\u00e9c\u00e9dent, l\u2019Union poss\u00e8de une nouvelle fronti\u00e8re orientale. [&#8230;]<\/td>\n<\/tr>\n<\/tbody>\n<\/table>\n<\/div>\n<\/div><div class=\"fusion-clearfix\"><\/div><\/div><\/div><\/div><\/div><div class=\"fusion-fullwidth fullwidth-box fusion-builder-row-31 nonhundred-percent-fullwidth non-hundred-percent-height-scrolling fusion-equal-height-columns\" style=\"--awb-background-position:left top;--awb-border-sizes-top:0px;--awb-border-sizes-bottom:0px;--awb-border-sizes-left:0px;--awb-border-sizes-right:0px;--awb-border-radius-top-left:0px;--awb-border-radius-top-right:0px;--awb-border-radius-bottom-right:0px;--awb-border-radius-bottom-left:0px;--awb-padding-top:0px;--awb-padding-right:0px;--awb-padding-bottom:0px;--awb-padding-left:0px;--awb-margin-top:50px;\" ><div class=\"fusion-builder-row fusion-row\"><div class=\"fusion-layout-column fusion_builder_column fusion-builder-column-60 fusion_builder_column_1_6 1_6 fusion-one-sixth fusion-column-first fusion-column-inner-bg-wrapper\" style=\"--awb-padding-right:0px;--awb-padding-left:0px;--awb-inner-bg-image:url(&#039;https:\/\/www.fondationmdm.com\/wp-content\/uploads\/1997-F\u00e9licien-Carli.jpg&#039;);--awb-inner-bg-position:center center;--awb-inner-bg-blend:overlay;--awb-inner-bg-size:cover;\"><span class=\"fusion-column-inner-bg hover-type-none\"><a class=\"fusion-column-anchor\" href=\"felicien-carli\"><span class=\"fusion-column-inner-bg-image\"><\/span><\/a><\/span><div class=\"fusion-column-wrapper fusion-flex-column-wrapper-legacy\" data-bg-url=\"https:\/\/www.fondationmdm.com\/wp-content\/uploads\/1997-F\u00e9licien-Carli.jpg\"><div class=\"fusion-align-block\"><a class=\"fusion-button button-flat button-medium button-custom fusion-button-default button-31 fusion-button-span-yes bottom-align\" style=\"--button_accent_color:#ffffff;--button_accent_hover_color:#ffffff;--button_border_hover_color:#ffffff;--button_border_width-top:0px;--button_border_width-right:0px;--button_border_width-bottom:0px;--button_border_width-left:0px;--button-border-radius-top-left:0px;--button-border-radius-top-right:0px;--button-border-radius-bottom-right:0px;--button-border-radius-bottom-left:0px;--button_gradient_top_color:rgba(0,19,67,0.7);--button_gradient_bottom_color:rgba(0,19,67,0.7);--button_gradient_top_color_hover:#2d69b6;--button_gradient_bottom_color_hover:#2d69b6;\" target=\"_self\" href=\"felicien-carli\"><span class=\"fusion-button-text\">FELICIEN CARLI<\/span><\/a><\/div><div class=\"fusion-clearfix\"><\/div><\/div><\/div><div class=\"fusion-layout-column fusion_builder_column fusion-builder-column-61 fusion_builder_column_5_6 5_6 fusion-five-sixth fusion-column-last fusion-column-inner-bg-wrapper\" style=\"--awb-padding-top:0px;--awb-padding-right:0px;--awb-padding-bottom:0px;--awb-padding-left:0px;--awb-inner-bg-blend:overlay;--awb-inner-bg-repeat:repeat;\"><span class=\"fusion-column-inner-bg hover-type-none\"><a class=\"fusion-column-anchor\" href=\"felicien-carli\"><span class=\"fusion-column-inner-bg-image\"><\/span><\/a><\/span><div class=\"fusion-column-wrapper fusion-flex-column-wrapper-legacy\"><div class=\"fusion-text fusion-text-31\"><div class=\"tabella-borse\">\n<table>\n<thead>\n<tr>\n<th><strong class=\"grasso\">1997<\/strong><\/th>\n<th><em>inventaire des mines de terres naturelles colorantes dans la r\u00e9gion m\u00e9diterran\u00e9enne<\/em><\/th>\n<th style=\"text-align: left;\">Nazionalit\u00e0: <strong class=\"grasso\">Francia<\/strong><br \/>\nCategoria:<strong class=\"grasso\"> Architettura<\/strong><\/th>\n<\/tr>\n<\/thead>\n<tbody>\n<tr>\n<td colspan=\"3\" align=\"left\">\u00ab Aujourd\u2019hui, les terres colorantes, chaudes et vivantes, ont pratiquement disparu de nos villes et villages pour laisser place au blanc \u00ab aseptique \u00bb synonyme d\u2019hygi\u00e8ne. Le \u00ab ton pierre \u00bb s\u2019obtient actuellement avec de nouvelles peintures, de nouvelles compositions d\u2019enduits, plus ou moins chimiquement obtenues. [&#8230;]<\/td>\n<\/tr>\n<\/tbody>\n<\/table>\n<\/div>\n<\/div><div class=\"fusion-clearfix\"><\/div><\/div><\/div><\/div><\/div><div class=\"fusion-fullwidth fullwidth-box fusion-builder-row-32 nonhundred-percent-fullwidth non-hundred-percent-height-scrolling fusion-equal-height-columns\" style=\"--awb-background-position:left top;--awb-border-sizes-top:0px;--awb-border-sizes-bottom:0px;--awb-border-sizes-left:0px;--awb-border-sizes-right:0px;--awb-border-radius-top-left:0px;--awb-border-radius-top-right:0px;--awb-border-radius-bottom-right:0px;--awb-border-radius-bottom-left:0px;--awb-padding-top:0px;--awb-padding-right:0px;--awb-padding-bottom:0px;--awb-padding-left:0px;--awb-margin-top:50px;\" ><div class=\"fusion-builder-row fusion-row\"><div class=\"fusion-layout-column fusion_builder_column fusion-builder-column-62 fusion_builder_column_1_6 1_6 fusion-one-sixth fusion-column-first fusion-column-inner-bg-wrapper\" style=\"--awb-padding-right:0px;--awb-padding-left:0px;--awb-inner-bg-image:url(&#039;https:\/\/www.fondationmdm.com\/wp-content\/uploads\/1996-Christophe-Dabitch.jpg&#039;);--awb-inner-bg-position:center top;--awb-inner-bg-blend:overlay;--awb-inner-bg-size:cover;\"><span class=\"fusion-column-inner-bg hover-type-none\"><a class=\"fusion-column-anchor\" href=\"christophe-dabitch\"><span class=\"fusion-column-inner-bg-image\"><\/span><\/a><\/span><div class=\"fusion-column-wrapper fusion-flex-column-wrapper-legacy\" data-bg-url=\"https:\/\/www.fondationmdm.com\/wp-content\/uploads\/1996-Christophe-Dabitch.jpg\"><div class=\"fusion-align-block\"><a class=\"fusion-button button-flat button-medium button-custom fusion-button-default button-32 fusion-button-span-yes bottom-align\" style=\"--button_accent_color:#ffffff;--button_accent_hover_color:#ffffff;--button_border_hover_color:#ffffff;--button_border_width-top:0px;--button_border_width-right:0px;--button_border_width-bottom:0px;--button_border_width-left:0px;--button-border-radius-top-left:0px;--button-border-radius-top-right:0px;--button-border-radius-bottom-right:0px;--button-border-radius-bottom-left:0px;--button_gradient_top_color:rgba(0,19,67,0.7);--button_gradient_bottom_color:rgba(0,19,67,0.7);--button_gradient_top_color_hover:#2d69b6;--button_gradient_bottom_color_hover:#2d69b6;\" target=\"_self\" href=\"christophe-dabitch\"><span class=\"fusion-button-text\">CHRISTOPHE DABITCH<\/span><\/a><\/div><div class=\"fusion-clearfix\"><\/div><\/div><\/div><div class=\"fusion-layout-column fusion_builder_column fusion-builder-column-63 fusion_builder_column_5_6 5_6 fusion-five-sixth fusion-column-last fusion-column-inner-bg-wrapper\" style=\"--awb-padding-top:0px;--awb-padding-right:0px;--awb-padding-bottom:0px;--awb-padding-left:0px;--awb-inner-bg-blend:overlay;--awb-inner-bg-repeat:repeat;\"><span class=\"fusion-column-inner-bg hover-type-none\"><a class=\"fusion-column-anchor\" href=\"christophe-dabitch\"><span class=\"fusion-column-inner-bg-image\"><\/span><\/a><\/span><div class=\"fusion-column-wrapper fusion-flex-column-wrapper-legacy\"><div class=\"fusion-text fusion-text-32\"><div class=\"tabella-borse\">\n<table>\n<thead>\n<tr>\n<th><strong class=\"grasso\">1996<\/strong><\/th>\n<th><em>Sur les traces de la guerre avec Jean Hatzfeld<\/em><\/th>\n<th style=\"text-align: left;\">Nazionalit\u00e0: <strong class=\"grasso\">Francia<\/strong><br \/>\nCategoria: <strong class=\"grasso\">Giornalismo<\/strong><\/th>\n<\/tr>\n<\/thead>\n<tbody>\n<tr>\n<td colspan=\"3\" align=\"left\">A l\u2019\u00e9poque o\u00f9 j\u2019ai obtenu le pr\u00eat, j\u2019\u00e9tais journaliste et j\u2019avais r\u00e9alis\u00e9 un documentaire en 1993, diffus\u00e9 par Arte, \u00ab Dabic et Dabitch, un cousin serbe \u00bb. De lointaine origine yougoslave, j\u2019avais d\u00e9couvert ce pays avant le d\u00e9but de la guerre et ce film \u00e9tait un dialogue intime avec mon jeune [&#8230;]<\/td>\n<\/tr>\n<\/tbody>\n<\/table>\n<\/div>\n<\/div><div class=\"fusion-clearfix\"><\/div><\/div><\/div><\/div><\/div><div class=\"fusion-fullwidth fullwidth-box fusion-builder-row-33 nonhundred-percent-fullwidth non-hundred-percent-height-scrolling fusion-equal-height-columns\" style=\"--awb-background-position:left top;--awb-border-sizes-top:0px;--awb-border-sizes-bottom:0px;--awb-border-sizes-left:0px;--awb-border-sizes-right:0px;--awb-border-radius-top-left:0px;--awb-border-radius-top-right:0px;--awb-border-radius-bottom-right:0px;--awb-border-radius-bottom-left:0px;--awb-padding-top:0px;--awb-padding-right:0px;--awb-padding-bottom:0px;--awb-padding-left:0px;--awb-margin-top:50px;\" ><div class=\"fusion-builder-row fusion-row\"><div class=\"fusion-layout-column fusion_builder_column fusion-builder-column-64 fusion_builder_column_1_6 1_6 fusion-one-sixth fusion-column-first fusion-column-inner-bg-wrapper\" style=\"--awb-padding-right:0px;--awb-padding-left:0px;--awb-inner-bg-image:url(&#039;https:\/\/www.fondationmdm.com\/wp-content\/uploads\/segnaposto-progetti5.gif&#039;);--awb-inner-bg-position:center center;--awb-inner-bg-blend:overlay;--awb-inner-bg-size:cover;\"><span class=\"fusion-column-inner-bg hover-type-none\"><a class=\"fusion-column-anchor\" href=\"vincent-bizien\"><span class=\"fusion-column-inner-bg-image\"><\/span><\/a><\/span><div class=\"fusion-column-wrapper fusion-flex-column-wrapper-legacy\" data-bg-url=\"https:\/\/www.fondationmdm.com\/wp-content\/uploads\/segnaposto-progetti5.gif\"><div class=\"fusion-align-block\"><a class=\"fusion-button button-flat button-medium button-custom fusion-button-default button-33 fusion-button-span-yes bottom-align\" style=\"--button_accent_color:#ffffff;--button_accent_hover_color:#ffffff;--button_border_hover_color:#ffffff;--button_border_width-top:0px;--button_border_width-right:0px;--button_border_width-bottom:0px;--button_border_width-left:0px;--button-border-radius-top-left:0px;--button-border-radius-top-right:0px;--button-border-radius-bottom-right:0px;--button-border-radius-bottom-left:0px;--button_gradient_top_color:rgba(0,19,67,0.7);--button_gradient_bottom_color:rgba(0,19,67,0.7);--button_gradient_top_color_hover:#2d69b6;--button_gradient_bottom_color_hover:#2d69b6;\" target=\"_self\" href=\"vincent-bizien\"><span class=\"fusion-button-text\">VINCENT BIZIEN<\/span><\/a><\/div><div class=\"fusion-clearfix\"><\/div><\/div><\/div><div class=\"fusion-layout-column fusion_builder_column fusion-builder-column-65 fusion_builder_column_5_6 5_6 fusion-five-sixth fusion-column-last fusion-column-inner-bg-wrapper\" style=\"--awb-padding-top:0px;--awb-padding-right:0px;--awb-padding-bottom:0px;--awb-padding-left:0px;--awb-inner-bg-blend:overlay;--awb-inner-bg-repeat:repeat;\"><span class=\"fusion-column-inner-bg hover-type-none\"><a class=\"fusion-column-anchor\" href=\"vincent-bizien\"><span class=\"fusion-column-inner-bg-image\"><\/span><\/a><\/span><div class=\"fusion-column-wrapper fusion-flex-column-wrapper-legacy\"><div class=\"fusion-text fusion-text-33\"><div class=\"tabella-borse\">\n<table>\n<thead>\n<tr>\n<th><strong class=\"grasso\">1995<\/strong><\/th>\n<th><em>Peintures r\u00e9alis\u00e9es \u00e0 partir des fresques du cycle de la Vraie Croix de Piero della Francesca, Arezzo, Italie<\/em><\/th>\n<th style=\"text-align: left;\">Nazionalit\u00e0: <strong class=\"grasso\">Francia<\/strong><br \/>\nCategoria: <strong class=\"grasso\">Pittura<\/strong><\/th>\n<\/tr>\n<\/thead>\n<tbody>\n<tr>\n<td colspan=\"3\" align=\"left\">\u00ab D\u00e8s 1993 j\u2019ai commenc\u00e9 un travail de recherches picturales sur les fresques de Piero della Francesca accompagn\u00e9 par la lecture d\u2019un livre \u00e9crit en 1265 par Jacques de Voragine sur l\u2019invention de la croix et l\u2019exaltation de la vraie croix consid\u00e9r\u00e9es comme la source du cycle de la Vraie Croix de Piero della Francesca [&#8230;]<\/td>\n<\/tr>\n<\/tbody>\n<\/table>\n<\/div>\n<\/div><div class=\"fusion-clearfix\"><\/div><\/div><\/div><\/div><\/div><div class=\"fusion-fullwidth fullwidth-box fusion-builder-row-34 fusion-parallax-none nonhundred-percent-fullwidth non-hundred-percent-height-scrolling\" style=\"--awb-background-position:left center;--awb-background-repeat:repeat-x;--awb-border-sizes-top:0px;--awb-border-sizes-bottom:0px;--awb-border-sizes-left:0px;--awb-border-sizes-right:0px;--awb-border-radius-top-left:0px;--awb-border-radius-top-right:0px;--awb-border-radius-bottom-right:0px;--awb-border-radius-bottom-left:0px;--awb-padding-top:95px;--awb-padding-right:15%;--awb-padding-bottom:125px;--awb-padding-left:15%;--awb-background-image:url(&quot;https:\/\/www.fondationmdm.com\/wp-content\/uploads\/mosaico_dialogo.jpg&quot;);\" ><div class=\"fusion-builder-row fusion-row\"><div class=\"fusion-layout-column fusion_builder_column fusion-builder-column-66 fusion_builder_column_1_1 1_1 fusion-one-full fusion-column-first fusion-column-last fusion-column-no-min-height\" style=\"--awb-bg-blend:overlay;--awb-bg-size:cover;\"><div class=\"fusion-column-wrapper fusion-flex-column-wrapper-legacy\"><div class=\"fusion-sep-clear\"><\/div><div class=\"fusion-separator fusion-full-width-sep\" style=\"margin-left: auto;margin-right: auto;margin-top:5px;margin-bottom:5px;width:100%;\"><\/div><div class=\"fusion-sep-clear\"><\/div><div class=\"fusion-clearfix\"><\/div><\/div><\/div><\/div><\/div><\/p>\n","protected":false},"excerpt":{"rendered":"","protected":false},"author":1,"featured_media":0,"parent":0,"menu_order":0,"comment_status":"closed","ping_status":"open","template":"100-width.php","meta":{"_seopress_robots_primary_cat":"","_seopress_titles_title":"","_seopress_titles_desc":"Le borse a progetto sostengono la realizzazione di progetti legati alla cultura e ai mestieri d\u2019arte, per ncoraggiare i giovani della regione mediterranea","_seopress_robots_index":"","footnotes":""},"class_list":["post-2635","page","type-page","status-publish","hentry"],"_links":{"self":[{"href":"https:\/\/www.fondationmdm.com\/it\/wp-json\/wp\/v2\/pages\/2635","targetHints":{"allow":["GET"]}}],"collection":[{"href":"https:\/\/www.fondationmdm.com\/it\/wp-json\/wp\/v2\/pages"}],"about":[{"href":"https:\/\/www.fondationmdm.com\/it\/wp-json\/wp\/v2\/types\/page"}],"author":[{"embeddable":true,"href":"https:\/\/www.fondationmdm.com\/it\/wp-json\/wp\/v2\/users\/1"}],"replies":[{"embeddable":true,"href":"https:\/\/www.fondationmdm.com\/it\/wp-json\/wp\/v2\/comments?post=2635"}],"version-history":[{"count":50,"href":"https:\/\/www.fondationmdm.com\/it\/wp-json\/wp\/v2\/pages\/2635\/revisions"}],"predecessor-version":[{"id":5230,"href":"https:\/\/www.fondationmdm.com\/it\/wp-json\/wp\/v2\/pages\/2635\/revisions\/5230"}],"wp:attachment":[{"href":"https:\/\/www.fondationmdm.com\/it\/wp-json\/wp\/v2\/media?parent=2635"}],"curies":[{"name":"wp","href":"https:\/\/api.w.org\/{rel}","templated":true}]}}